{"id":6756,"date":"2026-04-24T21:08:19","date_gmt":"2026-04-24T19:08:19","guid":{"rendered":"https:\/\/carrefourdespatrimoines.fr\/?post_type=tribe_events&#038;p=6756"},"modified":"2026-04-24T21:09:56","modified_gmt":"2026-04-24T19:09:56","slug":"cabanes-destives-courtaous-et-enclos","status":"publish","type":"tribe_events","link":"https:\/\/carrefourdespatrimoines.fr\/?tribe_events=cabanes-destives-courtaous-et-enclos","title":{"rendered":"CABANES D&#8217;ESTIVES &#8211; COURT\u00c0OUS ET ENCLOS"},"content":{"rendered":"<p>&nbsp;<\/p>\n<p><span style=\"color: #000000;\"><img loading=\"lazy\" decoding=\"async\" class=\"aligncenter size-large wp-image-6757\" src=\"https:\/\/carrefourdespatrimoines.fr\/wp-content\/uploads\/2026\/04\/Bandeau-Cabanes-destives-courtaous-et-enclos-1024x601.png\" alt=\"\" width=\"1024\" height=\"601\" srcset=\"https:\/\/carrefourdespatrimoines.fr\/wp-content\/uploads\/2026\/04\/Bandeau-Cabanes-destives-courtaous-et-enclos-1024x601.png 1024w, https:\/\/carrefourdespatrimoines.fr\/wp-content\/uploads\/2026\/04\/Bandeau-Cabanes-destives-courtaous-et-enclos-300x176.png 300w, https:\/\/carrefourdespatrimoines.fr\/wp-content\/uploads\/2026\/04\/Bandeau-Cabanes-destives-courtaous-et-enclos-768x451.png 768w, https:\/\/carrefourdespatrimoines.fr\/wp-content\/uploads\/2026\/04\/Bandeau-Cabanes-destives-courtaous-et-enclos-1536x901.png 1536w, https:\/\/carrefourdespatrimoines.fr\/wp-content\/uploads\/2026\/04\/Bandeau-Cabanes-destives-courtaous-et-enclos-370x217.png 370w, https:\/\/carrefourdespatrimoines.fr\/wp-content\/uploads\/2026\/04\/Bandeau-Cabanes-destives-courtaous-et-enclos-760x446.png 760w, https:\/\/carrefourdespatrimoines.fr\/wp-content\/uploads\/2026\/04\/Bandeau-Cabanes-destives-courtaous-et-enclos.png 1587w\" sizes=\"auto, (max-width: 1024px) 100vw, 1024px\" \/><\/span><\/p>\n<h1 style=\"text-align: center;\"><span style=\"color: #333333;\">CABANES D&#8217;ESTIVES &#8211; COURT\u00c0OUS ET ENCLOS<\/span><\/h1>\n<h4 style=\"text-align: center;\"><span style=\"color: #333333;\">du 23 mai au 7 juin 2026<\/span><\/h4>\n<h4 style=\"text-align: center;\"><span style=\"color: #333333;\">au Carrefour des Patrimoines &#8211; Mus\u00e9e de Campan<\/span><\/h4>\n<h4 style=\"text-align: center;\"><span style=\"color: #333333;\">Un \u00e9v\u00e8nement in\u00e9dit propos\u00e9 par l&#8217;association la <strong>Soci\u00e9t\u00e9 des Amis de Madame Campan<\/strong><\/span><\/h4>\n<p>&nbsp;<\/p>\n<h2 style=\"text-align: left;\"><span style=\"color: #333333;\"><strong>AU PROGRAMME<\/strong><\/span><\/h2>\n<h3><span style=\"color: #808080;\">SAMEDI 23 MAI, 15h<\/span><\/h3>\n<h5><span style=\"color: #000000;\">(Ouverture exceptionnelle du mus\u00e9e un samedi)<\/span><\/h5>\n<p><span style=\"color: #000000;\"><strong>Vernissage<\/strong> de l&#8217;<strong>exposition photographique<\/strong> d&#8217;<strong>Antoine BROSSE<\/strong>, <strong><em>Cabanes d&#8217;en Haut<\/em><\/strong>, issue de son <strong>nouveau livre<\/strong>, en <strong>d\u00e9dicace<\/strong> le m\u00eame jour.<\/span><\/p>\n<p><span style=\"color: #000000;\">L&#8217;exposition photographique sera en suite ouverte au public, <strong>jusqu&#8217;au DIMANCHE 7 JUIN inclus<\/strong>, aux horaires d&#8217;ouverture du mus\u00e9e, <strong>du DIMANCHE au VENDREDI, de 10h \u00e0 12h et de 15h \u00e0 19h<\/strong>.<\/span><\/p>\n<p>&nbsp;<\/p>\n<h3><span style=\"color: #808080;\">JEUDI 28 MAI, 17h &amp; 20h30<\/span><\/h3>\n<p><span style=\"color: #000000;\"><strong>Projections<\/strong> du <strong>film<\/strong> amateur &#8220;<em><strong>Des cabanes et des hommes, hommage \u00e0 Georges Buisan<\/strong><\/em>&#8221; de <strong>Jean-Jacques CR\u00c9QUIGNE<\/strong> et <strong>Jean-Michel LETORT<\/strong>.<\/span><\/p>\n<p><span style=\"color: #333333;\"><strong>SUR R\u00c9SERVATION UNIQUEMENT<\/strong><\/span><\/p>\n<ul>\n<li><span style=\"color: #000000;\"><strong>Par t\u00e9l\u00e9phone<\/strong> au <strong>05 62 91 72 81<\/strong>, aux horaires d&#8217;ouverture de l&#8217;accueil t\u00e9l\u00e9phonique, <strong>du MARDI au VENDREDI, de 10h \u00e0 12h et de 15h \u00e0 18h<\/strong>.<\/span><\/li>\n<li><span style=\"color: #000000;\"><strong>Ou directement \u00e0 l&#8217;accueil du mus\u00e9e<\/strong>, aux horaires d&#8217;ouverture du mus\u00e9e.<\/span><\/li>\n<\/ul>\n<p><span style=\"color: #000000;\">Merci de consulter r\u00e9guli\u00e8rement cette page pour v\u00e9rifier les places disponibles.<\/span><\/p>\n<h4><span style=\"color: #333333;\"><strong><span class=\"icon-tickets\">\u00a0 <\/span>SC\u00c9ANCE du 28\/05, 17h00 : 40 places disponibles<\/strong><\/span><\/h4>\n<h4><span style=\"color: #333333;\"><strong><span class=\"icon-tickets\">\u00a0 <\/span>SC\u00c9ANCE du 28\/05, 20h30 : 40 places disponibles<\/strong><\/span><\/h4>\n<pre><span style=\"color: #000000;\">(derni\u00e8re mise \u00e0 jour : 24\/04 20:00)<\/span><\/pre>\n<p><span style=\"color: #000000;\"><strong>Tarifs : Participation libre<\/strong>.<\/span><\/p>\n<p>&nbsp;<\/p>\n<h3><span style=\"color: #808080;\">DIMANCHE 31 MAI<\/span><\/h3>\n<p><span style=\"color: #000000;\"><strong>Rencontre<\/strong> avec les <strong>chercheurs du CNRS<\/strong> de l&#8217;<strong>Universit\u00e9 de Sienne<\/strong>.<\/span><\/p>\n<p>&nbsp;<\/p>\n<h3><span style=\"color: #808080;\">JEUDI 4 JUIN, 17h &amp; 20h30<\/span><\/h3>\n<p><span style=\"color: #000000;\"><strong>Projections<\/strong> du <strong>film<\/strong> amateur &#8220;<em><strong>Des cabanes et des hommes, hommage \u00e0 Georges Buisan<\/strong><\/em>&#8221; de <strong>Jean-Jacques CR\u00c9QUIGNE<\/strong> et <strong>Jean-Michel LETORT<\/strong>.<\/span><\/p>\n<p><span style=\"color: #333333;\"><strong>SUR R\u00c9SERVATION UNIQUEMENT<\/strong><\/span><\/p>\n<ul>\n<li><span style=\"color: #000000;\"><strong>Par t\u00e9l\u00e9phone<\/strong> au <strong>05 62 91 72 81<\/strong>, aux horaires d&#8217;ouverture de l&#8217;accueil t\u00e9l\u00e9phonique, <strong>du MARDI au VENDREDI, de 10h \u00e0 12h et de 15h \u00e0 18h<\/strong>.<\/span><\/li>\n<li><span style=\"color: #000000;\"><strong>Ou directement \u00e0 l&#8217;accueil du mus\u00e9e<\/strong>, aux horaires d&#8217;ouverture du mus\u00e9e.<\/span><\/li>\n<\/ul>\n<p><span style=\"color: #000000;\">Merci de consulter r\u00e9guli\u00e8rement cette page pour v\u00e9rifier les places disponibles.<\/span><\/p>\n<h4><span style=\"color: #333333;\"><strong><span class=\"icon-tickets\">\u00a0 <\/span>SC\u00c9ANCE du 04\/06, 17h00 : 40 places disponibles<\/strong><\/span><\/h4>\n<h4><span style=\"color: #333333;\"><strong><span class=\"icon-tickets\">\u00a0 <\/span>SC\u00c9ANCE du 04\/06, 20h30 : 40 places disponibles<\/strong><\/span><\/h4>\n<pre><span style=\"color: #000000;\">(derni\u00e8re mise \u00e0 jour : 24\/04 20:00)<\/span><\/pre>\n<p><span style=\"color: #000000;\"><strong>Tarifs : Participation libre<\/strong>.<\/span><\/p>\n<p>&nbsp;<\/p>\n<h3><span style=\"color: #808080;\">DIMANCHE 7 JUIN<\/span><\/h3>\n<p><span style=\"color: #000000;\"><strong>D\u00e9dicace<\/strong> du <strong>nouveau livre<\/strong>\u00a0d&#8217;<strong>Antoine BROSSE<\/strong>\u00a0<strong><em>Cabanes d&#8217;en Haut<\/em><\/strong>.<\/span><\/p>\n<p>&nbsp;<\/p>\n<h2><span style=\"color: #333333;\"><strong>INFORMATIONS PRATIQUES<\/strong><\/span><\/h2>\n<p><span style=\"color: #000000;\"><span class=\"icon-maps-and-flags\">\u00a0 <\/span><strong>Adresse du Carrefour des Patrimoines &#8211; Mus\u00e9e de Campan<\/strong> : <a style=\"color: #000000;\" href=\"https:\/\/maps.app.goo.gl\/58Y9Cy32H8kdde8QA\" target=\"_blank\" rel=\"noopener\">40 Rue du G\u00e9n\u00e9ral Leclerc 65710 CAMPAN<\/a><\/span><\/p>\n<p><span style=\"color: #000000;\"><span class=\"icon-clock-empty\">\u00a0 <\/span><strong>Horaires d&#8217;ouverture :<\/strong><\/span><\/p>\n<ul class=\"custom_links_list\">\n<li class=\"custom_links_list_item\"><span style=\"color: #000000;\"><span class=\"custom_links_list_item_title\"><strong>De fin septembre \u00e0 mi-mai<\/strong>: <\/span><span class=\"custom_links_list_item_description\">Ouvert <strong>du MARDI au VENDREDI<\/strong> de <strong>10h &#8211; 12h<\/strong>\u00a0et de <strong>14h &#8211; 18h<\/strong>. Ferm\u00e9 le samedi, dimanche et lundi.<\/span><\/span><\/li>\n<li class=\"custom_links_list_item\"><span style=\"color: #000000;\"><span class=\"custom_links_list_item_title\"><strong>P\u00e9riode estivale (mi-mai, juin, juillet, ao\u00fbt, septembre)<\/strong>: <\/span><span class=\"custom_links_list_item_description\">Ouvert <strong>du DIMANCHE au VENDREDI<\/strong> de <strong>10h<\/strong>\u00a0&#8211; <strong>12h<\/strong>\u00a0et de <strong>15h<\/strong>\u00a0&#8211; <strong>19h<\/strong>. Ferm\u00e9 le samedi, sauf exceptionnellement le samedi 23 mai 2026, 15h.<\/span><\/span><\/li>\n<li class=\"custom_links_list_item\"><span style=\"color: #000000;\"><strong><span class=\"custom_links_list_item_title\">Fermeture exceptionnelle ou annuelle: <\/span><\/strong><span class=\"custom_links_list_item_description\">Nous mettons r\u00e9guli\u00e8rement \u00e0 jour ces informations sur <a style=\"color: #000000;\" href=\"https:\/\/share.google\/BebGYbMld1bo22rEV\" target=\"_blank\" rel=\"noopener\">notre page Google<\/a><\/span><\/span><\/li>\n<\/ul>\n<h2><span style=\"color: #333333;\"><strong>RENSEIGNEMENTS<\/strong><\/span><\/h2>\n<p><span style=\"color: #000000;\"><strong><span class=\"icon-phone\">\u00a0 <\/span>05 62 91 72 81<\/strong> (aux horaires d&#8217;ouverture de l&#8217;accueil, <strong>du MARDI au VENDREDI, de 10h \u00e0 12h et de 15h \u00e0 18h<\/strong>).<\/span><\/p>\n<p><span style=\"color: #000000;\"><span class=\"icon-mail-light\">\u00a0 <\/span><strong>contact@carrefourdespatrimoines.fr<\/strong><\/span><\/p>\n<p>&nbsp;<\/p>\n<p><span style=\"color: #000000;\">Pour d\u00e9couvrir les prochains \u00e9v\u00e8nements et temps forts de l\u2019association la\u00a0<strong>Soci\u00e9t\u00e9 des Amis de Madame Campan<\/strong>\u00a0et du\u00a0<strong>Carrefour des Patrimoines \u2013 Mus\u00e9e de Campan<\/strong>, n\u2019h\u00e9sitez pas \u00e0 consulter notre\u00a0<strong><a style=\"color: #000000;\" href=\"https:\/\/carrefourdespatrimoines.fr\/\" target=\"_blank\" rel=\"noopener\">site Internet\u00a0<span class=\"icon-wordpress\">\u00a0<\/span><\/a><\/strong>, ainsi que nos pages\u00a0<strong><a style=\"color: #000000;\" href=\"https:\/\/www.facebook.com\/carrefour.patrimoines?locale=fr_FR\" target=\"_blank\" rel=\"noopener\">Facebook\u00a0<span class=\"icon-iconmonstr-facebook\">\u00a0<\/span><\/a>\u00a0<\/strong>et\u00a0<strong><a style=\"color: #000000;\" href=\"https:\/\/www.instagram.com\/carrefour_des_patrimoines\/\" target=\"_blank\" rel=\"noopener\">Instagram\u00a0<span class=\"icon-iconmonstr-instagram\">\u00a0<\/span><\/a><\/strong>.<\/span><\/p>\n<p>&nbsp;<\/p>\n<p><img loading=\"lazy\" decoding=\"async\" class=\"aligncenter size-large wp-image-6772\" src=\"https:\/\/carrefourdespatrimoines.fr\/wp-content\/uploads\/2026\/04\/Affiche-Cabanes-destives-courtaous-et-enclos-CAMPAN-du-23-mai-au-7-juin-724x1024.png\" alt=\"\" width=\"724\" height=\"1024\" srcset=\"https:\/\/carrefourdespatrimoines.fr\/wp-content\/uploads\/2026\/04\/Affiche-Cabanes-destives-courtaous-et-enclos-CAMPAN-du-23-mai-au-7-juin-724x1024.png 724w, https:\/\/carrefourdespatrimoines.fr\/wp-content\/uploads\/2026\/04\/Affiche-Cabanes-destives-courtaous-et-enclos-CAMPAN-du-23-mai-au-7-juin-212x300.png 212w, https:\/\/carrefourdespatrimoines.fr\/wp-content\/uploads\/2026\/04\/Affiche-Cabanes-destives-courtaous-et-enclos-CAMPAN-du-23-mai-au-7-juin-768x1086.png 768w, https:\/\/carrefourdespatrimoines.fr\/wp-content\/uploads\/2026\/04\/Affiche-Cabanes-destives-courtaous-et-enclos-CAMPAN-du-23-mai-au-7-juin-1086x1536.png 1086w, https:\/\/carrefourdespatrimoines.fr\/wp-content\/uploads\/2026\/04\/Affiche-Cabanes-destives-courtaous-et-enclos-CAMPAN-du-23-mai-au-7-juin-1448x2048.png 1448w, https:\/\/carrefourdespatrimoines.fr\/wp-content\/uploads\/2026\/04\/Affiche-Cabanes-destives-courtaous-et-enclos-CAMPAN-du-23-mai-au-7-juin-370x523.png 370w, https:\/\/carrefourdespatrimoines.fr\/wp-content\/uploads\/2026\/04\/Affiche-Cabanes-destives-courtaous-et-enclos-CAMPAN-du-23-mai-au-7-juin-760x1075.png 760w, https:\/\/carrefourdespatrimoines.fr\/wp-content\/uploads\/2026\/04\/Affiche-Cabanes-destives-courtaous-et-enclos-CAMPAN-du-23-mai-au-7-juin.png 1587w\" sizes=\"auto, (max-width: 767px) 100vw, 724px\" \/><\/p>\n<p style=\"text-align: center;\"><small>Photographie utilis\u00e9e pour le bandeau et l\u2019affiche : \u00a9 Cabane du Courbet, issue du livre \u201c<em>Cabanes d&#8217;en Haut\u201d,<\/em> du photographe Antoine BROSSE<\/small><\/p>\n<p style=\"text-align: center;\"><small>Affiche r\u00e9alis\u00e9e sans recours \u00e0 l\u2019intelligence artificielle.<\/small><\/p>\n","protected":false},"excerpt":{"rendered":"<p>&nbsp; CABANES D&#8217;ESTIVES &#8211; COURT\u00c0OUS ET ENCLOS du 23 mai au 7 juin 2026 au Carrefour des Patrimoines &#8211; Mus\u00e9e de Campan Un \u00e9v\u00e8nement in\u00e9dit propos\u00e9 par l&#8217;association la Soci\u00e9t\u00e9&hellip;<\/p>\n","protected":false},"author":1,"featured_media":6757,"comment_status":"closed","ping_status":"closed","template":"","meta":{"_tribe_events_status":"","_tribe_events_status_reason":"","footnotes":""},"tags":[],"tribe_events_cat":[133,35,120],"class_list":["post-6756","tribe_events","type-tribe_events","status-publish","has-post-thumbnail","hentry","tribe_events_cat-133","tribe_events_cat-a-venir","tribe_events_cat-actualites","cat_2026","cat_a-venir","cat_actualites"],"_links":{"self":[{"href":"https:\/\/carrefourdespatrimoines.fr\/index.php?rest_route=\/wp\/v2\/tribe_events\/6756","targetHints":{"allow":["GET"]}}],"collection":[{"href":"https:\/\/carrefourdespatrimoines.fr\/index.php?rest_route=\/wp\/v2\/tribe_events"}],"about":[{"href":"https:\/\/carrefourdespatrimoines.fr\/index.php?rest_route=\/wp\/v2\/types\/tribe_events"}],"author":[{"embeddable":true,"href":"https:\/\/carrefourdespatrimoines.fr\/index.php?rest_route=\/wp\/v2\/users\/1"}],"replies":[{"embeddable":true,"href":"https:\/\/carrefourdespatrimoines.fr\/index.php?rest_route=%2Fwp%2Fv2%2Fcomments&post=6756"}],"version-history":[{"count":19,"href":"https:\/\/carrefourdespatrimoines.fr\/index.php?rest_route=\/wp\/v2\/tribe_events\/6756\/revisions"}],"predecessor-version":[{"id":6777,"href":"https:\/\/carrefourdespatrimoines.fr\/index.php?rest_route=\/wp\/v2\/tribe_events\/6756\/revisions\/6777"}],"wp:featuredmedia":[{"embeddable":true,"href":"https:\/\/carrefourdespatrimoines.fr\/index.php?rest_route=\/wp\/v2\/media\/6757"}],"wp:attachment":[{"href":"https:\/\/carrefourdespatrimoines.fr\/index.php?rest_route=%2Fwp%2Fv2%2Fmedia&parent=6756"}],"wp:term":[{"taxonomy":"post_tag","embeddable":true,"href":"https:\/\/carrefourdespatrimoines.fr\/index.php?rest_route=%2Fwp%2Fv2%2Ftags&post=6756"},{"taxonomy":"tribe_events_cat","embeddable":true,"href":"https:\/\/carrefourdespatrimoines.fr\/index.php?rest_route=%2Fwp%2Fv2%2Ftribe_events_cat&post=6756"}],"curies":[{"name":"wp","href":"https:\/\/api.w.org\/{rel}","templated":true}]}}