{"id":6610,"date":"2025-10-07T18:05:17","date_gmt":"2025-10-07T16:05:17","guid":{"rendered":"https:\/\/carrefourdespatrimoines.fr\/?post_type=tribe_events&#038;p=6610"},"modified":"2025-10-07T18:05:17","modified_gmt":"2025-10-07T16:05:17","slug":"journees-nationales-de-larchitecture-au-carrefour-des-patrimoines-musee-de-campan","status":"publish","type":"tribe_events","link":"https:\/\/carrefourdespatrimoines.fr\/?tribe_events=journees-nationales-de-larchitecture-au-carrefour-des-patrimoines-musee-de-campan","title":{"rendered":"Journ\u00e9es nationales de l&#8217;architecture au Carrefour des Patrimoines &#8211; Mus\u00e9e de Campan"},"content":{"rendered":"<h2><span style=\"color: #e57d56;\">Ouverture du mus\u00e9e de Campan et balade interactive dans le village de Campan<\/span><\/h2>\n<h3><span style=\"color: #f4b279;\">Jeudi 16 octobre 2025 et vendredi 17 octobre 2025<\/span><\/h3>\n<h3><span style=\"color: #f4b279;\">de 10h00 \u00e0 12h00 et de 14h00 \u00e0 18h00<\/span><\/h3>\n<h3><span style=\"color: #e57d56;\">Entr\u00e9e participation libre pour faire vivre le lieu et ouvrir la culture \u00e0 tous.<\/span><\/h3>\n<p>\u00c0 l\u2019occasion des dixi\u00e8mes <span style=\"color: #285e51;\"><strong>journ\u00e9es nationales de l&#8217;architecture<\/strong><\/span>, venez d\u00e9couvrir le <span style=\"color: #285e51;\"><strong>Carrefour des Patrimoines &#8211; Mus\u00e9e de Campan<\/strong><\/span>.<\/p>\n<p><span style=\"color: #f4b279;\"><strong>Au programme :<\/strong><\/span><\/p>\n<p>&#8211; <span style=\"color: #e57d56;\"><strong>Visites guid\u00e9es du mus\u00e9e<\/strong><\/span> par notre super <span style=\"color: #e57d56;\"><strong>animateur<\/strong><\/span> passionn\u00e9, qui vous fera revivre les histoires fascinantes cach\u00e9es derri\u00e8re les photographies anciennes et les objets expos\u00e9s.<\/p>\n<p>&#8211; <span style=\"color: #e57d56;\"><strong>Explorez le village de Campan<\/strong><\/span> \u00e0 votre rythme \u00e0 travers une promenade historique et ludique, gr\u00e2ce aux <span style=\"color: #e57d56;\"><strong>tablettes num\u00e9riques<\/strong><\/span> mises \u00e0 votre disposition.<\/p>\n<p>&#8211; \u00c0 l\u2019aide des <span style=\"color: #e57d56;\"><strong>tablettes num\u00e9riques<\/strong><\/span> pr\u00eat\u00e9es par le mus\u00e9e, les <span style=\"color: #e57d56;\"><strong>enfants<\/strong><\/span> pourront s\u2019amuser avec un <span style=\"color: #e57d56;\"><strong>jeu de piste interactif \u00e0 travers le mus\u00e9e<\/strong><\/span>.<\/p>\n<p><img loading=\"lazy\" decoding=\"async\" class=\"aligncenter size-large wp-image-6611\" src=\"https:\/\/carrefourdespatrimoines.fr\/wp-content\/uploads\/2025\/10\/Journees-nationales-de-larchitecture-2025-VF-704x1024.png\" alt=\"\" width=\"704\" height=\"1024\" srcset=\"https:\/\/carrefourdespatrimoines.fr\/wp-content\/uploads\/2025\/10\/Journees-nationales-de-larchitecture-2025-VF-704x1024.png 704w, https:\/\/carrefourdespatrimoines.fr\/wp-content\/uploads\/2025\/10\/Journees-nationales-de-larchitecture-2025-VF-206x300.png 206w, https:\/\/carrefourdespatrimoines.fr\/wp-content\/uploads\/2025\/10\/Journees-nationales-de-larchitecture-2025-VF-768x1117.png 768w, https:\/\/carrefourdespatrimoines.fr\/wp-content\/uploads\/2025\/10\/Journees-nationales-de-larchitecture-2025-VF-1056x1536.png 1056w, https:\/\/carrefourdespatrimoines.fr\/wp-content\/uploads\/2025\/10\/Journees-nationales-de-larchitecture-2025-VF-370x538.png 370w, https:\/\/carrefourdespatrimoines.fr\/wp-content\/uploads\/2025\/10\/Journees-nationales-de-larchitecture-2025-VF-760x1105.png 760w, https:\/\/carrefourdespatrimoines.fr\/wp-content\/uploads\/2025\/10\/Journees-nationales-de-larchitecture-2025-VF.png 1178w\" sizes=\"auto, (max-width: 767px) 100vw, 704px\" \/><\/p>\n<p>Retrouvez le <span style=\"color: #f4b279;\"><strong>programme<\/strong><\/span> des \u00e9v\u00e8nements des <span style=\"color: #285e51;\"><strong>journ\u00e9es nationales de l&#8217;architecture<\/strong><\/span> sur le site Internet : <span style=\"color: #e57d56;\"><a style=\"color: #e57d56;\" href=\"https:\/\/journeesarchitecture.culture.gouv.fr\/w\/377958\/evenement\/19192090\/ouverture-du-musee-de-campan-et-balade-interactive-dans-le-village-de-campan#\/events\/19192090\">https:\/\/journeesarchitecture.culture.gouv.fr\/w\/377958\/evenement\/19192090\/ouverture-du-musee-de-campan-et-balade-interactive-dans-le-village-de-campan#\/events\/19192090<\/a><\/span><\/p>\n<hr \/>\n<h2><span style=\"color: #285e51;\">\u00c0 propos du Carrefour des Patrimoines &#8211; Mus\u00e9e de Campan<\/span><\/h2>\n<p>Situ\u00e9 dans l&#8217;<span style=\"color: #e57d56;\"><strong>ancienne \u00e9cole des gar\u00e7ons du village de Campan<\/strong><\/span>, le <span style=\"color: #285e51;\"><strong>Carrefour des Patrimoines<\/strong><\/span> est un <span style=\"color: #e57d56;\"><strong>mus\u00e9e<\/strong><\/span> g\u00e9r\u00e9 par l\u2019<span style=\"color: #e57d56;\"><strong>association<\/strong><\/span> la <span style=\"color: #285e51;\"><strong>Soci\u00e9t\u00e9 des Amis de Madame Campan<\/strong><\/span>.<\/p>\n<p>Notre objectif est de valoriser et transmettre l\u2019<span style=\"color: #e57d56;\"><strong>histoire<\/strong><\/span> de la vall\u00e9e de Campan et de ses habitants \u00e0 travers une riche <span style=\"color: #e57d56;\"><strong>collection de photographies anciennes<\/strong><\/span>, d\u2019<span style=\"color: #e57d56;\"><strong>objets du quotidien<\/strong><\/span>, et de t\u00e9moignages du patrimoine local, illustrant la vie autrefois et l\u2019ing\u00e9niosit\u00e9 de l\u2019\u00e9poque.<\/p>\n<p>C&#8217;est aussi un espace moderne, dot\u00e9 de <span style=\"color: #e57d56;\"><strong>bornes interactives<\/strong><\/span> permettant de d\u00e9couvrir, entre autres, l&#8217;agro-pastoralisme, l&#8217;artisanat, l&#8217;industrie, ou encore le patrimoine b\u00e2ti de la vall\u00e9e de Campan.<\/p>\n<p>Nous mettons \u00e9galement \u00e0 disposition des <span style=\"color: #e57d56;\"><strong>tablettes<\/strong><\/span> pour une <span style=\"color: #e57d56;\"><strong>balade historique et ludique dans le village de Campan<\/strong><\/span> ; ainsi qu&#8217;un <span style=\"color: #e57d56;\"><strong>jeu de piste dans le mus\u00e9e pour les enfants<\/strong><\/span>.<\/p>\n<p>Nous proposons, bien \u00e9videmment, des <span style=\"color: #e57d56;\"><strong>visites guid\u00e9es du mus\u00e9e<\/strong><\/span> par notre <span style=\"color: #e57d56;\"><strong>animateur<\/strong><\/span> passionn\u00e9, qui partage avec enthousiasme les histoires qui se cachent derri\u00e8re les photographies et objets expos\u00e9s.<\/p>\n<p>&nbsp;<\/p>\n<p style=\"text-align: center;\"><span style=\"color: #000000;\"><strong>Carrefour des Patrimoines \u2013 Mus\u00e9e de Campan<\/strong><\/span><br \/>\n<span style=\"color: #000000;\"><strong>Association la Soci\u00e9t\u00e9 des Amis de Madame Campan<\/strong><\/span><\/p>\n<p style=\"text-align: center;\"><span style=\"color: #000000;\">Mus\u00e9e <strong>ouvert du mardi au vendredi<\/strong><\/span><\/p>\n<p style=\"text-align: center;\"><span style=\"color: #000000;\"><strong>de 10h00 \u00e0 12h00 et de 14h00 \u00e0 18h00<\/strong><\/span><\/p>\n<p style=\"text-align: center;\"><span style=\"color: #000000;\"><strong>Ferm\u00e9 le samedi, dimanche et lundi, sauf en cas d&#8217;\u00e9v\u00e8nement exceptionnel.<\/strong><\/span><\/p>\n<p style=\"text-align: center;\"><span style=\"color: #000000;\">Places de stationnement gratuites \u00e0 proximit\u00e9 et pince-roues pour les v\u00e9los dans la cour du mus\u00e9e.<\/span><\/p>\n<p style=\"text-align: center;\"><span style=\"color: #000000;\"><strong>40 Rue du Mar\u00e9chal Leclerc<\/strong><\/span><br \/>\n<span style=\"color: #000000;\"><strong>65710 CAMPAN<\/strong><\/span><br \/>\n<span style=\"color: #000000;\"><strong>05 62 91 72 81<\/strong><\/span><br \/>\n<span style=\"color: #254070;\"><strong><span style=\"color: #000000;\">contact@carrefourdespatrimoines.f<\/span>r<\/strong><\/span><\/p>\n<p><span style=\"color: #000000;\"><strong>Facebook : Carrefour des Patrimoines<\/strong><\/span><br \/>\n<span style=\"color: #e57d56;\"><a style=\"color: #e57d56;\" href=\"https:\/\/www.facebook.com\/carrefour.patrimoines?locale=fr_FR\">https:\/\/www.facebook.com\/carrefour.patrimoines?locale=fr_FR<\/a><\/span><\/p>\n<p><span style=\"color: #000000;\"><strong>Instagram : carrefour_des_patrimoines<\/strong><\/span><br \/>\n<span style=\"color: #e57d56;\"><a style=\"color: #e57d56;\" href=\"https:\/\/www.instagram.com\/carrefour_des_patrimoines\/\">https:\/\/www.instagram.com\/carrefour_des_patrimoines\/<\/a><\/span><\/p>\n<p>&nbsp;<\/p>\n","protected":false},"excerpt":{"rendered":"<p>Ouverture du mus\u00e9e de Campan et balade interactive dans le village de Campan Jeudi 16 octobre 2025 et vendredi 17 octobre 2025 de 10h00 \u00e0 12h00 et de 14h00 \u00e0&hellip;<\/p>\n","protected":false},"author":1,"featured_media":6616,"comment_status":"closed","ping_status":"closed","template":"","meta":{"_tribe_events_status":"","_tribe_events_status_reason":"","footnotes":""},"tags":[],"tribe_events_cat":[132,35,120],"class_list":["post-6610","tribe_events","type-tribe_events","status-publish","has-post-thumbnail","hentry","tribe_events_cat-132","tribe_events_cat-a-venir","tribe_events_cat-actualites","cat_2025","cat_a-venir","cat_actualites"],"_links":{"self":[{"href":"https:\/\/carrefourdespatrimoines.fr\/index.php?rest_route=\/wp\/v2\/tribe_events\/6610","targetHints":{"allow":["GET"]}}],"collection":[{"href":"https:\/\/carrefourdespatrimoines.fr\/index.php?rest_route=\/wp\/v2\/tribe_events"}],"about":[{"href":"https:\/\/carrefourdespatrimoines.fr\/index.php?rest_route=\/wp\/v2\/types\/tribe_events"}],"author":[{"embeddable":true,"href":"https:\/\/carrefourdespatrimoines.fr\/index.php?rest_route=\/wp\/v2\/users\/1"}],"replies":[{"embeddable":true,"href":"https:\/\/carrefourdespatrimoines.fr\/index.php?rest_route=%2Fwp%2Fv2%2Fcomments&post=6610"}],"version-history":[{"count":4,"href":"https:\/\/carrefourdespatrimoines.fr\/index.php?rest_route=\/wp\/v2\/tribe_events\/6610\/revisions"}],"predecessor-version":[{"id":6615,"href":"https:\/\/carrefourdespatrimoines.fr\/index.php?rest_route=\/wp\/v2\/tribe_events\/6610\/revisions\/6615"}],"wp:featuredmedia":[{"embeddable":true,"href":"https:\/\/carrefourdespatrimoines.fr\/index.php?rest_route=\/wp\/v2\/media\/6616"}],"wp:attachment":[{"href":"https:\/\/carrefourdespatrimoines.fr\/index.php?rest_route=%2Fwp%2Fv2%2Fmedia&parent=6610"}],"wp:term":[{"taxonomy":"post_tag","embeddable":true,"href":"https:\/\/carrefourdespatrimoines.fr\/index.php?rest_route=%2Fwp%2Fv2%2Ftags&post=6610"},{"taxonomy":"tribe_events_cat","embeddable":true,"href":"https:\/\/carrefourdespatrimoines.fr\/index.php?rest_route=%2Fwp%2Fv2%2Ftribe_events_cat&post=6610"}],"curies":[{"name":"wp","href":"https:\/\/api.w.org\/{rel}","templated":true}]}}