{"id":6602,"date":"2025-09-21T19:01:58","date_gmt":"2025-09-21T17:01:58","guid":{"rendered":"https:\/\/carrefourdespatrimoines.fr\/?post_type=tribe_events&#038;p=6602"},"modified":"2026-02-27T10:05:52","modified_gmt":"2026-02-27T09:05:52","slug":"nouveaux-horaires-douverture-au-carrefour-des-patrimoines-musee-de-campan","status":"publish","type":"tribe_events","link":"https:\/\/carrefourdespatrimoines.fr\/?tribe_events=nouveaux-horaires-douverture-au-carrefour-des-patrimoines-musee-de-campan","title":{"rendered":"Horaires d&#8217;ouverture du mus\u00e9e et informations utiles"},"content":{"rendered":"<h3><\/h3>\n<h3 style=\"text-align: center;\"><span style=\"color: #e6b840;\">Carrefour des Patrimoines &#8211; Mus\u00e9e de Campan<\/span><\/h3>\n<p style=\"text-align: center;\">Derni\u00e8re mise \u00e0 jour : f\u00e9vrier 2026<\/p>\n<h3><span style=\"color: #31495d;\">Horaires d&#8217;ouverture<\/span><\/h3>\n<p><span style=\"color: #e6b840;\"><strong style=\"color: #333333;\"><span style=\"color: #e6b840;\">Le mus\u00e9e est ouvert toute l&#8217;ann\u00e9e !<\/span><\/strong><\/span><\/p>\n<p>&nbsp;<\/p>\n<p><span style=\"color: #e6b840;\"><strong>De fin septembre \u00e0 mi-mai<\/strong><\/span><\/p>\n<p>Ouvert du <strong>MARDI<\/strong> au <strong>VENDREDI<\/strong><\/p>\n<p>de <strong>10h<\/strong> \u00e0 <strong>12h<\/strong> et de <strong>14h<\/strong> \u00e0 <strong>18h<\/strong><\/p>\n<p>&nbsp;<\/p>\n<p>Ferm\u00e9 <strong>SAMEDI<\/strong>, <strong>DIMANCHE<\/strong> et <strong>LUNDI<\/strong><\/p>\n<p>sauf en cas d&#8217;\u00e9v\u00e8nement exceptionnel.<\/p>\n<p>&nbsp;<\/p>\n<p>Vous retrouverez ici m\u00eame les horaires d&#8217;ouverture pour la p\u00e9riode estivale (mi-mai, juin, juillet, ao\u00fbt, septembre)<\/p>\n<p>&nbsp;<\/p>\n<h3><span style=\"color: #31495d;\">Comment venir au mus\u00e9e ?<\/span><\/h3>\n<p><strong>Carrefour des Patrimoines Mus\u00e9e de Campan<\/strong><\/p>\n<p><strong>40 Rue du G\u00e9n\u00e9ral Leclerc 65710 CAMPAN<\/strong><\/p>\n<p>&nbsp;<\/p>\n<ul>\n<li style=\"text-align: left;\"><span style=\"color: #e6b840;\"><strong>En voiture, \u00e0 v\u00e9lo, \u00e0 pied<\/strong> <span class=\"icon-car\">\u00a0<\/span><span class=\"icon-bicycle\">\u00a0<\/span><span class=\"icon-male\">\u00a0<\/span><\/span><\/li>\n<\/ul>\n<p><strong><span style=\"color: #31495d;\"><a style=\"color: #31495d;\" href=\"https:\/\/maps.app.goo.gl\/QRaH73q3WMHQjnen9\">Google Maps <span class=\"icon-iconmonstr-location-pin-thin\">\u00a0<\/span><\/a><\/span><\/strong><\/p>\n<p><strong><span style=\"color: #31495d;\"><a style=\"color: #31495d;\" href=\"https:\/\/ul.waze.com\/ul?place=ChIJu1li_ko6qBIRctWyjL7BxEQ&amp;ll=43.01518240%2C0.17833390&amp;navigate=yes&amp;utm_campaign=default&amp;utm_source=waze_website&amp;utm_medium=lm_share_location\">Waze <span class=\"icon-iconmonstr-location-pin-thin\">\u00a0<\/span><\/a><\/span><\/strong><\/p>\n<p>Places de stationnement gratuites \u00e0 proximit\u00e9 et pince-roues pour les v\u00e9los dans la cour du mus\u00e9e.<\/p>\n<ul>\n<li style=\"text-align: left;\"><span style=\"color: #e6b840;\"><strong>En navette<\/strong> <span class=\"icon-bus\">\u00a0<\/span><\/span><\/li>\n<\/ul>\n<p><a href=\"https:\/\/www.haute-bigorre.fr\/vivre-sur-le-territoire\/mobilite\/se-deplacer-sans-voiture\/se-deplacer-vers-la-mongie\/\"><strong><span style=\"color: #31495d;\">Skibus Bagn\u00e8res &lt;&gt; La Mongie <\/span><\/strong><\/a>: Arr\u00eat Campan Bourg<\/p>\n<p>&nbsp;<\/p>\n<h3><span style=\"color: #31495d;\">Tarifs\u00a0<\/span><\/h3>\n<p>L&#8217;entr\u00e9e est \u00e0 <span style=\"color: #e6b840;\"><strong>participation libre<\/strong><\/span>. Vous donnez ce que vous voulez et chaque contribution compte.<\/p>\n<p>Votre soutien et votre g\u00e9n\u00e9rosit\u00e9 permettent \u00e0 notre association de <strong>maintenir l&#8217;emploi de notre animateur salari\u00e9<\/strong> et de <strong>poursuivre nos actions culturelles<\/strong>.<\/p>\n<p>&nbsp;<\/p>\n<p>&nbsp;<\/p>\n<h3><span style=\"color: #31495d;\">Visites de groupes scolaires, associatifs, touristiques, centres de loisirs, colonies de vacances &#8230;<\/span><\/h3>\n<p>Nous vous accompagnons pour l&#8217;organisation de <span style=\"color: #31495d;\"><strong>visites guid\u00e9es du mus\u00e9e et\/ou du village de Campan<\/strong><\/span>.<\/p>\n<p>Pour toute demande d&#8217;information, de devis ou r\u00e9servation, <strong><span style=\"color: #e6b840;\">merci de nous contacter au pr\u00e9alable<\/span><\/strong> :<\/p>\n<p><span style=\"color: #31495d;\"><strong>amis.madame.campan@gmail.com<\/strong><\/span><\/p>\n<p><span style=\"color: #31495d;\"><strong>05 62 91 72 81<\/strong><\/span><\/p>\n<p>Pour des raisons d&#8217;affluence, de confort et de s\u00e9curit\u00e9, le mus\u00e9e est privatis\u00e9 pour votre groupe pendant la dur\u00e9e de la visite guid\u00e9e (1 heure).<\/p>\n<p>Pour la visite guid\u00e9e du mus\u00e9e, le <span style=\"color: #31495d;\"><strong>tarif<\/strong><\/span> comprend un forfait de <span style=\"color: #31495d;\"><strong>25,00\u20ac pour le groupe + 5,00\u20ac\/participant<\/strong><\/span>. Les accompagnateurs b\u00e9n\u00e9ficient de la gratuit\u00e9.<\/p>\n<p><strong>Exemple:<\/strong> Pour un groupe de 10 enfants avec deux accompagnateurs = <strong>75,00\u20ac.<\/strong><\/p>\n<p>&nbsp;<\/p>\n<p>&nbsp;<\/p>\n<h3><span style=\"color: #31495d;\">D\u00e9couvrez notre espace boutique<\/span><\/h3>\n<p>Le mus\u00e9e abrite \u00e9galement un espace boutique o\u00f9 nous proposons \u00e0 la vente les ouvrages de la <span style=\"color: #e6b840;\"><strong>SAMC \u00c9dition<\/strong><\/span> :<\/p>\n<ul>\n<li><span style=\"color: #31495d;\"><strong>Campan, voyage aux sources de l&#8217;Adour<\/strong><\/span><\/li>\n<\/ul>\n<p>Un livre-souvenir richement illustr\u00e9 qui permet de d\u00e9couvrir et de comprendre l&#8217;histoire de la vall\u00e9e. <span style=\"color: #e6b840;\"><strong>20\u20ac<\/strong><\/span><\/p>\n<p>&nbsp;<\/p>\n<ul>\n<li><span style=\"color: #31495d;\"><strong>Sentiers et court\u00e0ous en vall\u00e9e de Campan<\/strong><\/span><\/li>\n<\/ul>\n<p>12 randonn\u00e9es pour explorer le patrimoine campanois et parcourir la plus belle de toutes les vall\u00e9es. <strong><span style=\"color: #e6b840;\">15\u20ac<\/span><\/strong><\/p>\n<p>&nbsp;<\/p>\n<ul>\n<li><span style=\"color: #31495d;\"><strong>Chronique impertinente des Gasconnes, Vascons et autres Basques &#8211; Didier R\u00f6sch<\/strong><\/span><\/li>\n<\/ul>\n<p>Didier R\u00f6sch nous entra\u00eene dans une plong\u00e9e passionnante au c\u0153ur de l&#8217;histoire, d&#8217;Alaric II (507) \u00e0 Gaston F\u00e9bus (1391). Un ouvrage incontournable pour tous les amateurs d&#8217;histoire et des Pyr\u00e9n\u00e9es. <strong><span style=\"color: #e6b840;\">20\u20ac<\/span><\/strong><\/p>\n<p>&nbsp;<\/p>\n<p>&nbsp;<\/p>\n<h3><span style=\"color: #31495d;\">Suivez notre actualit\u00e9<\/span><\/h3>\n<p>Pour d\u00e9couvrir nos prochains \u00e9v\u00e8nements et temps forts, n&#8217;h\u00e9sitez pas \u00e0 consulter notre\u00a0<span style=\"color: #31495d;\"><strong><a style=\"color: #31495d;\" href=\"https:\/\/carrefourdespatrimoines.fr\/\">site Internet\u00a0<span class=\"icon-wordpress\">\u00a0<\/span><\/a><\/strong><\/span>, ainsi que nos pages\u00a0<span style=\"color: #31495d;\"><strong><a style=\"color: #31495d;\" href=\"https:\/\/www.facebook.com\/carrefour.patrimoines?locale=fr_FR\">Facebook\u00a0<span class=\"icon-iconmonstr-facebook\">\u00a0<\/span><\/a>\u00a0<\/strong><\/span>et\u00a0<span style=\"color: #31495d;\"><strong><a style=\"color: #31495d;\" href=\"https:\/\/www.instagram.com\/carrefour_des_patrimoines\/\">Instagram\u00a0<span class=\"icon-iconmonstr-instagram\">\u00a0<\/span><\/a><\/strong><\/span>.<\/p>\n<p>&nbsp;<\/p>\n<h4><strong><span style=\"color: #e6b840;\">Au plaisir de vous accueillir prochainement au mus\u00e9e !<\/span><\/strong><\/h4>\n<p>&nbsp;<\/p>\n<p>&nbsp;<\/p>\n","protected":false},"excerpt":{"rendered":"<p>Carrefour des Patrimoines &#8211; Mus\u00e9e de Campan Derni\u00e8re mise \u00e0 jour : f\u00e9vrier 2026 Horaires d&#8217;ouverture Le mus\u00e9e est ouvert toute l&#8217;ann\u00e9e ! &nbsp; De fin septembre \u00e0 mi-mai Ouvert&hellip;<\/p>\n","protected":false},"author":1,"featured_media":6683,"comment_status":"closed","ping_status":"closed","template":"","meta":{"_tribe_events_status":"","_tribe_events_status_reason":"","footnotes":""},"tags":[],"tribe_events_cat":[133,120],"class_list":["post-6602","tribe_events","type-tribe_events","status-publish","has-post-thumbnail","hentry","tribe_events_cat-133","tribe_events_cat-actualites","cat_2026","cat_actualites"],"_links":{"self":[{"href":"https:\/\/carrefourdespatrimoines.fr\/index.php?rest_route=\/wp\/v2\/tribe_events\/6602","targetHints":{"allow":["GET"]}}],"collection":[{"href":"https:\/\/carrefourdespatrimoines.fr\/index.php?rest_route=\/wp\/v2\/tribe_events"}],"about":[{"href":"https:\/\/carrefourdespatrimoines.fr\/index.php?rest_route=\/wp\/v2\/types\/tribe_events"}],"author":[{"embeddable":true,"href":"https:\/\/carrefourdespatrimoines.fr\/index.php?rest_route=\/wp\/v2\/users\/1"}],"replies":[{"embeddable":true,"href":"https:\/\/carrefourdespatrimoines.fr\/index.php?rest_route=%2Fwp%2Fv2%2Fcomments&post=6602"}],"version-history":[{"count":11,"href":"https:\/\/carrefourdespatrimoines.fr\/index.php?rest_route=\/wp\/v2\/tribe_events\/6602\/revisions"}],"predecessor-version":[{"id":6694,"href":"https:\/\/carrefourdespatrimoines.fr\/index.php?rest_route=\/wp\/v2\/tribe_events\/6602\/revisions\/6694"}],"wp:featuredmedia":[{"embeddable":true,"href":"https:\/\/carrefourdespatrimoines.fr\/index.php?rest_route=\/wp\/v2\/media\/6683"}],"wp:attachment":[{"href":"https:\/\/carrefourdespatrimoines.fr\/index.php?rest_route=%2Fwp%2Fv2%2Fmedia&parent=6602"}],"wp:term":[{"taxonomy":"post_tag","embeddable":true,"href":"https:\/\/carrefourdespatrimoines.fr\/index.php?rest_route=%2Fwp%2Fv2%2Ftags&post=6602"},{"taxonomy":"tribe_events_cat","embeddable":true,"href":"https:\/\/carrefourdespatrimoines.fr\/index.php?rest_route=%2Fwp%2Fv2%2Ftribe_events_cat&post=6602"}],"curies":[{"name":"wp","href":"https:\/\/api.w.org\/{rel}","templated":true}]}}