{"id":5128,"date":"2022-02-28T16:38:48","date_gmt":"2022-02-28T15:38:48","guid":{"rendered":"https:\/\/carrefourdespatrimoines.fr\/?page_id=5128"},"modified":"2022-02-28T16:49:28","modified_gmt":"2022-02-28T15:49:28","slug":"events-2","status":"publish","type":"page","link":"https:\/\/carrefourdespatrimoines.fr\/?page_id=5128&lang=en","title":{"rendered":"Events"},"content":{"rendered":"\t\t<div data-elementor-type=\"wp-post\" data-elementor-id=\"5128\" class=\"elementor elementor-5128\">\n\t\t\t\t\t\t<div class=\"elementor-inner\">\n\t\t\t\t<div class=\"elementor-section-wrap\">\n\t\t\t\t\t\t\t\t\t<section class=\"elementor-section elementor-top-section elementor-element elementor-element-c67fde9 elementor-section-boxed elementor-section-height-default elementor-section-height-default sc_fly_static\" data-id=\"c67fde9\" data-element_type=\"section\">\n\t\t\t\t\t\t<div class=\"elementor-container elementor-column-gap-extended\">\n\t\t\t\t\t\t\t<div class=\"elementor-row\">\n\t\t\t\t\t<div class=\"elementor-column elementor-col-100 elementor-top-column elementor-element elementor-element-4da8b0c sc_inner_width_none sc_content_align_inherit sc_layouts_column_icons_position_left sc_fly_static\" data-id=\"4da8b0c\" data-element_type=\"column\">\n\t\t\t<div class=\"elementor-column-wrap\">\n\t\t\t\t\t\t\t<div class=\"elementor-widget-wrap\">\n\t\t\t\t\t\t\t\t<\/div>\n\t\t\t\t\t<\/div>\n\t\t<\/div>\n\t\t\t\t\t\t\t\t<\/div>\n\t\t\t\t\t<\/div>\n\t\t<\/section>\n\t\t\t\t<section class=\"elementor-section elementor-top-section elementor-element elementor-element-1d44a83 elementor-section-stretched elementor-section-boxed elementor-section-height-default elementor-section-height-default sc_fly_static\" data-id=\"1d44a83\" data-element_type=\"section\" data-settings=\"{&quot;stretch_section&quot;:&quot;section-stretched&quot;,&quot;background_background&quot;:&quot;classic&quot;}\">\n\t\t\t\t\t\t<div class=\"elementor-container elementor-column-gap-extended\">\n\t\t\t\t\t\t\t<div class=\"elementor-row\">\n\t\t\t\t\t<div class=\"elementor-column elementor-col-100 elementor-top-column elementor-element elementor-element-c0799d7 sc_inner_width_none sc_content_align_inherit sc_layouts_column_icons_position_left sc_fly_static\" data-id=\"c0799d7\" data-element_type=\"column\">\n\t\t\t<div class=\"elementor-column-wrap elementor-element-populated\">\n\t\t\t\t\t\t\t<div class=\"elementor-widget-wrap\">\n\t\t\t\t\t\t<div class=\"elementor-element elementor-element-937a531 sc_height_large animation_type_block sc_fly_static elementor-widget elementor-widget-spacer\" data-id=\"937a531\" data-element_type=\"widget\" data-widget_type=\"spacer.default\">\n\t\t\t\t<div class=\"elementor-widget-container\">\n\t\t\t\t\t<div class=\"elementor-spacer\">\n\t\t\t<div class=\"elementor-spacer-inner\"><\/div>\n\t\t<\/div>\n\t\t\t\t<\/div>\n\t\t\t\t<\/div>\n\t\t\t\t<div class=\"elementor-element elementor-element-3558197 animation_type_block sc_fly_static elementor-widget elementor-widget-heading\" data-id=\"3558197\" data-element_type=\"widget\" data-widget_type=\"heading.default\">\n\t\t\t\t<div class=\"elementor-widget-container\">\n\t\t\t<h2 class=\"elementor-heading-title elementor-size-default\">coming soon<\/h2>\t\t<\/div>\n\t\t\t\t<\/div>\n\t\t\t\t<div class=\"elementor-element elementor-element-e961046 animation_type_sequental sc_fly_static elementor-invisible elementor-widget elementor-widget-trx_sc_events\" data-id=\"e961046\" data-element_type=\"widget\" data-settings=\"{&quot;_animation&quot;:&quot;fadeInUp&quot;}\" data-widget_type=\"trx_sc_events.default\">\n\t\t\t\t<div class=\"elementor-widget-container\">\n\t\t\t<div \t\tclass=\"sc_events sc_events_default\"><div class=\"sc_events_content sc_item_content\"><div class=\"sc_events_item sc_item_container post_container\">\n\t<div class=\"post_featured with_thumb hover_extra sc_events_item_thumb\"><img loading=\"lazy\" decoding=\"async\" width=\"780\" height=\"480\" src=\"https:\/\/carrefourdespatrimoines.fr\/wp-content\/uploads\/2026\/02\/Carre-exposition-concours-aquarelles-2026-780x480.png\" class=\"attachment-confix-thumb-big size-confix-thumb-big wp-post-image\" alt=\"\" \/>\t\t\t\t\t\t<div class=\"mask\"><\/div>\n\t\t\t\t\t\t\t\t\t<a href=\"https:\/\/carrefourdespatrimoines.fr\/?tribe_events=ouverture-des-inscriptions-concours-et-exposition-daquarelles-2026\"  aria-hidden=\"true\" class=\"extra\"><img decoding=\"async\" src=\"https:\/\/carrefourdespatrimoines.fr\/wp-content\/themes\/confix\/skins\/default\/images\/eye-open.png\" alt=\"#\"><\/a>\n\t\t\t<a href=\"https:\/\/carrefourdespatrimoines.fr\/?tribe_events=ouverture-des-inscriptions-concours-et-exposition-daquarelles-2026\" class=\"sc_events_item_date\"><span class=\"sc_events_item_date_day\">10<\/span><span class=\"sc_events_item_date_month\">F\u00e9v<\/span><\/a><\/div>\t<div class=\"sc_events_item_info\">\n\t\t<div class=\"sc_events_item_header\">\n\t\t\t<div class=\"sc_events_item_meta\">\n\t\t\t\t<span class=\"sc_events_item_meta_item sc_events_item_meta_date\"><span class=\"sc_events_item_meta_date_start\">10 f\u00e9vrier 2026<\/span><span class=\"sc_events_item_meta_date_separator\">-<\/span><span class=\"sc_events_item_meta_date_end\">21 juin 2026<\/span><\/span>\n\t\t\t<\/div>\n\t\t\t<h4 class=\"sc_events_item_title\"><a href=\"https:\/\/carrefourdespatrimoines.fr\/?tribe_events=ouverture-des-inscriptions-concours-et-exposition-daquarelles-2026\">Ouverture des inscriptions &#8211; Concours et exposition d&#8217;aquarelles 2026<\/a><\/h4>\n\t\t\t\t\t\t\t<div class=\"sc_events_item_text\">Concours et exposition d&#8217;aquarelles de Campan 2026 Ouverture des inscriptions Cette ann\u00e9e se tiendra la 28\u00e8me \u00e9dition du Concours et exposition d&#8217;aquarelles de Campan, \u00e9v\u00e8nement propos\u00e9 par l&#8217;association la\u00a0Soci\u00e9t\u00e9 des&hellip;<\/div>\n\t\t\t\t\t<\/div>\n\t\t<div class=\"sc_events_item_price\"><\/div>\n\t<\/div>\n\t\t\t<div class=\"sc_events_item_button sc_item_button\">\n\t\t\t<a href=\"https:\/\/carrefourdespatrimoines.fr\/?tribe_events=ouverture-des-inscriptions-concours-et-exposition-daquarelles-2026\" class=\"sc_button\">\n\t\t\t\tMore info\t\t\t<\/a>\n\t\t<\/div>\n\t<\/div><div class=\"sc_events_item sc_item_container post_container\">\n\t<div class=\"post_featured with_thumb hover_extra sc_events_item_thumb\"><img loading=\"lazy\" decoding=\"async\" width=\"780\" height=\"480\" src=\"https:\/\/carrefourdespatrimoines.fr\/wp-content\/uploads\/2026\/04\/Bandeau-Cabanes-destives-courtaous-et-enclos-780x480.png\" class=\"attachment-confix-thumb-big size-confix-thumb-big wp-post-image\" alt=\"\" \/>\t\t\t\t\t\t<div class=\"mask\"><\/div>\n\t\t\t\t\t\t\t\t\t<a href=\"https:\/\/carrefourdespatrimoines.fr\/?tribe_events=cabanes-destives-courtaous-et-enclos\"  aria-hidden=\"true\" class=\"extra\"><img decoding=\"async\" src=\"https:\/\/carrefourdespatrimoines.fr\/wp-content\/themes\/confix\/skins\/default\/images\/eye-open.png\" alt=\"#\"><\/a>\n\t\t\t<a href=\"https:\/\/carrefourdespatrimoines.fr\/?tribe_events=cabanes-destives-courtaous-et-enclos\" class=\"sc_events_item_date\"><span class=\"sc_events_item_date_day\">23<\/span><span class=\"sc_events_item_date_month\">Mai<\/span><\/a><\/div>\t<div class=\"sc_events_item_info\">\n\t\t<div class=\"sc_events_item_header\">\n\t\t\t<div class=\"sc_events_item_meta\">\n\t\t\t\t<span class=\"sc_events_item_meta_item sc_events_item_meta_date\"><span class=\"sc_events_item_meta_date_start\">23 mai 2026<\/span><span class=\"sc_events_item_meta_date_separator\">-<\/span><span class=\"sc_events_item_meta_date_end\">7 juin 2026<\/span><\/span>\n\t\t\t<\/div>\n\t\t\t<h4 class=\"sc_events_item_title\"><a href=\"https:\/\/carrefourdespatrimoines.fr\/?tribe_events=cabanes-destives-courtaous-et-enclos\">CABANES D&#8217;ESTIVES &#8211; COURT\u00c0OUS ET ENCLOS<\/a><\/h4>\n\t\t\t\t\t\t\t<div class=\"sc_events_item_text\">&nbsp; &nbsp; &nbsp; CABANES D&#8217;ESTIVES &#8211; COURT\u00c0OUS ET ENCLOS du 23 mai au 7 juin 2026 Carrefour des Patrimoines &#8211; Mus\u00e9e de Campan Un \u00e9v\u00e8nement in\u00e9dit propos\u00e9 par l&#8217;association la&hellip;<\/div>\n\t\t\t\t\t<\/div>\n\t\t<div class=\"sc_events_item_price\"><\/div>\n\t<\/div>\n\t\t\t<div class=\"sc_events_item_button sc_item_button\">\n\t\t\t<a href=\"https:\/\/carrefourdespatrimoines.fr\/?tribe_events=cabanes-destives-courtaous-et-enclos\" class=\"sc_button\">\n\t\t\t\tMore info\t\t\t<\/a>\n\t\t<\/div>\n\t<\/div><div class=\"sc_events_item sc_item_container post_container\">\n\t<div class=\"post_featured with_thumb hover_extra sc_events_item_thumb\"><img loading=\"lazy\" decoding=\"async\" width=\"780\" height=\"480\" src=\"https:\/\/carrefourdespatrimoines.fr\/wp-content\/uploads\/2025\/03\/Aqua-780x480.jpg\" class=\"attachment-confix-thumb-big size-confix-thumb-big wp-post-image\" alt=\"\" \/>\t\t\t\t\t\t<div class=\"mask\"><\/div>\n\t\t\t\t\t\t\t\t\t<a href=\"https:\/\/carrefourdespatrimoines.fr\/?tribe_events=demonstrations-et-stages-daquarelles-2026\"  aria-hidden=\"true\" class=\"extra\"><img decoding=\"async\" src=\"https:\/\/carrefourdespatrimoines.fr\/wp-content\/themes\/confix\/skins\/default\/images\/eye-open.png\" alt=\"#\"><\/a>\n\t\t\t<a href=\"https:\/\/carrefourdespatrimoines.fr\/?tribe_events=demonstrations-et-stages-daquarelles-2026\" class=\"sc_events_item_date\"><span class=\"sc_events_item_date_day\">10<\/span><span class=\"sc_events_item_date_month\">Juil<\/span><\/a><\/div>\t<div class=\"sc_events_item_info\">\n\t\t<div class=\"sc_events_item_header\">\n\t\t\t<div class=\"sc_events_item_meta\">\n\t\t\t\t<span class=\"sc_events_item_meta_item sc_events_item_meta_date\"><span class=\"sc_events_item_meta_date_start\">10 juillet 2026<\/span><span class=\"sc_events_item_meta_date_separator\">-<\/span><span class=\"sc_events_item_meta_date_end\">25 juillet 2026<\/span><\/span>\n\t\t\t<\/div>\n\t\t\t<h4 class=\"sc_events_item_title\"><a href=\"https:\/\/carrefourdespatrimoines.fr\/?tribe_events=demonstrations-et-stages-daquarelles-2026\">D\u00e9monstrations et stages d&#8217;aquarelles 2026<\/a><\/h4>\n\t\t\t\t\t\t\t<div class=\"sc_events_item_text\">D\u00e9monstrations et stages d&#8217;aquarelles 2026 \u00c0 l&#8217;occasion de la 28\u00e8me \u00e9dition du concours et exposition d&#8217;aquarelles de Campan, qui aura lieu du 10 au 25 juillet \u00e0 la Salle des&hellip;<\/div>\n\t\t\t\t\t<\/div>\n\t\t<div class=\"sc_events_item_price\"><\/div>\n\t<\/div>\n\t\t\t<div class=\"sc_events_item_button sc_item_button\">\n\t\t\t<a href=\"https:\/\/carrefourdespatrimoines.fr\/?tribe_events=demonstrations-et-stages-daquarelles-2026\" class=\"sc_button\">\n\t\t\t\tMore info\t\t\t<\/a>\n\t\t<\/div>\n\t<\/div><\/div><\/div>\t\t<\/div>\n\t\t\t\t<\/div>\n\t\t\t\t<div class=\"elementor-element elementor-element-ee297af sc_height_large animation_type_block sc_fly_static elementor-widget elementor-widget-spacer\" data-id=\"ee297af\" data-element_type=\"widget\" data-widget_type=\"spacer.default\">\n\t\t\t\t<div class=\"elementor-widget-container\">\n\t\t\t\t\t<div class=\"elementor-spacer\">\n\t\t\t<div class=\"elementor-spacer-inner\"><\/div>\n\t\t<\/div>\n\t\t\t\t<\/div>\n\t\t\t\t<\/div>\n\t\t\t\t<div class=\"elementor-element elementor-element-89726b0 animation_type_block sc_fly_static elementor-widget elementor-widget-heading\" data-id=\"89726b0\" data-element_type=\"widget\" data-widget_type=\"heading.default\">\n\t\t\t\t<div class=\"elementor-widget-container\">\n\t\t\t<h2 class=\"elementor-heading-title elementor-size-default\">past<\/h2>\t\t<\/div>\n\t\t\t\t<\/div>\n\t\t\t\t<div class=\"elementor-element elementor-element-27e592e animation_type_block sc_fly_static elementor-widget elementor-widget-spacer\" data-id=\"27e592e\" data-element_type=\"widget\" data-widget_type=\"spacer.default\">\n\t\t\t\t<div class=\"elementor-widget-container\">\n\t\t\t\t\t<div class=\"elementor-spacer\">\n\t\t\t<div class=\"elementor-spacer-inner\"><\/div>\n\t\t<\/div>\n\t\t\t\t<\/div>\n\t\t\t\t<\/div>\n\t\t\t\t<div class=\"elementor-element elementor-element-4aa928d animation_type_block sc_fly_static elementor-widget elementor-widget-trx_sc_blogger\" data-id=\"4aa928d\" data-element_type=\"widget\" data-widget_type=\"trx_sc_blogger.default\">\n\t\t\t\t<div class=\"elementor-widget-container\">\n\t\t\t<div \t\tclass=\"sc_blogger sc_blogger_illustration sc_blogger_illustration_classic_simple sc_item_filters_tabs_none alignnone\"><div class=\"sc_blogger_columns_wrap sc_item_columns sc_item_posts_container trx_addons_columns_wrap columns_padding_bottom columns_in_single_row\"><div class=\"trx_addons_column-1_7\"><div data-post-id=\"350\" data-item-number=\"1\" class=\"sc_blogger_item sc_item_container post_container sc_blogger_item_illustration sc_blogger_item_illustration_classic_simple sc_blogger_item_odd sc_blogger_item_align_none post_format_standard sc_blogger_item_with_image sc_blogger_item_no_excerpt sc_blogger_item_image_position_top post-350 tribe_events type-tribe_events status-publish has-post-thumbnail hentry tribe_events_cat-passe tribe_events_cat-rencontres cat_passe cat_rencontres\"><div class=\"sc_blogger_item_body\"><div class=\"post_featured with_thumb hover_extra sc_item_featured sc_blogger_item_featured\"><img loading=\"lazy\" decoding=\"async\" width=\"370\" height=\"208\" src=\"https:\/\/carrefourdespatrimoines.fr\/wp-content\/uploads\/2019\/07\/journees-numerisation-01-370x208.jpg\" class=\"attachment-confix-thumb-med size-confix-thumb-med wp-post-image\" alt=\"\" srcset=\"https:\/\/carrefourdespatrimoines.fr\/wp-content\/uploads\/2019\/07\/journees-numerisation-01-370x208.jpg 370w, https:\/\/carrefourdespatrimoines.fr\/wp-content\/uploads\/2019\/07\/journees-numerisation-01-300x169.jpg 300w, https:\/\/carrefourdespatrimoines.fr\/wp-content\/uploads\/2019\/07\/journees-numerisation-01-1024x576.jpg 1024w, https:\/\/carrefourdespatrimoines.fr\/wp-content\/uploads\/2019\/07\/journees-numerisation-01-768x432.jpg 768w, https:\/\/carrefourdespatrimoines.fr\/wp-content\/uploads\/2019\/07\/journees-numerisation-01-1536x864.jpg 1536w, https:\/\/carrefourdespatrimoines.fr\/wp-content\/uploads\/2019\/07\/journees-numerisation-01-1170x658.jpg 1170w, https:\/\/carrefourdespatrimoines.fr\/wp-content\/uploads\/2019\/07\/journees-numerisation-01-760x428.jpg 760w, https:\/\/carrefourdespatrimoines.fr\/wp-content\/uploads\/2019\/07\/journees-numerisation-01-600x338.jpg 600w, https:\/\/carrefourdespatrimoines.fr\/wp-content\/uploads\/2019\/07\/journees-numerisation-01-270x152.jpg 270w, https:\/\/carrefourdespatrimoines.fr\/wp-content\/uploads\/2019\/07\/journees-numerisation-01.jpg 2000w\" sizes=\"auto, (max-width: 767px) 100vw, 370px\" \/>\t\t\t\t\t\t<div class=\"mask\"><\/div>\n\t\t\t\t\t\t\t\t\t<a href=\"https:\/\/carrefourdespatrimoines.fr\/?tribe_events=journees-numerisation\"  aria-hidden=\"true\" class=\"extra\"><img decoding=\"async\" src=\"https:\/\/carrefourdespatrimoines.fr\/wp-content\/themes\/confix\/skins\/default\/images\/eye-open.png\" alt=\"#\"><\/a>\n\t\t\t<div class=\"post_info_br\"><h5 class=\"sc_blogger_item_title entry-title\" data-item-number=\"1\"><a href=\"https:\/\/carrefourdespatrimoines.fr\/?tribe_events=journees-numerisation\" rel=\"bookmark\">journ\u00e9es de la num\u00e9risation<\/a><\/h5><div class=\"sc_blogger_item_button sc_item_button\"><a href=\"https:\/\/carrefourdespatrimoines.fr\/?tribe_events=journees-numerisation\" class=\"sc_button sc_button_simple\">en savoir plus...<\/a><\/div><\/div><a class=\"post_link sc_blogger_item_link\" href=\"https:\/\/carrefourdespatrimoines.fr\/?tribe_events=journees-numerisation\"><\/a><\/div><\/div><\/div><\/div><div class=\"trx_addons_column-1_7\"><div data-post-id=\"370\" data-item-number=\"2\" class=\"sc_blogger_item sc_item_container post_container sc_blogger_item_illustration sc_blogger_item_illustration_classic_simple sc_blogger_item_even sc_blogger_item_align_none post_format_standard sc_blogger_item_with_image sc_blogger_item_no_excerpt sc_blogger_item_image_position_top post-370 tribe_events type-tribe_events status-publish has-post-thumbnail hentry tribe_events_cat-passe tribe_events_cat-rencontres cat_passe cat_rencontres\"><div class=\"sc_blogger_item_body\"><div class=\"post_featured with_thumb hover_extra sc_item_featured sc_blogger_item_featured\"><img loading=\"lazy\" decoding=\"async\" width=\"370\" height=\"208\" src=\"https:\/\/carrefourdespatrimoines.fr\/wp-content\/uploads\/2019\/07\/payolle-b-quillacq02-370x208.jpg\" class=\"attachment-confix-thumb-med size-confix-thumb-med wp-post-image\" alt=\"\" srcset=\"https:\/\/carrefourdespatrimoines.fr\/wp-content\/uploads\/2019\/07\/payolle-b-quillacq02-370x208.jpg 370w, https:\/\/carrefourdespatrimoines.fr\/wp-content\/uploads\/2019\/07\/payolle-b-quillacq02-270x152.jpg 270w\" sizes=\"auto, (max-width: 767px) 100vw, 370px\" \/>\t\t\t\t\t\t<div class=\"mask\"><\/div>\n\t\t\t\t\t\t\t\t\t<a href=\"https:\/\/carrefourdespatrimoines.fr\/?tribe_events=demo-aquarelles-2021\"  aria-hidden=\"true\" class=\"extra\"><img decoding=\"async\" src=\"https:\/\/carrefourdespatrimoines.fr\/wp-content\/themes\/confix\/skins\/default\/images\/eye-open.png\" alt=\"#\"><\/a>\n\t\t\t<div class=\"post_info_br\"><h5 class=\"sc_blogger_item_title entry-title\" data-item-number=\"2\"><a href=\"https:\/\/carrefourdespatrimoines.fr\/?tribe_events=demo-aquarelles-2021\" rel=\"bookmark\">D\u00e9monstration d&#8217;aquarelles Bernard Quillacq<\/a><\/h5><div class=\"sc_blogger_item_button sc_item_button\"><a href=\"https:\/\/carrefourdespatrimoines.fr\/?tribe_events=demo-aquarelles-2021\" class=\"sc_button sc_button_simple\">en savoir plus...<\/a><\/div><\/div><a class=\"post_link sc_blogger_item_link\" href=\"https:\/\/carrefourdespatrimoines.fr\/?tribe_events=demo-aquarelles-2021\"><\/a><\/div><\/div><\/div><\/div><div class=\"trx_addons_column-1_7\"><div data-post-id=\"373\" data-item-number=\"3\" class=\"sc_blogger_item sc_item_container post_container sc_blogger_item_illustration sc_blogger_item_illustration_classic_simple sc_blogger_item_odd sc_blogger_item_align_none post_format_standard sc_blogger_item_with_image sc_blogger_item_no_excerpt sc_blogger_item_image_position_top post-373 tribe_events type-tribe_events status-publish has-post-thumbnail hentry tribe_events_cat-exposition tribe_events_cat-passe cat_exposition cat_passe\"><div class=\"sc_blogger_item_body\"><div class=\"post_featured with_thumb hover_extra sc_item_featured sc_blogger_item_featured\"><img loading=\"lazy\" decoding=\"async\" width=\"370\" height=\"208\" src=\"https:\/\/carrefourdespatrimoines.fr\/wp-content\/uploads\/2021\/07\/VGA6657-1024x683-1-370x208.jpg\" class=\"attachment-confix-thumb-med size-confix-thumb-med wp-post-image\" alt=\"\" srcset=\"https:\/\/carrefourdespatrimoines.fr\/wp-content\/uploads\/2021\/07\/VGA6657-1024x683-1-370x208.jpg 370w, https:\/\/carrefourdespatrimoines.fr\/wp-content\/uploads\/2021\/07\/VGA6657-1024x683-1-270x152.jpg 270w\" sizes=\"auto, (max-width: 767px) 100vw, 370px\" \/>\t\t\t\t\t\t<div class=\"mask\"><\/div>\n\t\t\t\t\t\t\t\t\t<a href=\"https:\/\/carrefourdespatrimoines.fr\/?tribe_events=concours-aquarelles-2021\"  aria-hidden=\"true\" class=\"extra\"><img decoding=\"async\" src=\"https:\/\/carrefourdespatrimoines.fr\/wp-content\/themes\/confix\/skins\/default\/images\/eye-open.png\" alt=\"#\"><\/a>\n\t\t\t<div class=\"post_info_br\"><h5 class=\"sc_blogger_item_title entry-title\" data-item-number=\"3\"><a href=\"https:\/\/carrefourdespatrimoines.fr\/?tribe_events=concours-aquarelles-2021\" rel=\"bookmark\">Concours et exposition d&#8217;aquarelles 2021<\/a><\/h5><div class=\"sc_blogger_item_button sc_item_button\"><a href=\"https:\/\/carrefourdespatrimoines.fr\/?tribe_events=concours-aquarelles-2021\" class=\"sc_button sc_button_simple\">en savoir plus...<\/a><\/div><\/div><a class=\"post_link sc_blogger_item_link\" href=\"https:\/\/carrefourdespatrimoines.fr\/?tribe_events=concours-aquarelles-2021\"><\/a><\/div><\/div><\/div><\/div><div class=\"trx_addons_column-1_7\"><div data-post-id=\"2911\" data-item-number=\"4\" class=\"sc_blogger_item sc_item_container post_container sc_blogger_item_illustration sc_blogger_item_illustration_classic_simple sc_blogger_item_even sc_blogger_item_align_none post_format_standard sc_blogger_item_with_image sc_blogger_item_no_excerpt sc_blogger_item_image_position_top post-2911 tribe_events type-tribe_events status-publish has-post-thumbnail hentry tribe_events_cat-passe tribe_events_cat-spectacle cat_passe cat_spectacle\"><div class=\"sc_blogger_item_body\"><div class=\"post_featured with_thumb hover_extra sc_item_featured sc_blogger_item_featured\"><img loading=\"lazy\" decoding=\"async\" width=\"370\" height=\"208\" src=\"https:\/\/carrefourdespatrimoines.fr\/wp-content\/uploads\/2019\/07\/13_Don_Quijote-370x208.jpg\" class=\"attachment-confix-thumb-med size-confix-thumb-med wp-post-image\" alt=\"\" srcset=\"https:\/\/carrefourdespatrimoines.fr\/wp-content\/uploads\/2019\/07\/13_Don_Quijote-370x208.jpg 370w, https:\/\/carrefourdespatrimoines.fr\/wp-content\/uploads\/2019\/07\/13_Don_Quijote-1170x658.jpg 1170w, https:\/\/carrefourdespatrimoines.fr\/wp-content\/uploads\/2019\/07\/13_Don_Quijote-270x152.jpg 270w\" sizes=\"auto, (max-width: 767px) 100vw, 370px\" \/>\t\t\t\t\t\t<div class=\"mask\"><\/div>\n\t\t\t\t\t\t\t\t\t<a href=\"https:\/\/carrefourdespatrimoines.fr\/?tribe_events=hola-don-quichotte\"  aria-hidden=\"true\" class=\"extra\"><img decoding=\"async\" src=\"https:\/\/carrefourdespatrimoines.fr\/wp-content\/themes\/confix\/skins\/default\/images\/eye-open.png\" alt=\"#\"><\/a>\n\t\t\t<div class=\"post_info_br\"><h5 class=\"sc_blogger_item_title entry-title\" data-item-number=\"4\"><a href=\"https:\/\/carrefourdespatrimoines.fr\/?tribe_events=hola-don-quichotte\" rel=\"bookmark\">Th\u00e9\u00e2tre Hola Don Quichotte<\/a><\/h5><div class=\"sc_blogger_item_button sc_item_button\"><a href=\"https:\/\/carrefourdespatrimoines.fr\/?tribe_events=hola-don-quichotte\" class=\"sc_button sc_button_simple\">en savoir plus...<\/a><\/div><\/div><a class=\"post_link sc_blogger_item_link\" href=\"https:\/\/carrefourdespatrimoines.fr\/?tribe_events=hola-don-quichotte\"><\/a><\/div><\/div><\/div><\/div><div class=\"trx_addons_column-1_7\"><div data-post-id=\"3622\" data-item-number=\"5\" class=\"sc_blogger_item sc_item_container post_container sc_blogger_item_illustration sc_blogger_item_illustration_classic_simple sc_blogger_item_odd sc_blogger_item_align_none post_format_standard sc_blogger_item_with_image sc_blogger_item_no_excerpt sc_blogger_item_image_position_top post-3622 tribe_events type-tribe_events status-publish has-post-thumbnail hentry tribe_events_cat-exposition tribe_events_cat-passe cat_exposition cat_passe\"><div class=\"sc_blogger_item_body\"><div class=\"post_featured with_thumb hover_extra sc_item_featured sc_blogger_item_featured\"><img loading=\"lazy\" decoding=\"async\" width=\"370\" height=\"208\" src=\"https:\/\/carrefourdespatrimoines.fr\/wp-content\/uploads\/2021\/11\/expo-laine-02-370x208.jpg\" class=\"attachment-confix-thumb-med size-confix-thumb-med wp-post-image\" alt=\"\" srcset=\"https:\/\/carrefourdespatrimoines.fr\/wp-content\/uploads\/2021\/11\/expo-laine-02-370x208.jpg 370w, https:\/\/carrefourdespatrimoines.fr\/wp-content\/uploads\/2021\/11\/expo-laine-02-1170x658.jpg 1170w, https:\/\/carrefourdespatrimoines.fr\/wp-content\/uploads\/2021\/11\/expo-laine-02-270x152.jpg 270w\" sizes=\"auto, (max-width: 767px) 100vw, 370px\" \/>\t\t\t\t\t\t<div class=\"mask\"><\/div>\n\t\t\t\t\t\t\t\t\t<a href=\"https:\/\/carrefourdespatrimoines.fr\/?tribe_events=exposition-lart-du-tissage\"  aria-hidden=\"true\" class=\"extra\"><img decoding=\"async\" src=\"https:\/\/carrefourdespatrimoines.fr\/wp-content\/themes\/confix\/skins\/default\/images\/eye-open.png\" alt=\"#\"><\/a>\n\t\t\t<div class=\"post_info_br\"><h5 class=\"sc_blogger_item_title entry-title\" data-item-number=\"5\"><a href=\"https:\/\/carrefourdespatrimoines.fr\/?tribe_events=exposition-lart-du-tissage\" rel=\"bookmark\">Exposition L\u2019art du tissage<\/a><\/h5><div class=\"sc_blogger_item_button sc_item_button\"><a href=\"https:\/\/carrefourdespatrimoines.fr\/?tribe_events=exposition-lart-du-tissage\" class=\"sc_button sc_button_simple\">en savoir plus...<\/a><\/div><\/div><a class=\"post_link sc_blogger_item_link\" href=\"https:\/\/carrefourdespatrimoines.fr\/?tribe_events=exposition-lart-du-tissage\"><\/a><\/div><\/div><\/div><\/div><div class=\"trx_addons_column-1_7\"><div data-post-id=\"5346\" data-item-number=\"6\" class=\"sc_blogger_item sc_item_container post_container sc_blogger_item_illustration sc_blogger_item_illustration_classic_simple sc_blogger_item_even sc_blogger_item_align_none post_format_standard sc_blogger_item_with_image sc_blogger_item_no_excerpt sc_blogger_item_image_position_top post-5346 tribe_events type-tribe_events status-publish has-post-thumbnail hentry tribe_events_cat-passe tribe_events_cat-randonnee cat_passe cat_randonnee\"><div class=\"sc_blogger_item_body\"><div class=\"post_featured with_thumb hover_extra sc_item_featured sc_blogger_item_featured\"><img loading=\"lazy\" decoding=\"async\" width=\"370\" height=\"208\" src=\"https:\/\/carrefourdespatrimoines.fr\/wp-content\/uploads\/2022\/05\/04-Teilhet-370x208.jpg\" class=\"attachment-confix-thumb-med size-confix-thumb-med wp-post-image\" alt=\"\" srcset=\"https:\/\/carrefourdespatrimoines.fr\/wp-content\/uploads\/2022\/05\/04-Teilhet-370x208.jpg 370w, https:\/\/carrefourdespatrimoines.fr\/wp-content\/uploads\/2022\/05\/04-Teilhet-1170x658.jpg 1170w, https:\/\/carrefourdespatrimoines.fr\/wp-content\/uploads\/2022\/05\/04-Teilhet-270x152.jpg 270w\" sizes=\"auto, (max-width: 767px) 100vw, 370px\" \/>\t\t\t\t\t\t<div class=\"mask\"><\/div>\n\t\t\t\t\t\t\t\t\t<a href=\"https:\/\/carrefourdespatrimoines.fr\/?tribe_events=autour-des-courtaous\"  aria-hidden=\"true\" class=\"extra\"><img decoding=\"async\" src=\"https:\/\/carrefourdespatrimoines.fr\/wp-content\/themes\/confix\/skins\/default\/images\/eye-open.png\" alt=\"#\"><\/a>\n\t\t\t<div class=\"post_info_br\"><h5 class=\"sc_blogger_item_title entry-title\" data-item-number=\"6\"><a href=\"https:\/\/carrefourdespatrimoines.fr\/?tribe_events=autour-des-courtaous\" rel=\"bookmark\">Autour des Court\u00e0ous<\/a><\/h5><div class=\"sc_blogger_item_button sc_item_button\"><a href=\"https:\/\/carrefourdespatrimoines.fr\/?tribe_events=autour-des-courtaous\" class=\"sc_button sc_button_simple\">en savoir plus...<\/a><\/div><\/div><a class=\"post_link sc_blogger_item_link\" href=\"https:\/\/carrefourdespatrimoines.fr\/?tribe_events=autour-des-courtaous\"><\/a><\/div><\/div><\/div><\/div><div class=\"trx_addons_column-1_7\"><div data-post-id=\"5437\" data-item-number=\"7\" class=\"sc_blogger_item sc_item_container post_container sc_blogger_item_illustration sc_blogger_item_illustration_classic_simple sc_blogger_item_odd sc_blogger_item_align_none post_format_standard sc_blogger_item_with_image sc_blogger_item_no_excerpt sc_blogger_item_image_position_top post-5437 tribe_events type-tribe_events status-publish has-post-thumbnail hentry tribe_events_cat-actualites tribe_events_cat-exhibitions tribe_events_cat-exposition tribe_events_cat-passe cat_actualites cat_exhibitions cat_exposition cat_passe\"><div class=\"sc_blogger_item_body\"><div class=\"post_featured with_thumb hover_extra sc_item_featured sc_blogger_item_featured\"><img loading=\"lazy\" decoding=\"async\" width=\"370\" height=\"208\" src=\"https:\/\/carrefourdespatrimoines.fr\/wp-content\/uploads\/2022\/06\/paint-web-370x208.jpg\" class=\"attachment-confix-thumb-med size-confix-thumb-med wp-post-image\" alt=\"\" srcset=\"https:\/\/carrefourdespatrimoines.fr\/wp-content\/uploads\/2022\/06\/paint-web-370x208.jpg 370w, https:\/\/carrefourdespatrimoines.fr\/wp-content\/uploads\/2022\/06\/paint-web-1170x658.jpg 1170w, https:\/\/carrefourdespatrimoines.fr\/wp-content\/uploads\/2022\/06\/paint-web-270x152.jpg 270w\" sizes=\"auto, (max-width: 767px) 100vw, 370px\" \/>\t\t\t\t\t\t<div class=\"mask\"><\/div>\n\t\t\t\t\t\t\t\t\t<a href=\"https:\/\/carrefourdespatrimoines.fr\/?tribe_events=artistes-aquitania\"  aria-hidden=\"true\" class=\"extra\"><img decoding=\"async\" src=\"https:\/\/carrefourdespatrimoines.fr\/wp-content\/themes\/confix\/skins\/default\/images\/eye-open.png\" alt=\"#\"><\/a>\n\t\t\t<div class=\"post_info_br\"><h5 class=\"sc_blogger_item_title entry-title\" data-item-number=\"7\"><a href=\"https:\/\/carrefourdespatrimoines.fr\/?tribe_events=artistes-aquitania\" rel=\"bookmark\">Artistes Aquitania<\/a><\/h5><div class=\"sc_blogger_item_button sc_item_button\"><a href=\"https:\/\/carrefourdespatrimoines.fr\/?tribe_events=artistes-aquitania\" class=\"sc_button sc_button_simple\">en savoir plus...<\/a><\/div><\/div><a class=\"post_link sc_blogger_item_link\" href=\"https:\/\/carrefourdespatrimoines.fr\/?tribe_events=artistes-aquitania\"><\/a><\/div><\/div><\/div><\/div><\/div><\/div>\t\t<\/div>\n\t\t\t\t<\/div>\n\t\t\t\t<div class=\"elementor-element elementor-element-4229e11 sc_height_large animation_type_block sc_fly_static elementor-widget elementor-widget-spacer\" data-id=\"4229e11\" data-element_type=\"widget\" data-widget_type=\"spacer.default\">\n\t\t\t\t<div class=\"elementor-widget-container\">\n\t\t\t\t\t<div class=\"elementor-spacer\">\n\t\t\t<div class=\"elementor-spacer-inner\"><\/div>\n\t\t<\/div>\n\t\t\t\t<\/div>\n\t\t\t\t<\/div>\n\t\t\t\t\t\t<\/div>\n\t\t\t\t\t<\/div>\n\t\t<\/div>\n\t\t\t\t\t\t\t\t<\/div>\n\t\t\t\t\t<\/div>\n\t\t<\/section>\n\t\t\t\t<section class=\"elementor-section elementor-top-section elementor-element elementor-element-5c33fb09 elementor-section-stretched elementor-section-full_width elementor-section-height-default elementor-section-height-default sc_fly_static\" data-id=\"5c33fb09\" data-element_type=\"section\" data-settings=\"{&quot;stretch_section&quot;:&quot;section-stretched&quot;}\">\n\t\t\t\t\t\t\t<div class=\"elementor-background-overlay\"><\/div>\n\t\t\t\t\t\t\t<div class=\"elementor-container elementor-column-gap-extended\">\n\t\t\t\t\t\t\t<div class=\"elementor-row\">\n\t\t\t\t\t<div class=\"elementor-column elementor-col-66 elementor-top-column elementor-element elementor-element-11af382a scheme_dark sc_bg_mask_8 sc_inner_width_none sc_content_align_inherit sc_layouts_column_icons_position_left sc_fly_static\" data-id=\"11af382a\" data-element_type=\"column\" data-settings=\"{&quot;background_background&quot;:&quot;classic&quot;}\">\n\t\t\t<div class=\"elementor-column-wrap elementor-element-populated\">\n\t\t\t\t\t<div class=\"elementor-background-overlay\"><\/div>\n\t\t\t\t\t\t\t<div class=\"elementor-widget-wrap\">\n\t\t\t\t\t\t<section class=\"elementor-section elementor-inner-section elementor-element elementor-element-23b28b12 elementor-section-boxed elementor-section-height-default elementor-section-height-default sc_fly_static\" data-id=\"23b28b12\" data-element_type=\"section\">\n\t\t\t\t\t\t<div class=\"elementor-container elementor-column-gap-extended\">\n\t\t\t\t\t\t\t<div class=\"elementor-row\">\n\t\t\t\t\t<div class=\"elementor-column elementor-col-100 elementor-inner-column elementor-element elementor-element-14d32552 sc_inner_width_none sc_content_align_inherit sc_layouts_column_icons_position_left sc_fly_static\" data-id=\"14d32552\" data-element_type=\"column\">\n\t\t\t<div class=\"elementor-column-wrap elementor-element-populated\">\n\t\t\t\t\t\t\t<div class=\"elementor-widget-wrap\">\n\t\t\t\t\t\t<div class=\"elementor-element elementor-element-7b4cbf69 animation_type_block sc_fly_static elementor-invisible elementor-widget elementor-widget-heading\" data-id=\"7b4cbf69\" data-element_type=\"widget\" data-settings=\"{&quot;_animation&quot;:&quot;fadeIn&quot;}\" data-widget_type=\"heading.default\">\n\t\t\t\t<div class=\"elementor-widget-container\">\n\t\t\t<h5 class=\"elementor-heading-title elementor-size-default\">Je participe \u00e0 la m\u00e9moire collective du territoire !<\/h5>\t\t<\/div>\n\t\t\t\t<\/div>\n\t\t\t\t<div class=\"elementor-element elementor-element-3aae873c animation_type_block sc_fly_static elementor-widget elementor-widget-spacer\" data-id=\"3aae873c\" data-element_type=\"widget\" data-widget_type=\"spacer.default\">\n\t\t\t\t<div class=\"elementor-widget-container\">\n\t\t\t\t\t<div class=\"elementor-spacer\">\n\t\t\t<div class=\"elementor-spacer-inner\"><\/div>\n\t\t<\/div>\n\t\t\t\t<\/div>\n\t\t\t\t<\/div>\n\t\t\t\t<div class=\"elementor-element elementor-element-70e3ffa6 animation_type_block sc_fly_static elementor-invisible elementor-widget elementor-widget-heading\" data-id=\"70e3ffa6\" data-element_type=\"widget\" data-settings=\"{&quot;_animation&quot;:&quot;fadeIn&quot;}\" data-widget_type=\"heading.default\">\n\t\t\t\t<div class=\"elementor-widget-container\">\n\t\t\t<h6 class=\"elementor-heading-title elementor-size-small\">La quinzaine de la num\u00e9risation<\/h6>\t\t<\/div>\n\t\t\t\t<\/div>\n\t\t\t\t<div class=\"elementor-element elementor-element-28aca418 animation_type_block sc_fly_static elementor-widget elementor-widget-spacer\" data-id=\"28aca418\" data-element_type=\"widget\" data-widget_type=\"spacer.default\">\n\t\t\t\t<div class=\"elementor-widget-container\">\n\t\t\t\t\t<div class=\"elementor-spacer\">\n\t\t\t<div class=\"elementor-spacer-inner\"><\/div>\n\t\t<\/div>\n\t\t\t\t<\/div>\n\t\t\t\t<\/div>\n\t\t\t\t<div class=\"elementor-element elementor-element-4c2df897 scheme_dark animation_type_block sc_fly_static elementor-invisible elementor-widget elementor-widget-text-editor\" data-id=\"4c2df897\" data-element_type=\"widget\" data-settings=\"{&quot;_animation&quot;:&quot;fadeInUp&quot;}\" data-widget_type=\"text-editor.default\">\n\t\t\t\t<div class=\"elementor-widget-container\">\n\t\t\t\t\t\t\t\t<div class=\"elementor-text-editor elementor-clearfix\">\n\t\t\t\t<ul><li>Nous vous proposons de num\u00e9riser vos archives familiales au mus\u00e9e Carrefour des Patrimoines<\/li><\/ul>\t\t\t\t\t<\/div>\n\t\t\t\t\t\t<\/div>\n\t\t\t\t<\/div>\n\t\t\t\t\t\t<\/div>\n\t\t\t\t\t<\/div>\n\t\t<\/div>\n\t\t\t\t\t\t\t\t<\/div>\n\t\t\t\t\t<\/div>\n\t\t<\/section>\n\t\t\t\t<div class=\"elementor-element elementor-element-7664ac3d sc_height_medium animation_type_block sc_fly_static elementor-widget elementor-widget-spacer\" data-id=\"7664ac3d\" data-element_type=\"widget\" data-widget_type=\"spacer.default\">\n\t\t\t\t<div class=\"elementor-widget-container\">\n\t\t\t\t\t<div class=\"elementor-spacer\">\n\t\t\t<div class=\"elementor-spacer-inner\"><\/div>\n\t\t<\/div>\n\t\t\t\t<\/div>\n\t\t\t\t<\/div>\n\t\t\t\t<section class=\"elementor-section elementor-inner-section elementor-element elementor-element-44c9f62d elementor-section-boxed elementor-section-height-default elementor-section-height-default sc_fly_static\" data-id=\"44c9f62d\" data-element_type=\"section\">\n\t\t\t\t\t\t<div class=\"elementor-container elementor-column-gap-extended\">\n\t\t\t\t\t\t\t<div class=\"elementor-row\">\n\t\t\t\t\t<div class=\"elementor-column elementor-col-100 elementor-inner-column elementor-element elementor-element-bba1e9c sc-mobile_layouts_column_align_left sc_layouts_column sc_content_align_left sc-mobile_content_align_left sc_layouts_column_align_left sc_layouts_column sc_inner_width_none sc_layouts_column_icons_position_left sc_fly_static\" data-id=\"bba1e9c\" data-element_type=\"column\" data-settings=\"{&quot;animation&quot;:&quot;none&quot;}\">\n\t\t\t<div class=\"elementor-column-wrap elementor-element-populated\">\n\t\t\t\t\t\t\t<div class=\"elementor-widget-wrap\">\n\t\t\t\t\t\t<div class=\"elementor-element elementor-element-221a1f11 elementor-widget__width-initial elementor-widget-mobile__width-inherit animation_type_block sc_fly_static elementor-invisible elementor-widget elementor-widget-trx_sc_button\" data-id=\"221a1f11\" data-element_type=\"widget\" data-settings=\"{&quot;_animation&quot;:&quot;fadeInRight&quot;,&quot;_animation_mobile&quot;:&quot;fadeInRight&quot;}\" data-widget_type=\"trx_sc_button.default\">\n\t\t\t\t<div class=\"elementor-widget-container\">\n\t\t\t<div\tclass=\"sc_item_button sc_button_wrap\"><a href=\"http:\/\/carrefourdespatrimoines.fr\/events-list\/\" class=\"sc_button sc_button_default sc_button_size_normal sc_button_icon_left color_style_link3\"><span class=\"sc_button_text\"><span class=\"sc_button_title\">En savoir plus...<\/span><\/span><\/a><\/div>\t\t<\/div>\n\t\t\t\t<\/div>\n\t\t\t\t\t\t<\/div>\n\t\t\t\t\t<\/div>\n\t\t<\/div>\n\t\t\t\t\t\t\t\t<\/div>\n\t\t\t\t\t<\/div>\n\t\t<\/section>\n\t\t\t\t\t\t<\/div>\n\t\t\t\t\t<\/div>\n\t\t<\/div>\n\t\t\t\t<div class=\"elementor-column elementor-col-33 elementor-top-column elementor-element elementor-element-23a64d1e sc_layouts_column_align_center sc_layouts_column sc_inner_width_none sc_content_align_inherit sc_layouts_column_icons_position_left sc_fly_static\" data-id=\"23a64d1e\" data-element_type=\"column\" data-settings=\"{&quot;background_background&quot;:&quot;classic&quot;}\">\n\t\t\t<div class=\"elementor-column-wrap elementor-element-populated\">\n\t\t\t\t\t<div class=\"elementor-background-overlay\"><\/div>\n\t\t\t\t\t\t\t<div class=\"elementor-widget-wrap\">\n\t\t\t\t\t\t<div class=\"elementor-element elementor-element-3671be36 animation_type_block sc_fly_static elementor-invisible elementor-widget elementor-widget-trx_sc_countdown\" data-id=\"3671be36\" data-element_type=\"widget\" data-settings=\"{&quot;_animation&quot;:&quot;fadeInUp&quot;}\" data-widget_type=\"trx_sc_countdown.default\">\n\t\t\t\t<div class=\"elementor-widget-container\">\n\t\t\t<div\tclass=\"sc_countdown sc_countdown_default alignleft\"\tdata-date=\"2021-11-29\"\n\tdata-time=\"13:14\"\n\tdata-count-to=\"1\"\n\tdata-count-restart=\"0\"\n\t>    <div class=\"sc_countdown_content sc_item_content\">\n\n    \t<div class=\"sc_countdown_inner\"><div class=\"sc_countdown_item sc_countdown_days\">\t\t\t\t<span class=\"sc_countdown_digits\"><span><\/span><span><\/span><span><\/span><\/span>\n\t\t\t\t<span class=\"sc_countdown_label\">Days<\/span>\n\t\t\t <\/div><div class=\"sc_countdown_separator\">:<\/div><div class=\"sc_countdown_item sc_countdown_hours\">\t\t\t\t<span class=\"sc_countdown_digits\"><span><\/span><span><\/span><\/span>\n\t\t\t\t<span class=\"sc_countdown_label\">Hours<\/span>\n\t\t\t<\/div><div class=\"sc_countdown_separator\">:<\/div><div class=\"sc_countdown_item sc_countdown_minutes\">\t\t\t\t<span class=\"sc_countdown_digits\"><span><\/span><span><\/span><\/span>\n\t\t\t\t<span class=\"sc_countdown_label\">Minutes<\/span>\n\t\t\t<\/div><div class=\"sc_countdown_separator\">:<\/div><div class=\"sc_countdown_item sc_countdown_seconds\">\t\t\t\t<span class=\"sc_countdown_digits\"><span><\/span><span><\/span><\/span>\n\t\t\t\t<span class=\"sc_countdown_label\">Seconds<\/span>\n\t\t\t<\/div><div class=\"sc_countdown_placeholder hide\"><\/div>\n\n         <\/div>\n\t\t\n\t<\/div><\/div>\t\t<\/div>\n\t\t\t\t<\/div>\n\t\t\t\t\t\t<\/div>\n\t\t\t\t\t<\/div>\n\t\t<\/div>\n\t\t\t\t\t\t\t\t<\/div>\n\t\t\t\t\t<\/div>\n\t\t<\/section>\n\t\t\t\t\t\t\t\t\t<\/div>\n\t\t\t<\/div>\n\t\t\t\t\t<\/div>\n\t\t","protected":false},"excerpt":{"rendered":"<p>coming soon 01 Feb 2022 Registration for the 24th Watercolour Competition 8:00 am-5:00 pm past Je participe \u00e0 la m\u00e9moire collective du territoire ! La quinzaine de la num\u00e9risation Nous&hellip;<\/p>\n","protected":false},"author":1,"featured_media":0,"parent":0,"menu_order":0,"comment_status":"closed","ping_status":"closed","template":"","meta":{"footnotes":""},"class_list":["post-5128","page","type-page","status-publish","hentry","cat_actualites","cat_exhibitions","cat_exposition","cat_passe"],"_links":{"self":[{"href":"https:\/\/carrefourdespatrimoines.fr\/index.php?rest_route=\/wp\/v2\/pages\/5128","targetHints":{"allow":["GET"]}}],"collection":[{"href":"https:\/\/carrefourdespatrimoines.fr\/index.php?rest_route=\/wp\/v2\/pages"}],"about":[{"href":"https:\/\/carrefourdespatrimoines.fr\/index.php?rest_route=\/wp\/v2\/types\/page"}],"author":[{"embeddable":true,"href":"https:\/\/carrefourdespatrimoines.fr\/index.php?rest_route=\/wp\/v2\/users\/1"}],"replies":[{"embeddable":true,"href":"https:\/\/carrefourdespatrimoines.fr\/index.php?rest_route=%2Fwp%2Fv2%2Fcomments&post=5128"}],"version-history":[{"count":10,"href":"https:\/\/carrefourdespatrimoines.fr\/index.php?rest_route=\/wp\/v2\/pages\/5128\/revisions"}],"predecessor-version":[{"id":5138,"href":"https:\/\/carrefourdespatrimoines.fr\/index.php?rest_route=\/wp\/v2\/pages\/5128\/revisions\/5138"}],"wp:attachment":[{"href":"https:\/\/carrefourdespatrimoines.fr\/index.php?rest_route=%2Fwp%2Fv2%2Fmedia&parent=5128"}],"curies":[{"name":"wp","href":"https:\/\/api.w.org\/{rel}","templated":true}]}}