{"id":3787,"date":"2021-11-24T16:15:58","date_gmt":"2021-11-24T15:15:58","guid":{"rendered":"https:\/\/carrefourdespatrimoines.fr\/?page_id=3787"},"modified":"2026-03-05T17:26:21","modified_gmt":"2026-03-05T16:26:21","slug":"adherer-a-lassociation","status":"publish","type":"page","link":"https:\/\/carrefourdespatrimoines.fr\/?page_id=3787","title":{"rendered":"Adh\u00e9rer  \/ Faire un Don"},"content":{"rendered":"\t\t<div data-elementor-type=\"wp-page\" data-elementor-id=\"3787\" class=\"elementor elementor-3787\">\n\t\t\t\t\t\t<div class=\"elementor-inner\">\n\t\t\t\t<div class=\"elementor-section-wrap\">\n\t\t\t\t\t\t\t\t\t<section class=\"elementor-section elementor-top-section elementor-element elementor-element-61026ef elementor-section-boxed elementor-section-height-default elementor-section-height-default sc_fly_static\" data-id=\"61026ef\" data-element_type=\"section\">\n\t\t\t\t\t\t<div class=\"elementor-container elementor-column-gap-extended\">\n\t\t\t\t\t\t\t<div class=\"elementor-row\">\n\t\t\t\t\t<div class=\"elementor-column elementor-col-100 elementor-top-column elementor-element elementor-element-97089a1 sc_inner_width_none sc_content_align_inherit sc_layouts_column_icons_position_left sc_fly_static\" data-id=\"97089a1\" data-element_type=\"column\">\n\t\t\t<div class=\"elementor-column-wrap elementor-element-populated\">\n\t\t\t\t\t\t\t<div class=\"elementor-widget-wrap\">\n\t\t\t\t\t\t<div class=\"elementor-element elementor-element-0f0d317 animation_type_block sc_fly_static elementor-widget elementor-widget-text-editor\" data-id=\"0f0d317\" data-element_type=\"widget\" data-widget_type=\"text-editor.default\">\n\t\t\t\t<div class=\"elementor-widget-container\">\n\t\t\t\t\t\t\t\t<div class=\"elementor-text-editor elementor-clearfix\">\n\t\t\t\t<h3><span style=\"color: #31495d;\">Vous souhaitez adh\u00e9rer \u00e0 l&#8217;association et\/ou faire un don ?<\/span><\/h3>\t\t\t\t\t<\/div>\n\t\t\t\t\t\t<\/div>\n\t\t\t\t<\/div>\n\t\t\t\t<div class=\"elementor-element elementor-element-186aeec sc_height_tiny elementor-widget-divider--view-line animation_type_block sc_fly_static elementor-widget elementor-widget-divider\" data-id=\"186aeec\" data-element_type=\"widget\" data-widget_type=\"divider.default\">\n\t\t\t\t<div class=\"elementor-widget-container\">\n\t\t\t\t\t<div class=\"elementor-divider\">\n\t\t\t<span class=\"elementor-divider-separator\">\n\t\t\t\t\t\t<\/span>\n\t\t<\/div>\n\t\t\t\t<\/div>\n\t\t\t\t<\/div>\n\t\t\t\t<div class=\"elementor-element elementor-element-5c7dbb6 animation_type_block sc_fly_static elementor-widget elementor-widget-text-editor\" data-id=\"5c7dbb6\" data-element_type=\"widget\" data-widget_type=\"text-editor.default\">\n\t\t\t\t<div class=\"elementor-widget-container\">\n\t\t\t\t\t\t\t\t<div class=\"elementor-text-editor elementor-clearfix\">\n\t\t\t\t<h5><span style=\"color: #e6b840;\">Rien de plus simple !<\/span><\/h5><p>Il vous suffit de remplir votre <span style=\"color: #31495d;\"><strong>bulletin d&#8217;adh\u00e9sion<\/strong><\/span> et de nous le d\u00e9poser \u00e0 l&#8217;accueil du mus\u00e9e Carrefour des Patrimoines ou de nous l&#8217;envoyer par courrier\u00a0 l&#8217;adresse suivante :\u00a0<\/p><p style=\"text-align: center;\"><strong><span style=\"color: #31495d;\">Soci\u00e9t\u00e9 des Amis de Madame Campan<\/span><\/strong><\/p><p style=\"text-align: center;\"><strong><span style=\"color: #31495d;\">Mus\u00e9e Carrefour des Patrimoines<\/span><\/strong><\/p><p style=\"text-align: center;\"><strong><span style=\"color: #31495d;\">40 Rue du G\u00e9n\u00e9ral Leclerc<\/span><\/strong><\/p><p style=\"text-align: center;\"><strong><span style=\"color: #31495d;\">65710 CAMPAN<\/span><\/strong><\/p>\t\t\t\t\t<\/div>\n\t\t\t\t\t\t<\/div>\n\t\t\t\t<\/div>\n\t\t\t\t<div class=\"elementor-element elementor-element-ba3d2eb animation_type_block sc_fly_static elementor-widget elementor-widget-text-editor\" data-id=\"ba3d2eb\" data-element_type=\"widget\" data-widget_type=\"text-editor.default\">\n\t\t\t\t<div class=\"elementor-widget-container\">\n\t\t\t\t\t\t\t\t<div class=\"elementor-text-editor elementor-clearfix\">\n\t\t\t\t\t\t\t\t\t<\/div>\n\t\t\t\t\t\t<\/div>\n\t\t\t\t<\/div>\n\t\t\t\t<div class=\"elementor-element elementor-element-af5280c animation_type_block sc_fly_static elementor-widget elementor-widget-text-editor\" data-id=\"af5280c\" data-element_type=\"widget\" data-widget_type=\"text-editor.default\">\n\t\t\t\t<div class=\"elementor-widget-container\">\n\t\t\t\t\t\t\t\t<div class=\"elementor-text-editor elementor-clearfix\">\n\t\t\t\t\t\t\t\t\t<\/div>\n\t\t\t\t\t\t<\/div>\n\t\t\t\t<\/div>\n\t\t\t\t\t\t<\/div>\n\t\t\t\t\t<\/div>\n\t\t<\/div>\n\t\t\t\t\t\t\t\t<\/div>\n\t\t\t\t\t<\/div>\n\t\t<\/section>\n\t\t\t\t<section class=\"elementor-section elementor-top-section elementor-element elementor-element-7a5742c elementor-section-boxed elementor-section-height-default elementor-section-height-default sc_fly_static\" data-id=\"7a5742c\" data-element_type=\"section\">\n\t\t\t\t\t\t<div class=\"elementor-container elementor-column-gap-extended\">\n\t\t\t\t\t\t\t<div class=\"elementor-row\">\n\t\t\t\t\t<div class=\"elementor-column elementor-col-100 elementor-top-column elementor-element elementor-element-ee70812 sc_inner_width_none sc_content_align_inherit sc_layouts_column_icons_position_left sc_fly_static\" data-id=\"ee70812\" data-element_type=\"column\">\n\t\t\t<div class=\"elementor-column-wrap elementor-element-populated\">\n\t\t\t\t\t\t\t<div class=\"elementor-widget-wrap\">\n\t\t\t\t\t\t<div class=\"elementor-element elementor-element-3a9f1c6 animation_type_block sc_fly_static elementor-widget elementor-widget-text-editor\" data-id=\"3a9f1c6\" data-element_type=\"widget\" data-widget_type=\"text-editor.default\">\n\t\t\t\t<div class=\"elementor-widget-container\">\n\t\t\t\t\t\t\t\t<div class=\"elementor-text-editor elementor-clearfix\">\n\t\t\t\t<p>Le r\u00e8glement peut s&#8217;effectuer en <span style=\"color: #31495d;\"><strong>esp\u00e8ces<\/strong><\/span>, par <span style=\"color: #31495d;\"><strong>ch\u00e8que \u00e0 l&#8217;ordre de la<\/strong><\/span> <strong><span style=\"color: #31495d;\">SAMC <\/span><\/strong>ou par <span style=\"color: #31495d;\"><strong>virement bancaire<\/strong><\/span>.<\/p><p style=\"text-align: left;\"><span style=\"color: #e6b840;\"><strong>Toutes les informations n\u00e9cessaires figurent sur le bulletin d&#8217;adh\u00e9sion<\/strong><\/span>.<\/p>\t\t\t\t\t<\/div>\n\t\t\t\t\t\t<\/div>\n\t\t\t\t<\/div>\n\t\t\t\t\t\t<\/div>\n\t\t\t\t\t<\/div>\n\t\t<\/div>\n\t\t\t\t\t\t\t\t<\/div>\n\t\t\t\t\t<\/div>\n\t\t<\/section>\n\t\t\t\t<section class=\"elementor-section elementor-top-section elementor-element elementor-element-f49472c elementor-section-boxed elementor-section-height-default elementor-section-height-default sc_fly_static\" data-id=\"f49472c\" data-element_type=\"section\">\n\t\t\t\t\t\t<div class=\"elementor-container elementor-column-gap-extended\">\n\t\t\t\t\t\t\t<div class=\"elementor-row\">\n\t\t\t\t\t<div class=\"elementor-column elementor-col-100 elementor-top-column elementor-element elementor-element-be7730a sc_inner_width_none sc_content_align_inherit sc_layouts_column_icons_position_left sc_fly_static\" data-id=\"be7730a\" data-element_type=\"column\">\n\t\t\t<div class=\"elementor-column-wrap elementor-element-populated\">\n\t\t\t\t\t\t\t<div class=\"elementor-widget-wrap\">\n\t\t\t\t\t\t<div class=\"elementor-element elementor-element-cfa24c0 animation_type_block sc_fly_static elementor-widget elementor-widget-text-editor\" data-id=\"cfa24c0\" data-element_type=\"widget\" data-widget_type=\"text-editor.default\">\n\t\t\t\t<div class=\"elementor-widget-container\">\n\t\t\t\t\t\t\t\t<div class=\"elementor-text-editor elementor-clearfix\">\n\t\t\t\t<h3 style=\"text-align: center;\"><span style=\"color: #e6b840;\"><a style=\"color: #e6b840;\" href=\"https:\/\/carrefourdespatrimoines.fr\/wp-content\/uploads\/2026\/02\/Bulletin-dadhesion-SAMC-2026.pdf\">JE T\u00c9L\u00c9CHARGE MON BULLETIN D&#8217;ADH\u00c9SION 2026<\/a><\/span><\/h3>\t\t\t\t\t<\/div>\n\t\t\t\t\t\t<\/div>\n\t\t\t\t<\/div>\n\t\t\t\t\t\t<\/div>\n\t\t\t\t\t<\/div>\n\t\t<\/div>\n\t\t\t\t\t\t\t\t<\/div>\n\t\t\t\t\t<\/div>\n\t\t<\/section>\n\t\t\t\t<section class=\"elementor-section elementor-top-section elementor-element elementor-element-b459e91 elementor-section-boxed elementor-section-height-default elementor-section-height-default sc_fly_static\" data-id=\"b459e91\" data-element_type=\"section\">\n\t\t\t\t\t\t<div class=\"elementor-container elementor-column-gap-extended\">\n\t\t\t\t\t\t\t<div class=\"elementor-row\">\n\t\t\t\t\t<div class=\"elementor-column elementor-col-100 elementor-top-column elementor-element elementor-element-2d74a3a sc_inner_width_none sc_content_align_inherit sc_layouts_column_icons_position_left sc_fly_static\" data-id=\"2d74a3a\" data-element_type=\"column\">\n\t\t\t<div class=\"elementor-column-wrap elementor-element-populated\">\n\t\t\t\t\t\t\t<div class=\"elementor-widget-wrap\">\n\t\t\t\t\t\t<div class=\"elementor-element elementor-element-9d2f34f animation_type_block sc_fly_static elementor-widget elementor-widget-text-editor\" data-id=\"9d2f34f\" data-element_type=\"widget\" data-widget_type=\"text-editor.default\">\n\t\t\t\t<div class=\"elementor-widget-container\">\n\t\t\t\t\t\t\t\t<div class=\"elementor-text-editor elementor-clearfix\">\n\t\t\t\t<p>Gr\u00e2ce \u00e0 votre adh\u00e9sion, vous contribuez activement \u00e0 la r\u00e9alisation des <span style=\"color: #31495d;\"><strong>\u00e9v\u00e9nements<\/strong><\/span> organis\u00e9s par notre association, comme <span style=\"color: #31495d;\"><strong>l&#8217;exposition et concours annuel d&#8217;aquarelles de Campan<\/strong><\/span>.<\/p><p>En nous soutenant, vous participez \u00e0 la <span style=\"color: #31495d;\"><strong>dynamisation culturelle de notre belle vall\u00e9e de Campan<\/strong><\/span>, vous soutenez aussi le <span style=\"color: #31495d;\"><strong>mus\u00e9e Carrefour des Patrimoines<\/strong><\/span>.<\/p><p>Cet espace d\u00e9di\u00e9 \u00e0 la valorisation de la vie d&#8217;autrefois vous permet de d\u00e9couvrir la richesse, l&#8217;histoire et les secrets d&#8217;un territoire d&#8217;exception gr\u00e2ce \u00e0 de nombreuses activit\u00e9s : <span style=\"color: #31495d;\"><strong>conf\u00e9rences, expositions, visites guid\u00e9es<\/strong><\/span> \u2026 Il y en a pour tous les go\u00fbts et pour tous les \u00e2ges !<\/p><p>Votre soutien et votre g\u00e9n\u00e9rosit\u00e9 permettent aussi \u00e0 notre association de <span style=\"color: #31495d;\"><strong>maintenir l&#8217;emploi de notre animateur salari\u00e9<\/strong><\/span>.<\/p><p>Nous comptons sur vous pour nous r\u00e9it\u00e9rer votre soutien et ainsi renforcer l&#8217;attractivit\u00e9 du territoire.<br \/>Nous vous remercions de l&#8217;int\u00e9r\u00eat et du soutien que vous apportez \u00e0 notre association.<\/p>\t\t\t\t\t<\/div>\n\t\t\t\t\t\t<\/div>\n\t\t\t\t<\/div>\n\t\t\t\t\t\t<\/div>\n\t\t\t\t\t<\/div>\n\t\t<\/div>\n\t\t\t\t\t\t\t\t<\/div>\n\t\t\t\t\t<\/div>\n\t\t<\/section>\n\t\t\t\t\t\t\t\t\t<\/div>\n\t\t\t<\/div>\n\t\t\t\t\t<\/div>\n\t\t","protected":false},"excerpt":{"rendered":"<p>Vous souhaitez adh\u00e9rer \u00e0 l&#8217;association et\/ou faire un don ? Rien de plus simple ! Il vous suffit de remplir votre bulletin d&#8217;adh\u00e9sion et de nous le d\u00e9poser \u00e0 l&#8217;accueil&hellip;<\/p>\n","protected":false},"author":1,"featured_media":4587,"parent":0,"menu_order":0,"comment_status":"closed","ping_status":"closed","template":"","meta":{"footnotes":""},"class_list":["post-3787","page","type-page","status-publish","has-post-thumbnail","hentry"],"_links":{"self":[{"href":"https:\/\/carrefourdespatrimoines.fr\/index.php?rest_route=\/wp\/v2\/pages\/3787","targetHints":{"allow":["GET"]}}],"collection":[{"href":"https:\/\/carrefourdespatrimoines.fr\/index.php?rest_route=\/wp\/v2\/pages"}],"about":[{"href":"https:\/\/carrefourdespatrimoines.fr\/index.php?rest_route=\/wp\/v2\/types\/page"}],"author":[{"embeddable":true,"href":"https:\/\/carrefourdespatrimoines.fr\/index.php?rest_route=\/wp\/v2\/users\/1"}],"replies":[{"embeddable":true,"href":"https:\/\/carrefourdespatrimoines.fr\/index.php?rest_route=%2Fwp%2Fv2%2Fcomments&post=3787"}],"version-history":[{"count":67,"href":"https:\/\/carrefourdespatrimoines.fr\/index.php?rest_route=\/wp\/v2\/pages\/3787\/revisions"}],"predecessor-version":[{"id":6714,"href":"https:\/\/carrefourdespatrimoines.fr\/index.php?rest_route=\/wp\/v2\/pages\/3787\/revisions\/6714"}],"wp:featuredmedia":[{"embeddable":true,"href":"https:\/\/carrefourdespatrimoines.fr\/index.php?rest_route=\/wp\/v2\/media\/4587"}],"wp:attachment":[{"href":"https:\/\/carrefourdespatrimoines.fr\/index.php?rest_route=%2Fwp%2Fv2%2Fmedia&parent=3787"}],"curies":[{"name":"wp","href":"https:\/\/api.w.org\/{rel}","templated":true}]}}