{"id":100,"date":"2019-07-02T20:01:33","date_gmt":"2019-07-02T20:01:33","guid":{"rendered":"http:\/\/carrefourdespatrimoines.fr\/?page_id=100"},"modified":"2025-07-11T10:32:10","modified_gmt":"2025-07-11T08:32:10","slug":"actualites","status":"publish","type":"page","link":"https:\/\/carrefourdespatrimoines.fr\/?page_id=100","title":{"rendered":"Actualit\u00e9s"},"content":{"rendered":"<h2>actualit\u00e9s<\/h2>\n<p>\t<img decoding=\"async\" width=\"780\" height=\"480\" src=\"https:\/\/carrefourdespatrimoines.fr\/wp-content\/uploads\/2024\/01\/bonne-annee_2024-780x480.jpg\" alt=\"\" loading=\"lazy\" \/><br \/>\n\t\t\t\t\t\t\t\t\t<a href=\"https:\/\/carrefourdespatrimoines.fr\/evenement\/adhesion-2024\/\"  aria-hidden=\"true\"><img decoding=\"async\" src=\"https:\/\/carrefourdespatrimoines.fr\/wp-content\/themes\/confix\/skins\/default\/images\/eye-open.png\" alt=\"#\"><\/a><br \/>\n\t\t\t<a href=\"https:\/\/carrefourdespatrimoines.fr\/evenement\/adhesion-2024\/\">31Mai<\/a><br \/>\n\t\t\t\t31 mai 2024-31 mai 2025<\/p>\n<h4><a href=\"https:\/\/carrefourdespatrimoines.fr\/evenement\/adhesion-2024\/\">Adh\u00e9sion 2024<\/a><\/h4>\n<p>\t\t\t\t\t\t\tVous souhaitez soutenir les actions culturelles r\u00e9alis\u00e9es par l&#8217;association ? Vous pouvez adh\u00e9rer\u00a0 et \/ ou faire un don. En adh\u00e9rent, vous soutenez les traditionnels \u00e9v\u00e9nements estivaux qui ont lieux&hellip;<br \/>\n\t\t\t<a href=\"https:\/\/carrefourdespatrimoines.fr\/evenement\/adhesion-2024\/\"><br \/>\n\t\t\t\tMore info\t\t\t<\/a><br \/>\n\t<img decoding=\"async\" width=\"600\" height=\"480\" src=\"https:\/\/carrefourdespatrimoines.fr\/wp-content\/uploads\/2024\/06\/porteurs-du-pic-600x480.jpg\" alt=\"\" loading=\"lazy\" \/><br \/>\n\t\t\t\t\t\t\t\t\t<a href=\"https:\/\/carrefourdespatrimoines.fr\/evenement\/conference-les-porteurs-du-pic-du-midi\/\"  aria-hidden=\"true\"><img decoding=\"async\" src=\"https:\/\/carrefourdespatrimoines.fr\/wp-content\/themes\/confix\/skins\/default\/images\/eye-open.png\" alt=\"#\"><\/a><br \/>\n\t\t\t<a href=\"https:\/\/carrefourdespatrimoines.fr\/evenement\/conference-les-porteurs-du-pic-du-midi\/\">13Juin<\/a><br \/>\n\t\t\t\t13 juin 2024 08:00<\/p>\n<h4><a href=\"https:\/\/carrefourdespatrimoines.fr\/evenement\/conference-les-porteurs-du-pic-du-midi\/\">Conf\u00e9rence &#8220;Les porteurs du pic du Midi&#8221;<\/a><\/h4>\n<p>\t\t\t\t\t\t\tConf\u00e9rence Les porteurs du pic du Midi de Bigorre : une \u00e9pop\u00e9e de 70 ans Jean Louis Rey Vendredi 5 juillet \u00e0 18h30 Nous avons l&#8217;honneur d&#8217;invit\u00e9 Jean-Louis Rey, membre&hellip;<br \/>\n\t\t\t<a href=\"https:\/\/carrefourdespatrimoines.fr\/evenement\/conference-les-porteurs-du-pic-du-midi\/\"><br \/>\n\t\t\t\tMore info\t\t\t<\/a><br \/>\n\t<img decoding=\"async\" width=\"780\" height=\"480\" src=\"https:\/\/carrefourdespatrimoines.fr\/wp-content\/uploads\/2024\/04\/JPPM-carre-2023-v11-780x480.jpg\" alt=\"\" loading=\"lazy\" \/><br \/>\n\t\t\t\t\t\t\t\t\t<a href=\"https:\/\/carrefourdespatrimoines.fr\/evenement\/journees-du-patrimoines-de-pays-et-des-moulins-2024\/\"  aria-hidden=\"true\"><img decoding=\"async\" src=\"https:\/\/carrefourdespatrimoines.fr\/wp-content\/themes\/confix\/skins\/default\/images\/eye-open.png\" alt=\"#\"><\/a><br \/>\n\t\t\t<a href=\"https:\/\/carrefourdespatrimoines.fr\/evenement\/journees-du-patrimoines-de-pays-et-des-moulins-2024\/\">21Juin<\/a><br \/>\n\t\t\t\t21 juin 2024 08:00-23 juin 2024 17:00<\/p>\n<h4><a href=\"https:\/\/carrefourdespatrimoines.fr\/evenement\/journees-du-patrimoines-de-pays-et-des-moulins-2024\/\">Journ\u00e9es du Patrimoines de Pays et des Moulins 2024<\/a><\/h4>\n<p>\t\t\t\t\t\t\tL&#8217;eau, utile \u00e0 tous A l\u2019occasion de la 26\u00e8me \u00e9dition des Journ\u00e9es du Patrimoine de Pays et des Moulins sur le th\u00e8me \u00ab L&#8217;eau, utile \u00e0 tous \u00bb, les associations&hellip;<br \/>\n\t\t\t<a href=\"https:\/\/carrefourdespatrimoines.fr\/evenement\/journees-du-patrimoines-de-pays-et-des-moulins-2024\/\"><br \/>\n\t\t\t\tMore info\t\t\t<\/a><br \/>\n\t<img decoding=\"async\" width=\"780\" height=\"480\" src=\"https:\/\/carrefourdespatrimoines.fr\/wp-content\/uploads\/2024\/06\/sth74599r-780x480.jpg\" alt=\"\" loading=\"lazy\" \/><br \/>\n\t\t\t\t\t\t\t\t\t<a href=\"https:\/\/carrefourdespatrimoines.fr\/evenement\/demonstration-daquarelle-par-reine-marie-pinchon\/\"  aria-hidden=\"true\"><img decoding=\"async\" src=\"https:\/\/carrefourdespatrimoines.fr\/wp-content\/themes\/confix\/skins\/default\/images\/eye-open.png\" alt=\"#\"><\/a><br \/>\n\t\t\t<a href=\"https:\/\/carrefourdespatrimoines.fr\/evenement\/demonstration-daquarelle-par-reine-marie-pinchon\/\">11Juil<\/a><br \/>\n\t\t\t\t11 juillet 2024 18:30<\/p>\n<h4><a href=\"https:\/\/carrefourdespatrimoines.fr\/evenement\/demonstration-daquarelle-par-reine-marie-pinchon\/\">D\u00e9monstration d&#8217;aquarelle par Reine-Marie Pinchon<\/a><\/h4>\n<p>\t\t\t\t\t\t\tD\u00e9monstration d&#8217;aquarelle Reine-Marie Pinchon jeudi 11 juillet \u00e0 18h30 au Mus\u00e9e Carrefour des Patrimoines \u00e0 Campan &nbsp; Les Amis de Mme Campan sont fier d&#8217;accueillir l&#8217;artiste aquarelliste Reine-Marie Pinchon, pour&hellip;<br \/>\n\t\t\t<a href=\"https:\/\/carrefourdespatrimoines.fr\/evenement\/demonstration-daquarelle-par-reine-marie-pinchon\/\"><br \/>\n\t\t\t\tMore info\t\t\t<\/a><br \/>\n\t<img decoding=\"async\" width=\"780\" height=\"480\" src=\"https:\/\/carrefourdespatrimoines.fr\/wp-content\/uploads\/2024\/03\/b1_3-780x480.jpg\" alt=\"\" loading=\"lazy\" \/><br \/>\n\t\t\t\t\t\t\t\t\t<a href=\"https:\/\/carrefourdespatrimoines.fr\/evenement\/stage-daquarelle-avec-reine-marie-pinchon\/\"  aria-hidden=\"true\"><img decoding=\"async\" src=\"https:\/\/carrefourdespatrimoines.fr\/wp-content\/themes\/confix\/skins\/default\/images\/eye-open.png\" alt=\"#\"><\/a><br \/>\n\t\t\t<a href=\"https:\/\/carrefourdespatrimoines.fr\/evenement\/stage-daquarelle-avec-reine-marie-pinchon\/\">13Juil<\/a><br \/>\n\t\t\t\t13 juillet 2024-14 juillet 2024<\/p>\n<h4><a href=\"https:\/\/carrefourdespatrimoines.fr\/evenement\/stage-daquarelle-avec-reine-marie-pinchon\/\">Stage d&#8217;aquarelle avec Reine Marie Pinchon<\/a><\/h4>\n<p>\t\t\t\t\t\t\tLe stage dont le th\u00e8me est\u00a0 &#8220;montagne et pigments&#8221;&#8216;\u00a0 se situe dans le cadre de l\u2019exposition \/ concours d\u2019aquarelle \u00e0 SainteMarie de Campan qui se tient du 12 au 27&hellip;<br \/>\n\t\t\t<a href=\"https:\/\/carrefourdespatrimoines.fr\/evenement\/stage-daquarelle-avec-reine-marie-pinchon\/\"><br \/>\n\t\t\t\tMore info\t\t\t<\/a><br \/>\n\t<img decoding=\"async\" width=\"780\" height=\"480\" src=\"https:\/\/carrefourdespatrimoines.fr\/wp-content\/uploads\/2024\/03\/thumbnail_20240212_160854-Yves-David-web-780x480.jpg\" alt=\"\" loading=\"lazy\" \/><br \/>\n\t\t\t\t\t\t\t\t\t<a href=\"https:\/\/carrefourdespatrimoines.fr\/evenement\/exposition-artistes-aquitania-2024\/\"  aria-hidden=\"true\"><img decoding=\"async\" src=\"https:\/\/carrefourdespatrimoines.fr\/wp-content\/themes\/confix\/skins\/default\/images\/eye-open.png\" alt=\"#\"><\/a><br \/>\n\t\t\t<a href=\"https:\/\/carrefourdespatrimoines.fr\/evenement\/exposition-artistes-aquitania-2024\/\">30Juil<\/a><br \/>\n\t\t\t\t30 juillet 2024-11 ao\u00fbt 2024<\/p>\n<h4><a href=\"https:\/\/carrefourdespatrimoines.fr\/evenement\/exposition-artistes-aquitania-2024\/\">Exposition Artistes Aquitania 2024<\/a><\/h4>\n<p>\t\t\t\t\t\t\tArtistes Aquitania, floril\u00e8ge des styles et peintures, revient pour une troisi\u00e8me \u00e9dition ! L&#8217;exposition se tiendra du 30 juillet au 11 ao\u00fbt \u00e0 Sainte-Marie de Campan. Nous sommes \u00e0 la&hellip;<br \/>\n\t\t\t<a href=\"https:\/\/carrefourdespatrimoines.fr\/evenement\/exposition-artistes-aquitania-2024\/\"><br \/>\n\t\t\t\tMore info\t\t\t<\/a><\/p>\n<h2>pass\u00e9s<\/h2>\n<article id=\"post-5962\" \n\tclass=\"post_item post_item_container post_format_standard post_layout_portfolio post_layout_portfolio_3 post-5962 type-tribe_events status-publish has-post-thumbnail hentry tribe_events_cat-actualites tribe_events_cat-aquarelle tribe_events_cat-passe cat_actualites cat_aquarelle cat_passe\"><br \/>\n<img decoding=\"async\" width=\"370\" height=\"208\" src=\"https:\/\/carrefourdespatrimoines.fr\/wp-content\/uploads\/2023\/07\/02-C-1er-prix-cambianica-francoise-370x208.jpg\" alt=\"\" loading=\"lazy\" srcset=\"https:\/\/carrefourdespatrimoines.fr\/wp-content\/uploads\/2023\/07\/02-C-1er-prix-cambianica-francoise-370x208.jpg 370w, https:\/\/carrefourdespatrimoines.fr\/wp-content\/uploads\/2023\/07\/02-C-1er-prix-cambianica-francoise-1170x658.jpg 1170w, https:\/\/carrefourdespatrimoines.fr\/wp-content\/uploads\/2023\/07\/02-C-1er-prix-cambianica-francoise-270x152.jpg 270w\" sizes=\"auto, (max-width: 767px) 100vw, 370px\" \/><br \/>\n\t\t\t\t\t\t\t\t\t<a href=\"https:\/\/carrefourdespatrimoines.fr\/evenement\/resultats-du-concours-daquarelles-2023\/\"  aria-hidden=\"true\"><\/a><\/p>\n<h5><a href=\"https:\/\/carrefourdespatrimoines.fr\/evenement\/resultats-du-concours-daquarelles-2023\/\">R\u00e9sultats du concours d&#8217;aquarelles 2023<\/a><\/h5>\n<\/article>\n<article id=\"post-5941\" \n\tclass=\"post_item post_item_container post_format_standard post_layout_portfolio post_layout_portfolio_3 post-5941 type-tribe_events status-publish has-post-thumbnail hentry tribe_events_cat-exposition tribe_events_cat-passe cat_exposition cat_passe\"><br \/>\n<img decoding=\"async\" width=\"370\" height=\"208\" src=\"https:\/\/carrefourdespatrimoines.fr\/wp-content\/uploads\/2023\/06\/yves-david-ocean-bandeau-370x208.jpg\" alt=\"\" loading=\"lazy\" srcset=\"https:\/\/carrefourdespatrimoines.fr\/wp-content\/uploads\/2023\/06\/yves-david-ocean-bandeau-370x208.jpg 370w, https:\/\/carrefourdespatrimoines.fr\/wp-content\/uploads\/2023\/06\/yves-david-ocean-bandeau-270x152.jpg 270w\" sizes=\"auto, (max-width: 767px) 100vw, 370px\" \/><br \/>\n\t\t\t\t\t\t\t\t\t<a href=\"https:\/\/carrefourdespatrimoines.fr\/evenement\/artistes-aquitania-3\/\"  aria-hidden=\"true\"><\/a><\/p>\n<h5><a href=\"https:\/\/carrefourdespatrimoines.fr\/evenement\/artistes-aquitania-3\/\">ARTISTES AQUITANIA<\/a><\/h5>\n<\/article>\n<article id=\"post-5910\" \n\tclass=\"post_item post_item_container post_format_standard post_layout_portfolio post_layout_portfolio_3 post-5910 type-tribe_events status-publish has-post-thumbnail hentry tribe_events_cat-passe tribe_events_cat-theatre cat_passe cat_theatre\"><br \/>\n<img decoding=\"async\" width=\"370\" height=\"208\" src=\"https:\/\/carrefourdespatrimoines.fr\/wp-content\/uploads\/2023\/06\/AILESAFFICHE-bandeau-370x208.jpg\" alt=\"\" loading=\"lazy\" srcset=\"https:\/\/carrefourdespatrimoines.fr\/wp-content\/uploads\/2023\/06\/AILESAFFICHE-bandeau-370x208.jpg 370w, https:\/\/carrefourdespatrimoines.fr\/wp-content\/uploads\/2023\/06\/AILESAFFICHE-bandeau-1170x658.jpg 1170w, https:\/\/carrefourdespatrimoines.fr\/wp-content\/uploads\/2023\/06\/AILESAFFICHE-bandeau-270x152.jpg 270w\" sizes=\"auto, (max-width: 767px) 100vw, 370px\" \/><br \/>\n\t\t\t\t\t\t\t\t\t<a href=\"https:\/\/carrefourdespatrimoines.fr\/evenement\/le-songe-de-romeo-et-juliette\/\"  aria-hidden=\"true\"><\/a><\/p>\n<h5><a href=\"https:\/\/carrefourdespatrimoines.fr\/evenement\/le-songe-de-romeo-et-juliette\/\">Le songe de Rom\u00e9o et Juliette<\/a><\/h5>\n<\/article>\n<article id=\"post-5861\" \n\tclass=\"post_item post_item_container post_format_standard post_layout_portfolio post_layout_portfolio_3 post-5861 type-tribe_events status-publish has-post-thumbnail hentry tribe_events_cat-passe cat_passe\"><br \/>\n<img decoding=\"async\" width=\"370\" height=\"208\" src=\"https:\/\/carrefourdespatrimoines.fr\/wp-content\/uploads\/2023\/04\/Pyrenees_2020__GrenouilleRousse-370x208.jpg\" alt=\"\" loading=\"lazy\" srcset=\"https:\/\/carrefourdespatrimoines.fr\/wp-content\/uploads\/2023\/04\/Pyrenees_2020__GrenouilleRousse-370x208.jpg 370w, https:\/\/carrefourdespatrimoines.fr\/wp-content\/uploads\/2023\/04\/Pyrenees_2020__GrenouilleRousse-1170x658.jpg 1170w, https:\/\/carrefourdespatrimoines.fr\/wp-content\/uploads\/2023\/04\/Pyrenees_2020__GrenouilleRousse-270x152.jpg 270w\" sizes=\"auto, (max-width: 767px) 100vw, 370px\" \/><br \/>\n\t\t\t\t\t\t\t\t\t<a href=\"https:\/\/carrefourdespatrimoines.fr\/evenement\/sortie-en-montagne-et-conference\/\"  aria-hidden=\"true\"><\/a><\/p>\n<h5><a href=\"https:\/\/carrefourdespatrimoines.fr\/evenement\/sortie-en-montagne-et-conference\/\">Sortie en montagne et Conf\u00e9rence<\/a><\/h5>\n<\/article>\n<article id=\"post-5842\" \n\tclass=\"post_item post_item_container post_format_standard post_layout_portfolio post_layout_portfolio_3 post-5842 type-tribe_events status-publish has-post-thumbnail hentry tribe_events_cat-atelier tribe_events_cat-passe cat_atelier cat_passe\"><br \/>\n<img decoding=\"async\" width=\"370\" height=\"208\" src=\"https:\/\/carrefourdespatrimoines.fr\/wp-content\/uploads\/2023\/04\/Louvre-monalisait-768x613-1-370x208.jpg\" alt=\"\" loading=\"lazy\" srcset=\"https:\/\/carrefourdespatrimoines.fr\/wp-content\/uploads\/2023\/04\/Louvre-monalisait-768x613-1-370x208.jpg 370w, https:\/\/carrefourdespatrimoines.fr\/wp-content\/uploads\/2023\/04\/Louvre-monalisait-768x613-1-270x152.jpg 270w\" sizes=\"auto, (max-width: 767px) 100vw, 370px\" \/><br \/>\n\t\t\t\t\t\t\t\t\t<a href=\"https:\/\/carrefourdespatrimoines.fr\/evenement\/ateliers-photo\/\"  aria-hidden=\"true\"><\/a><\/p>\n<h5><a href=\"https:\/\/carrefourdespatrimoines.fr\/evenement\/ateliers-photo\/\">Ateliers Photo<\/a><\/h5>\n<\/article>\n<article id=\"post-5461\" \n\tclass=\"post_item post_item_container post_format_standard post_layout_portfolio post_layout_portfolio_3 post-5461 type-tribe_events status-publish has-post-thumbnail hentry tribe_events_cat-actualites tribe_events_cat-exposition tribe_events_cat-passe cat_actualites cat_exposition cat_passe\"><br \/>\n<img decoding=\"async\" width=\"370\" height=\"208\" src=\"https:\/\/carrefourdespatrimoines.fr\/wp-content\/uploads\/2022\/07\/01-Karine_ZEMB-370x208.jpg\" alt=\"\" loading=\"lazy\" srcset=\"https:\/\/carrefourdespatrimoines.fr\/wp-content\/uploads\/2022\/07\/01-Karine_ZEMB-370x208.jpg 370w, https:\/\/carrefourdespatrimoines.fr\/wp-content\/uploads\/2022\/07\/01-Karine_ZEMB-1170x658.jpg 1170w, https:\/\/carrefourdespatrimoines.fr\/wp-content\/uploads\/2022\/07\/01-Karine_ZEMB-270x152.jpg 270w\" sizes=\"auto, (max-width: 767px) 100vw, 370px\" \/><br \/>\n\t\t\t\t\t\t\t\t\t<a href=\"https:\/\/carrefourdespatrimoines.fr\/evenement\/resultats-concours-daquarelles-2022\/\"  aria-hidden=\"true\"><\/a><\/p>\n<h5><a href=\"https:\/\/carrefourdespatrimoines.fr\/evenement\/resultats-concours-daquarelles-2022\/\">R\u00e9sultats concours d&#8217;aquarelles 2022<\/a><\/h5>\n<\/article>\n<article id=\"post-5437\" \n\tclass=\"post_item post_item_container post_format_standard post_layout_portfolio post_layout_portfolio_3 post-5437 type-tribe_events status-publish has-post-thumbnail hentry tribe_events_cat-actualites tribe_events_cat-exhibitions tribe_events_cat-exposition tribe_events_cat-passe cat_actualites cat_exhibitions cat_exposition cat_passe\"><br \/>\n<img decoding=\"async\" width=\"370\" height=\"208\" src=\"https:\/\/carrefourdespatrimoines.fr\/wp-content\/uploads\/2022\/06\/paint-web-370x208.jpg\" alt=\"\" loading=\"lazy\" srcset=\"https:\/\/carrefourdespatrimoines.fr\/wp-content\/uploads\/2022\/06\/paint-web-370x208.jpg 370w, https:\/\/carrefourdespatrimoines.fr\/wp-content\/uploads\/2022\/06\/paint-web-1170x658.jpg 1170w, https:\/\/carrefourdespatrimoines.fr\/wp-content\/uploads\/2022\/06\/paint-web-270x152.jpg 270w\" sizes=\"auto, (max-width: 767px) 100vw, 370px\" \/><br \/>\n\t\t\t\t\t\t\t\t\t<a href=\"https:\/\/carrefourdespatrimoines.fr\/evenement\/artistes-aquitania\/\"  aria-hidden=\"true\"><\/a><\/p>\n<h5><a href=\"https:\/\/carrefourdespatrimoines.fr\/evenement\/artistes-aquitania\/\">Artistes Aquitania<\/a><\/h5>\n<\/article>\n<article id=\"post-5346\" \n\tclass=\"post_item post_item_container post_format_standard post_layout_portfolio post_layout_portfolio_3 post-5346 type-tribe_events status-publish has-post-thumbnail hentry tribe_events_cat-passe tribe_events_cat-randonnee cat_passe cat_randonnee\"><br \/>\n<img decoding=\"async\" width=\"370\" height=\"208\" src=\"https:\/\/carrefourdespatrimoines.fr\/wp-content\/uploads\/2022\/05\/04-Teilhet-370x208.jpg\" alt=\"\" loading=\"lazy\" srcset=\"https:\/\/carrefourdespatrimoines.fr\/wp-content\/uploads\/2022\/05\/04-Teilhet-370x208.jpg 370w, https:\/\/carrefourdespatrimoines.fr\/wp-content\/uploads\/2022\/05\/04-Teilhet-1170x658.jpg 1170w, https:\/\/carrefourdespatrimoines.fr\/wp-content\/uploads\/2022\/05\/04-Teilhet-270x152.jpg 270w\" sizes=\"auto, (max-width: 767px) 100vw, 370px\" \/><br \/>\n\t\t\t\t\t\t\t\t\t<a href=\"https:\/\/carrefourdespatrimoines.fr\/evenement\/autour-des-courtaous\/\"  aria-hidden=\"true\"><\/a><\/p>\n<h5><a href=\"https:\/\/carrefourdespatrimoines.fr\/evenement\/autour-des-courtaous\/\">Autour des Court\u00e0ous<\/a><\/h5>\n<\/article>\n<article id=\"post-3622\" \n\tclass=\"post_item post_item_container post_format_standard post_layout_portfolio post_layout_portfolio_3 post-3622 type-tribe_events status-publish has-post-thumbnail hentry tribe_events_cat-exposition tribe_events_cat-passe cat_exposition cat_passe\"><br \/>\n<img decoding=\"async\" width=\"370\" height=\"208\" src=\"https:\/\/carrefourdespatrimoines.fr\/wp-content\/uploads\/2021\/11\/expo-laine-02-370x208.jpg\" alt=\"\" loading=\"lazy\" srcset=\"https:\/\/carrefourdespatrimoines.fr\/wp-content\/uploads\/2021\/11\/expo-laine-02-370x208.jpg 370w, https:\/\/carrefourdespatrimoines.fr\/wp-content\/uploads\/2021\/11\/expo-laine-02-1170x658.jpg 1170w, https:\/\/carrefourdespatrimoines.fr\/wp-content\/uploads\/2021\/11\/expo-laine-02-270x152.jpg 270w\" sizes=\"auto, (max-width: 767px) 100vw, 370px\" \/><br \/>\n\t\t\t\t\t\t\t\t\t<a href=\"https:\/\/carrefourdespatrimoines.fr\/evenement\/exposition-lart-du-tissage\/\"  aria-hidden=\"true\"><\/a><\/p>\n<h5><a href=\"https:\/\/carrefourdespatrimoines.fr\/evenement\/exposition-lart-du-tissage\/\">Exposition L\u2019art du tissage<\/a><\/h5>\n<\/article>\n<article id=\"post-2911\" \n\tclass=\"post_item post_item_container post_format_standard post_layout_portfolio post_layout_portfolio_3 post-2911 type-tribe_events status-publish has-post-thumbnail hentry tribe_events_cat-passe tribe_events_cat-spectacle cat_passe cat_spectacle\"><br \/>\n<img decoding=\"async\" width=\"370\" height=\"208\" src=\"https:\/\/carrefourdespatrimoines.fr\/wp-content\/uploads\/2019\/07\/13_Don_Quijote-370x208.jpg\" alt=\"\" loading=\"lazy\" srcset=\"https:\/\/carrefourdespatrimoines.fr\/wp-content\/uploads\/2019\/07\/13_Don_Quijote-370x208.jpg 370w, https:\/\/carrefourdespatrimoines.fr\/wp-content\/uploads\/2019\/07\/13_Don_Quijote-1170x658.jpg 1170w, https:\/\/carrefourdespatrimoines.fr\/wp-content\/uploads\/2019\/07\/13_Don_Quijote-270x152.jpg 270w\" sizes=\"auto, (max-width: 767px) 100vw, 370px\" \/><br \/>\n\t\t\t\t\t\t\t\t\t<a href=\"https:\/\/carrefourdespatrimoines.fr\/evenement\/hola-don-quichotte\/\"  aria-hidden=\"true\"><\/a><\/p>\n<h5><a href=\"https:\/\/carrefourdespatrimoines.fr\/evenement\/hola-don-quichotte\/\">Th\u00e9\u00e2tre Hola Don Quichotte<\/a><\/h5>\n<\/article>\n<article id=\"post-373\" \n\tclass=\"post_item post_item_container post_format_standard post_layout_portfolio post_layout_portfolio_3 post-373 type-tribe_events status-publish has-post-thumbnail hentry tribe_events_cat-exposition tribe_events_cat-passe cat_exposition cat_passe\"><br \/>\n<img decoding=\"async\" width=\"370\" height=\"208\" src=\"https:\/\/carrefourdespatrimoines.fr\/wp-content\/uploads\/2021\/07\/VGA6657-1024x683-1-370x208.jpg\" alt=\"\" loading=\"lazy\" srcset=\"https:\/\/carrefourdespatrimoines.fr\/wp-content\/uploads\/2021\/07\/VGA6657-1024x683-1-370x208.jpg 370w, https:\/\/carrefourdespatrimoines.fr\/wp-content\/uploads\/2021\/07\/VGA6657-1024x683-1-270x152.jpg 270w\" sizes=\"auto, (max-width: 767px) 100vw, 370px\" \/><br \/>\n\t\t\t\t\t\t\t\t\t<a href=\"https:\/\/carrefourdespatrimoines.fr\/evenement\/concours-aquarelles-2021\/\"  aria-hidden=\"true\"><\/a><\/p>\n<h5><a href=\"https:\/\/carrefourdespatrimoines.fr\/evenement\/concours-aquarelles-2021\/\">Concours et exposition d&#8217;aquarelles 2021<\/a><\/h5>\n<\/article>\n<article id=\"post-370\" \n\tclass=\"post_item post_item_container post_format_standard post_layout_portfolio post_layout_portfolio_3 post-370 type-tribe_events status-publish has-post-thumbnail hentry tribe_events_cat-passe tribe_events_cat-rencontres cat_passe cat_rencontres\"><br \/>\n<img decoding=\"async\" width=\"370\" height=\"208\" src=\"https:\/\/carrefourdespatrimoines.fr\/wp-content\/uploads\/2019\/07\/payolle-b-quillacq02-370x208.jpg\" alt=\"\" loading=\"lazy\" srcset=\"https:\/\/carrefourdespatrimoines.fr\/wp-content\/uploads\/2019\/07\/payolle-b-quillacq02-370x208.jpg 370w, https:\/\/carrefourdespatrimoines.fr\/wp-content\/uploads\/2019\/07\/payolle-b-quillacq02-270x152.jpg 270w\" sizes=\"auto, (max-width: 767px) 100vw, 370px\" \/><br \/>\n\t\t\t\t\t\t\t\t\t<a href=\"https:\/\/carrefourdespatrimoines.fr\/evenement\/demo-aquarelles-2021\/\"  aria-hidden=\"true\"><\/a><\/p>\n<h5><a href=\"https:\/\/carrefourdespatrimoines.fr\/evenement\/demo-aquarelles-2021\/\">D\u00e9monstration d&#8217;aquarelles Bernard Quillacq<\/a><\/h5>\n<\/article>\n<article id=\"post-350\" \n\tclass=\"post_item post_item_container post_format_standard post_layout_portfolio post_layout_portfolio_3 post-350 type-tribe_events status-publish has-post-thumbnail hentry tribe_events_cat-passe tribe_events_cat-rencontres cat_passe cat_rencontres\"><br \/>\n<img decoding=\"async\" width=\"370\" height=\"208\" src=\"https:\/\/carrefourdespatrimoines.fr\/wp-content\/uploads\/2019\/07\/journees-numerisation-01-370x208.jpg\" alt=\"\" loading=\"lazy\" srcset=\"https:\/\/carrefourdespatrimoines.fr\/wp-content\/uploads\/2019\/07\/journees-numerisation-01-370x208.jpg 370w, https:\/\/carrefourdespatrimoines.fr\/wp-content\/uploads\/2019\/07\/journees-numerisation-01-300x169.jpg 300w, https:\/\/carrefourdespatrimoines.fr\/wp-content\/uploads\/2019\/07\/journees-numerisation-01-1024x576.jpg 1024w, https:\/\/carrefourdespatrimoines.fr\/wp-content\/uploads\/2019\/07\/journees-numerisation-01-768x432.jpg 768w, https:\/\/carrefourdespatrimoines.fr\/wp-content\/uploads\/2019\/07\/journees-numerisation-01-1536x864.jpg 1536w, https:\/\/carrefourdespatrimoines.fr\/wp-content\/uploads\/2019\/07\/journees-numerisation-01-1170x658.jpg 1170w, https:\/\/carrefourdespatrimoines.fr\/wp-content\/uploads\/2019\/07\/journees-numerisation-01-760x428.jpg 760w, https:\/\/carrefourdespatrimoines.fr\/wp-content\/uploads\/2019\/07\/journees-numerisation-01-600x338.jpg 600w, https:\/\/carrefourdespatrimoines.fr\/wp-content\/uploads\/2019\/07\/journees-numerisation-01-270x152.jpg 270w, https:\/\/carrefourdespatrimoines.fr\/wp-content\/uploads\/2019\/07\/journees-numerisation-01.jpg 2000w\" sizes=\"auto, (max-width: 767px) 100vw, 370px\" \/><br \/>\n\t\t\t\t\t\t\t\t\t<a href=\"https:\/\/carrefourdespatrimoines.fr\/evenement\/journees-numerisation\/\"  aria-hidden=\"true\"><\/a><\/p>\n<h5><a href=\"https:\/\/carrefourdespatrimoines.fr\/evenement\/journees-numerisation\/\">journ\u00e9es de la num\u00e9risation<\/a><\/h5>\n<\/article>\n","protected":false},"excerpt":{"rendered":"<p>actualit\u00e9s 31Mai 31 mai 2024-31 mai 2025 Adh\u00e9sion 2024 Vous souhaitez soutenir les actions culturelles r\u00e9alis\u00e9es par l&#8217;association ? Vous pouvez adh\u00e9rer\u00a0 et \/ ou faire un don. En adh\u00e9rent,&hellip;<\/p>\n","protected":false},"author":1,"featured_media":0,"parent":0,"menu_order":0,"comment_status":"closed","ping_status":"closed","template":"","meta":{"footnotes":""},"class_list":["post-100","page","type-page","status-publish","hentry"],"_links":{"self":[{"href":"https:\/\/carrefourdespatrimoines.fr\/index.php?rest_route=\/wp\/v2\/pages\/100","targetHints":{"allow":["GET"]}}],"collection":[{"href":"https:\/\/carrefourdespatrimoines.fr\/index.php?rest_route=\/wp\/v2\/pages"}],"about":[{"href":"https:\/\/carrefourdespatrimoines.fr\/index.php?rest_route=\/wp\/v2\/types\/page"}],"author":[{"embeddable":true,"href":"https:\/\/carrefourdespatrimoines.fr\/index.php?rest_route=\/wp\/v2\/users\/1"}],"replies":[{"embeddable":true,"href":"https:\/\/carrefourdespatrimoines.fr\/index.php?rest_route=%2Fwp%2Fv2%2Fcomments&post=100"}],"version-history":[{"count":62,"href":"https:\/\/carrefourdespatrimoines.fr\/index.php?rest_route=\/wp\/v2\/pages\/100\/revisions"}],"predecessor-version":[{"id":6269,"href":"https:\/\/carrefourdespatrimoines.fr\/index.php?rest_route=\/wp\/v2\/pages\/100\/revisions\/6269"}],"wp:attachment":[{"href":"https:\/\/carrefourdespatrimoines.fr\/index.php?rest_route=%2Fwp%2Fv2%2Fmedia&parent=100"}],"curies":[{"name":"wp","href":"https:\/\/api.w.org\/{rel}","templated":true}]}}