{"id":3886,"date":"2021-11-25T14:20:56","date_gmt":"2021-11-25T13:20:56","guid":{"rendered":"https:\/\/carrefourdespatrimoines.fr\/?post_type=cpt_portfolio&#038;p=3886"},"modified":"2021-11-26T11:55:32","modified_gmt":"2021-11-26T10:55:32","slug":"lassociation-des-pecheurs-campanois","status":"publish","type":"cpt_portfolio","link":"https:\/\/carrefourdespatrimoines.fr\/?cpt_portfolio=lassociation-des-pecheurs-campanois","title":{"rendered":"Et pour vous amuser&#8230;"},"content":{"rendered":"\t\t<div data-elementor-type=\"wp-post\" data-elementor-id=\"3886\" class=\"elementor elementor-3886\">\n\t\t\t\t\t\t<div class=\"elementor-inner\">\n\t\t\t\t<div class=\"elementor-section-wrap\">\n\t\t\t\t\t\t\t\t\t<section class=\"elementor-section elementor-top-section elementor-element elementor-element-90c7d59 elementor-section-boxed elementor-section-height-default elementor-section-height-default sc_fly_static\" data-id=\"90c7d59\" data-element_type=\"section\">\n\t\t\t\t\t\t<div class=\"elementor-container elementor-column-gap-no\">\n\t\t\t\t\t\t\t<div class=\"elementor-row\">\n\t\t\t\t\t<div class=\"elementor-column elementor-col-100 elementor-top-column elementor-element elementor-element-780285d sc_inner_width_none sc_content_align_inherit sc_layouts_column_icons_position_left sc_fly_static\" data-id=\"780285d\" data-element_type=\"column\">\n\t\t\t<div class=\"elementor-column-wrap elementor-element-populated\">\n\t\t\t\t\t\t\t<div class=\"elementor-widget-wrap\">\n\t\t\t\t\t\t<div class=\"elementor-element elementor-element-93ad52f animation_type_block sc_fly_static elementor-widget elementor-widget-text-editor\" data-id=\"93ad52f\" data-element_type=\"widget\" data-widget_type=\"text-editor.default\">\n\t\t\t\t<div class=\"elementor-widget-container\">\n\t\t\t\t\t\t\t\t<div class=\"elementor-text-editor elementor-clearfix\">\n\t\t\t\t<p>En vall\u00e9e de Campan, toute l&#8217;ann\u00e9e, des animations et \u00e9v\u00e8nements pour tous !<\/p>\t\t\t\t\t<\/div>\n\t\t\t\t\t\t<\/div>\n\t\t\t\t<\/div>\n\t\t\t\t<div class=\"elementor-element elementor-element-30b2ce0 animation_type_block sc_fly_static elementor-widget elementor-widget-spacer\" data-id=\"30b2ce0\" data-element_type=\"widget\" data-widget_type=\"spacer.default\">\n\t\t\t\t<div class=\"elementor-widget-container\">\n\t\t\t\t\t<div class=\"elementor-spacer\">\n\t\t\t<div class=\"elementor-spacer-inner\"><\/div>\n\t\t<\/div>\n\t\t\t\t<\/div>\n\t\t\t\t<\/div>\n\t\t\t\t<div class=\"elementor-element elementor-element-90ae195 animation_type_block sc_fly_static elementor-widget elementor-widget-text-editor\" data-id=\"90ae195\" data-element_type=\"widget\" data-widget_type=\"text-editor.default\">\n\t\t\t\t<div class=\"elementor-widget-container\">\n\t\t\t\t\t\t\t\t<div class=\"elementor-text-editor elementor-clearfix\">\n\t\t\t\t<p>Calendrier pr\u00e9visionnel 2022 :<\/p>\t\t\t\t\t<\/div>\n\t\t\t\t\t\t<\/div>\n\t\t\t\t<\/div>\n\t\t\t\t\t\t<\/div>\n\t\t\t\t\t<\/div>\n\t\t<\/div>\n\t\t\t\t\t\t\t\t<\/div>\n\t\t\t\t\t<\/div>\n\t\t<\/section>\n\t\t\t\t<section class=\"elementor-section elementor-top-section elementor-element elementor-element-6e0f279 elementor-section-boxed elementor-section-height-default elementor-section-height-default sc_fly_static\" data-id=\"6e0f279\" data-element_type=\"section\">\n\t\t\t\t\t\t<div class=\"elementor-container elementor-column-gap-extended\">\n\t\t\t\t\t\t\t<div class=\"elementor-row\">\n\t\t\t\t\t<div class=\"elementor-column elementor-col-100 elementor-top-column elementor-element elementor-element-4635e47 sc_inner_width_none sc_content_align_inherit sc_layouts_column_icons_position_left sc_fly_static\" data-id=\"4635e47\" data-element_type=\"column\">\n\t\t\t<div class=\"elementor-column-wrap elementor-element-populated\">\n\t\t\t\t\t\t\t<div class=\"elementor-widget-wrap\">\n\t\t\t\t\t\t<div class=\"elementor-element elementor-element-8432e39 animation_type_block sc_fly_static elementor-widget elementor-widget-spacer\" data-id=\"8432e39\" data-element_type=\"widget\" data-widget_type=\"spacer.default\">\n\t\t\t\t<div class=\"elementor-widget-container\">\n\t\t\t\t\t<div class=\"elementor-spacer\">\n\t\t\t<div class=\"elementor-spacer-inner\"><\/div>\n\t\t<\/div>\n\t\t\t\t<\/div>\n\t\t\t\t<\/div>\n\t\t\t\t<div class=\"elementor-element elementor-element-536ad4f animation_type_block sc_fly_static elementor-widget elementor-widget-text-editor\" data-id=\"536ad4f\" data-element_type=\"widget\" data-widget_type=\"text-editor.default\">\n\t\t\t\t<div class=\"elementor-widget-container\">\n\t\t\t\t\t\t\t\t<div class=\"elementor-text-editor elementor-clearfix\">\n\t\t\t\t<ul><li>27 f\u00e9vrier: Carnaval \u00e0 Campan<\/li><li>6 mars: F\u00eate de la raquette \u00e0 Payolle<\/li><li>7 mai : F\u00eate de la Nuit \u00e0 Payolle<\/li><li>25\/26 juin : F\u00eates de la St Jean \u00e0 Campan<\/li><li>8\/9\/10 juillet :\u00a0 30\u00e8mes Journ\u00e9es des Mariolles \u00e0 Campan<\/li><li>16\/17 juillet : F\u00eates de La S\u00e9oube<\/li><li>16 au 31 juillet : Exposition et concours d&#8217;aquarelles \u00e0 Sainte-Marie-de-Campan<\/li><li>30\/31 juillet : F\u00eate de la montagne \u00e0 Payolle<\/li><li>4\/5\/6\/7 ao\u00fbt : Les Ailes du Th\u00e9\u00e2tre<\/li><li>14\/15 ao\u00fbt : F\u00eates de l&#8217;Assomption \u00e0 Sainte-Marie-de-Campan<\/li><li>20\/21 ao\u00fbt : F\u00eates de St Roch \u00e0 Galade<\/li><li>\u00a01er ou 2\u00e8me weekend de septembre : nettoyage des paysages<\/li><li>Au mois d&#8217;octobre: participation \u00e0 l&#8217;\u00e9v\u00e8nement national Octobre Rose<\/li><li>16 octobre : F\u00eate des B\u00e9liers\u00a0 \u00e0 Sainte-Marie-de-Campan<\/li><li>3 d\u00e9cembre : T\u00e9l\u00e9thon<\/li><\/ul>\t\t\t\t\t<\/div>\n\t\t\t\t\t\t<\/div>\n\t\t\t\t<\/div>\n\t\t\t\t<div class=\"elementor-element elementor-element-cee7b68 animation_type_block sc_fly_static elementor-widget elementor-widget-spacer\" data-id=\"cee7b68\" data-element_type=\"widget\" data-widget_type=\"spacer.default\">\n\t\t\t\t<div class=\"elementor-widget-container\">\n\t\t\t\t\t<div class=\"elementor-spacer\">\n\t\t\t<div class=\"elementor-spacer-inner\"><\/div>\n\t\t<\/div>\n\t\t\t\t<\/div>\n\t\t\t\t<\/div>\n\t\t\t\t\t\t<\/div>\n\t\t\t\t\t<\/div>\n\t\t<\/div>\n\t\t\t\t\t\t\t\t<\/div>\n\t\t\t\t\t<\/div>\n\t\t<\/section>\n\t\t\t\t<section class=\"elementor-section elementor-top-section elementor-element elementor-element-64264f7 elementor-section-boxed elementor-section-height-default elementor-section-height-default sc_fly_static\" data-id=\"64264f7\" data-element_type=\"section\">\n\t\t\t\t\t\t<div class=\"elementor-container elementor-column-gap-extended\">\n\t\t\t\t\t\t\t<div class=\"elementor-row\">\n\t\t\t\t\t<div class=\"elementor-column elementor-col-100 elementor-top-column elementor-element elementor-element-bb620f3 sc_inner_width_none sc_content_align_inherit sc_layouts_column_icons_position_left sc_fly_static\" data-id=\"bb620f3\" data-element_type=\"column\">\n\t\t\t<div class=\"elementor-column-wrap elementor-element-populated\">\n\t\t\t\t\t\t\t<div class=\"elementor-widget-wrap\">\n\t\t\t\t\t\t<div class=\"elementor-element elementor-element-5877f3c animation_type_block sc_fly_static elementor-widget elementor-widget-image-gallery\" data-id=\"5877f3c\" data-element_type=\"widget\" data-widget_type=\"image-gallery.default\">\n\t\t\t\t<div class=\"elementor-widget-container\">\n\t\t\t\t\t<div class=\"elementor-image-gallery\">\n\t\t\t<div id='gallery-1' class='gallery galleryid-3886 gallery-columns-2 gallery-size-large'><figure class='gallery-item'>\n\t\t\t<div class='gallery-icon landscape'>\n\t\t\t\t<a data-elementor-open-lightbox=\"yes\" data-elementor-lightbox-slideshow=\"5877f3c\" data-elementor-lightbox-title=\"mariolle-fete\" e-action-hash=\"#elementor-action%3Aaction%3Dlightbox%26settings%3DeyJpZCI6NDEyMSwidXJsIjoiaHR0cHM6XC9cL2NhcnJlZm91cmRlc3BhdHJpbW9pbmVzLmZyXC93cC1jb250ZW50XC91cGxvYWRzXC8yMDIxXC8xMVwvbWFyaW9sbGUtZmV0ZS5qcGciLCJzbGlkZXNob3ciOiI1ODc3ZjNjIn0%3D\" href='https:\/\/carrefourdespatrimoines.fr\/wp-content\/uploads\/2021\/11\/mariolle-fete.jpg'><img loading=\"lazy\" decoding=\"async\" width=\"800\" height=\"600\" src=\"https:\/\/carrefourdespatrimoines.fr\/wp-content\/uploads\/2021\/11\/mariolle-fete.jpg\" class=\"attachment-large size-large\" alt=\"\" aria-describedby=\"gallery-1-4121\" srcset=\"https:\/\/carrefourdespatrimoines.fr\/wp-content\/uploads\/2021\/11\/mariolle-fete.jpg 800w, https:\/\/carrefourdespatrimoines.fr\/wp-content\/uploads\/2021\/11\/mariolle-fete-300x225.jpg 300w, https:\/\/carrefourdespatrimoines.fr\/wp-content\/uploads\/2021\/11\/mariolle-fete-768x576.jpg 768w, https:\/\/carrefourdespatrimoines.fr\/wp-content\/uploads\/2021\/11\/mariolle-fete-370x278.jpg 370w, https:\/\/carrefourdespatrimoines.fr\/wp-content\/uploads\/2021\/11\/mariolle-fete-520x390.jpg 520w, https:\/\/carrefourdespatrimoines.fr\/wp-content\/uploads\/2021\/11\/mariolle-fete-760x570.jpg 760w, https:\/\/carrefourdespatrimoines.fr\/wp-content\/uploads\/2021\/11\/mariolle-fete-600x450.jpg 600w\" sizes=\"auto, (max-width: 800px) 100vw, 800px\" \/><\/a>\n\t\t\t<\/div>\n\t\t\t\t<figcaption class='wp-caption-text gallery-caption' id='gallery-1-4121'>\n\t\t\t\tF\u00eate des mariolles\n\t\t\t\t<\/figcaption><\/figure><figure class='gallery-item'>\n\t\t\t<div class='gallery-icon landscape'>\n\t\t\t\t<a data-elementor-open-lightbox=\"yes\" data-elementor-lightbox-slideshow=\"5877f3c\" data-elementor-lightbox-title=\"montagne-fete\" e-action-hash=\"#elementor-action%3Aaction%3Dlightbox%26settings%3DeyJpZCI6NDEyMiwidXJsIjoiaHR0cHM6XC9cL2NhcnJlZm91cmRlc3BhdHJpbW9pbmVzLmZyXC93cC1jb250ZW50XC91cGxvYWRzXC8yMDIxXC8xMVwvbW9udGFnbmUtZmV0ZS5qcGciLCJzbGlkZXNob3ciOiI1ODc3ZjNjIn0%3D\" href='https:\/\/carrefourdespatrimoines.fr\/wp-content\/uploads\/2021\/11\/montagne-fete.jpg'><img loading=\"lazy\" decoding=\"async\" width=\"800\" height=\"600\" src=\"https:\/\/carrefourdespatrimoines.fr\/wp-content\/uploads\/2021\/11\/montagne-fete.jpg\" class=\"attachment-large size-large\" alt=\"\" aria-describedby=\"gallery-1-4122\" srcset=\"https:\/\/carrefourdespatrimoines.fr\/wp-content\/uploads\/2021\/11\/montagne-fete.jpg 800w, https:\/\/carrefourdespatrimoines.fr\/wp-content\/uploads\/2021\/11\/montagne-fete-300x225.jpg 300w, https:\/\/carrefourdespatrimoines.fr\/wp-content\/uploads\/2021\/11\/montagne-fete-768x576.jpg 768w, https:\/\/carrefourdespatrimoines.fr\/wp-content\/uploads\/2021\/11\/montagne-fete-370x278.jpg 370w, https:\/\/carrefourdespatrimoines.fr\/wp-content\/uploads\/2021\/11\/montagne-fete-520x390.jpg 520w, https:\/\/carrefourdespatrimoines.fr\/wp-content\/uploads\/2021\/11\/montagne-fete-760x570.jpg 760w, https:\/\/carrefourdespatrimoines.fr\/wp-content\/uploads\/2021\/11\/montagne-fete-600x450.jpg 600w\" sizes=\"auto, (max-width: 800px) 100vw, 800px\" \/><\/a>\n\t\t\t<\/div>\n\t\t\t\t<figcaption class='wp-caption-text gallery-caption' id='gallery-1-4122'>\n\t\t\t\tF\u00eate de la montagne\n\t\t\t\t<\/figcaption><\/figure>\n\t\t<\/div>\n\t\t<\/div>\n\t\t\t\t<\/div>\n\t\t\t\t<\/div>\n\t\t\t\t\t\t<\/div>\n\t\t\t\t\t<\/div>\n\t\t<\/div>\n\t\t\t\t\t\t\t\t<\/div>\n\t\t\t\t\t<\/div>\n\t\t<\/section>\n\t\t\t\t<section class=\"elementor-section elementor-top-section elementor-element elementor-element-2ac8611 elementor-section-boxed elementor-section-height-default elementor-section-height-default sc_fly_static\" data-id=\"2ac8611\" data-element_type=\"section\">\n\t\t\t\t\t\t<div class=\"elementor-container elementor-column-gap-extended\">\n\t\t\t\t\t\t\t<div class=\"elementor-row\">\n\t\t\t\t\t<div class=\"elementor-column elementor-col-100 elementor-top-column elementor-element elementor-element-df7545c sc_inner_width_none sc_content_align_inherit sc_layouts_column_icons_position_left sc_fly_static\" data-id=\"df7545c\" data-element_type=\"column\">\n\t\t\t<div class=\"elementor-column-wrap elementor-element-populated\">\n\t\t\t\t\t\t\t<div class=\"elementor-widget-wrap\">\n\t\t\t\t\t\t<div class=\"elementor-element elementor-element-e9442a3 animation_type_block sc_fly_static elementor-widget elementor-widget-text-editor\" data-id=\"e9442a3\" data-element_type=\"widget\" data-widget_type=\"text-editor.default\">\n\t\t\t\t<div class=\"elementor-widget-container\">\n\t\t\t\t\t\t\t\t<div class=\"elementor-text-editor elementor-clearfix\">\n\t\t\t\t<p><span style=\"color: #333333; font-family: inpiregular, Helvetica, Arial, sans-serif; font-size: 10px; font-style: normal; font-weight: 400; letter-spacing: normal;\">\u00a9 La D\u00e9p\u00e8che<br \/><\/span><\/p>\t\t\t\t\t<\/div>\n\t\t\t\t\t\t<\/div>\n\t\t\t\t<\/div>\n\t\t\t\t\t\t<\/div>\n\t\t\t\t\t<\/div>\n\t\t<\/div>\n\t\t\t\t\t\t\t\t<\/div>\n\t\t\t\t\t<\/div>\n\t\t<\/section>\n\t\t\t\t\t\t\t\t\t<\/div>\n\t\t\t<\/div>\n\t\t\t\t\t<\/div>\n\t\t","protected":false},"excerpt":{"rendered":"<p>En vall\u00e9e de Campan, toute l&#8217;ann\u00e9e, des animations et \u00e9v\u00e8nements pour tous ! Calendrier pr\u00e9visionnel 2022 : 27 f\u00e9vrier: Carnaval \u00e0 Campan 6 mars: F\u00eate de la raquette \u00e0 Payolle&hellip;<\/p>\n","protected":false},"author":1,"featured_media":4115,"comment_status":"closed","ping_status":"closed","template":"","cpt_portfolio_group":[36],"class_list":["post-3886","cpt_portfolio","type-cpt_portfolio","status-publish","has-post-thumbnail","hentry","cpt_portfolio_group-amis"],"_links":{"self":[{"href":"https:\/\/carrefourdespatrimoines.fr\/index.php?rest_route=\/wp\/v2\/cpt_portfolio\/3886","targetHints":{"allow":["GET"]}}],"collection":[{"href":"https:\/\/carrefourdespatrimoines.fr\/index.php?rest_route=\/wp\/v2\/cpt_portfolio"}],"about":[{"href":"https:\/\/carrefourdespatrimoines.fr\/index.php?rest_route=\/wp\/v2\/types\/cpt_portfolio"}],"author":[{"embeddable":true,"href":"https:\/\/carrefourdespatrimoines.fr\/index.php?rest_route=\/wp\/v2\/users\/1"}],"replies":[{"embeddable":true,"href":"https:\/\/carrefourdespatrimoines.fr\/index.php?rest_route=%2Fwp%2Fv2%2Fcomments&post=3886"}],"version-history":[{"count":30,"href":"https:\/\/carrefourdespatrimoines.fr\/index.php?rest_route=\/wp\/v2\/cpt_portfolio\/3886\/revisions"}],"predecessor-version":[{"id":4131,"href":"https:\/\/carrefourdespatrimoines.fr\/index.php?rest_route=\/wp\/v2\/cpt_portfolio\/3886\/revisions\/4131"}],"wp:featuredmedia":[{"embeddable":true,"href":"https:\/\/carrefourdespatrimoines.fr\/index.php?rest_route=\/wp\/v2\/media\/4115"}],"wp:attachment":[{"href":"https:\/\/carrefourdespatrimoines.fr\/index.php?rest_route=%2Fwp%2Fv2%2Fmedia&parent=3886"}],"wp:term":[{"taxonomy":"cpt_portfolio_group","embeddable":true,"href":"https:\/\/carrefourdespatrimoines.fr\/index.php?rest_route=%2Fwp%2Fv2%2Fcpt_portfolio_group&post=3886"}],"curies":[{"name":"wp","href":"https:\/\/api.w.org\/{rel}","templated":true}]}}