{"id":3363,"date":"2021-11-22T14:28:02","date_gmt":"2021-11-22T13:28:02","guid":{"rendered":"https:\/\/carrefourdespatrimoines.fr\/?post_type=cpt_portfolio&#038;p=3363"},"modified":"2021-11-26T11:05:34","modified_gmt":"2021-11-26T10:05:34","slug":"maison-des-ferrere-et-du-baroque-pyreneen","status":"publish","type":"cpt_portfolio","link":"https:\/\/carrefourdespatrimoines.fr\/?cpt_portfolio=maison-des-ferrere-et-du-baroque-pyreneen","title":{"rendered":"Maison des Ferr\u00e8re et du Baroque pyr\u00e9n\u00e9en"},"content":{"rendered":"\t\t<div data-elementor-type=\"wp-post\" data-elementor-id=\"3363\" class=\"elementor elementor-3363\">\n\t\t\t\t\t\t<div class=\"elementor-inner\">\n\t\t\t\t<div class=\"elementor-section-wrap\">\n\t\t\t\t\t\t\t\t\t<section class=\"elementor-section elementor-top-section elementor-element elementor-element-cdc7482 elementor-section-boxed elementor-section-height-default elementor-section-height-default sc_fly_static\" data-id=\"cdc7482\" data-element_type=\"section\">\n\t\t\t\t\t\t<div class=\"elementor-container elementor-column-gap-extended\">\n\t\t\t\t\t\t\t<div class=\"elementor-row\">\n\t\t\t\t\t<div class=\"elementor-column elementor-col-100 elementor-top-column elementor-element elementor-element-2de983f sc_inner_width_none sc_content_align_inherit sc_layouts_column_icons_position_left sc_fly_static\" data-id=\"2de983f\" data-element_type=\"column\">\n\t\t\t<div class=\"elementor-column-wrap elementor-element-populated\">\n\t\t\t\t\t\t\t<div class=\"elementor-widget-wrap\">\n\t\t\t\t\t\t<div class=\"elementor-element elementor-element-99056a3 animation_type_block sc_fly_static elementor-widget elementor-widget-text-editor\" data-id=\"99056a3\" data-element_type=\"widget\" data-widget_type=\"text-editor.default\">\n\t\t\t\t<div class=\"elementor-widget-container\">\n\t\t\t\t\t\t\t\t<div class=\"elementor-text-editor elementor-clearfix\">\n\t\t\t\t<p class=\"MsoNormal\" style=\"text-align: justify;\">En haute vall\u00e9e de l\u2019Adour s\u2019est \u00e9tablie la \u00ab\u00a0dynastie des Ferr\u00e8re\u00a0\u00bb, sculpteurs de g\u00e9n\u00e9rations en g\u00e9n\u00e9rations, faisant de leur village d\u2019adoption, Ast\u00e9, un centre de cr\u00e9ation artistique rayonnant au XVIIIe si\u00e8cle.<\/p>\t\t\t\t\t<\/div>\n\t\t\t\t\t\t<\/div>\n\t\t\t\t<\/div>\n\t\t\t\t\t\t<\/div>\n\t\t\t\t\t<\/div>\n\t\t<\/div>\n\t\t\t\t\t\t\t\t<\/div>\n\t\t\t\t\t<\/div>\n\t\t<\/section>\n\t\t\t\t<section class=\"elementor-section elementor-top-section elementor-element elementor-element-798e273 elementor-section-boxed elementor-section-height-default elementor-section-height-default sc_fly_static\" data-id=\"798e273\" data-element_type=\"section\">\n\t\t\t\t\t\t<div class=\"elementor-container elementor-column-gap-extended\">\n\t\t\t\t\t\t\t<div class=\"elementor-row\">\n\t\t\t\t\t<div class=\"elementor-column elementor-col-100 elementor-top-column elementor-element elementor-element-73832e4 sc_inner_width_none sc_content_align_inherit sc_layouts_column_icons_position_left sc_fly_static\" data-id=\"73832e4\" data-element_type=\"column\">\n\t\t\t<div class=\"elementor-column-wrap elementor-element-populated\">\n\t\t\t\t\t\t\t<div class=\"elementor-widget-wrap\">\n\t\t\t\t\t\t<div class=\"elementor-element elementor-element-826911e animation_type_block sc_fly_static elementor-widget elementor-widget-spacer\" data-id=\"826911e\" data-element_type=\"widget\" data-widget_type=\"spacer.default\">\n\t\t\t\t<div class=\"elementor-widget-container\">\n\t\t\t\t\t<div class=\"elementor-spacer\">\n\t\t\t<div class=\"elementor-spacer-inner\"><\/div>\n\t\t<\/div>\n\t\t\t\t<\/div>\n\t\t\t\t<\/div>\n\t\t\t\t\t\t<\/div>\n\t\t\t\t\t<\/div>\n\t\t<\/div>\n\t\t\t\t\t\t\t\t<\/div>\n\t\t\t\t\t<\/div>\n\t\t<\/section>\n\t\t\t\t<section class=\"elementor-section elementor-top-section elementor-element elementor-element-2f37cc4 elementor-section-boxed elementor-section-height-default elementor-section-height-default sc_fly_static\" data-id=\"2f37cc4\" data-element_type=\"section\">\n\t\t\t\t\t\t<div class=\"elementor-container elementor-column-gap-extended\">\n\t\t\t\t\t\t\t<div class=\"elementor-row\">\n\t\t\t\t\t<div class=\"elementor-column elementor-col-100 elementor-top-column elementor-element elementor-element-71a6c05 sc_inner_width_none sc_content_align_inherit sc_layouts_column_icons_position_left sc_fly_static\" data-id=\"71a6c05\" data-element_type=\"column\">\n\t\t\t<div class=\"elementor-column-wrap elementor-element-populated\">\n\t\t\t\t\t\t\t<div class=\"elementor-widget-wrap\">\n\t\t\t\t\t\t<div class=\"elementor-element elementor-element-e91e034 animation_type_block sc_fly_static elementor-widget elementor-widget-image\" data-id=\"e91e034\" data-element_type=\"widget\" data-widget_type=\"image.default\">\n\t\t\t\t<div class=\"elementor-widget-container\">\n\t\t\t\t\t\t\t\t<div class=\"elementor-image\">\n\t\t\t\t\t\t\t\t\t\t\t\t<img loading=\"lazy\" decoding=\"async\" width=\"800\" height=\"600\" src=\"https:\/\/carrefourdespatrimoines.fr\/wp-content\/uploads\/2021\/11\/retable-2.jpg\" class=\"attachment-full size-full wp-image-4083\" alt=\"\" srcset=\"https:\/\/carrefourdespatrimoines.fr\/wp-content\/uploads\/2021\/11\/retable-2.jpg 800w, https:\/\/carrefourdespatrimoines.fr\/wp-content\/uploads\/2021\/11\/retable-2-300x225.jpg 300w, https:\/\/carrefourdespatrimoines.fr\/wp-content\/uploads\/2021\/11\/retable-2-768x576.jpg 768w, https:\/\/carrefourdespatrimoines.fr\/wp-content\/uploads\/2021\/11\/retable-2-370x278.jpg 370w, https:\/\/carrefourdespatrimoines.fr\/wp-content\/uploads\/2021\/11\/retable-2-520x390.jpg 520w, https:\/\/carrefourdespatrimoines.fr\/wp-content\/uploads\/2021\/11\/retable-2-760x570.jpg 760w, https:\/\/carrefourdespatrimoines.fr\/wp-content\/uploads\/2021\/11\/retable-2-600x450.jpg 600w\" sizes=\"auto, (max-width: 800px) 100vw, 800px\" \/>\t\t\t\t\t\t\t\t\t\t\t\t\t\t<\/div>\n\t\t\t\t\t\t<\/div>\n\t\t\t\t<\/div>\n\t\t\t\t\t\t<\/div>\n\t\t\t\t\t<\/div>\n\t\t<\/div>\n\t\t\t\t\t\t\t\t<\/div>\n\t\t\t\t\t<\/div>\n\t\t<\/section>\n\t\t\t\t<section class=\"elementor-section elementor-top-section elementor-element elementor-element-f17bdb4 elementor-section-boxed elementor-section-height-default elementor-section-height-default sc_fly_static\" data-id=\"f17bdb4\" data-element_type=\"section\">\n\t\t\t\t\t\t<div class=\"elementor-container elementor-column-gap-extended\">\n\t\t\t\t\t\t\t<div class=\"elementor-row\">\n\t\t\t\t\t<div class=\"elementor-column elementor-col-100 elementor-top-column elementor-element elementor-element-3436f13 sc_inner_width_none sc_content_align_inherit sc_layouts_column_icons_position_left sc_fly_static\" data-id=\"3436f13\" data-element_type=\"column\">\n\t\t\t<div class=\"elementor-column-wrap elementor-element-populated\">\n\t\t\t\t\t\t\t<div class=\"elementor-widget-wrap\">\n\t\t\t\t\t\t<div class=\"elementor-element elementor-element-19e7f1c animation_type_block sc_fly_static elementor-widget elementor-widget-text-editor\" data-id=\"19e7f1c\" data-element_type=\"widget\" data-widget_type=\"text-editor.default\">\n\t\t\t\t<div class=\"elementor-widget-container\">\n\t\t\t\t\t\t\t\t<div class=\"elementor-text-editor elementor-clearfix\">\n\t\t\t\t<span style=\"color: #333333; font-family: inpiregular, Helvetica, Arial, sans-serif; font-size: 10px; font-style: normal; font-weight: 400; letter-spacing: normal;\">\u00a9 tourmaletpicdumidi.fr<\/span>\t\t\t\t\t<\/div>\n\t\t\t\t\t\t<\/div>\n\t\t\t\t<\/div>\n\t\t\t\t<div class=\"elementor-element elementor-element-118d992 animation_type_block sc_fly_static elementor-widget elementor-widget-spacer\" data-id=\"118d992\" data-element_type=\"widget\" data-widget_type=\"spacer.default\">\n\t\t\t\t<div class=\"elementor-widget-container\">\n\t\t\t\t\t<div class=\"elementor-spacer\">\n\t\t\t<div class=\"elementor-spacer-inner\"><\/div>\n\t\t<\/div>\n\t\t\t\t<\/div>\n\t\t\t\t<\/div>\n\t\t\t\t\t\t<\/div>\n\t\t\t\t\t<\/div>\n\t\t<\/div>\n\t\t\t\t\t\t\t\t<\/div>\n\t\t\t\t\t<\/div>\n\t\t<\/section>\n\t\t\t\t<section class=\"elementor-section elementor-top-section elementor-element elementor-element-d1bdbbb elementor-section-boxed elementor-section-height-default elementor-section-height-default sc_fly_static\" data-id=\"d1bdbbb\" data-element_type=\"section\">\n\t\t\t\t\t\t<div class=\"elementor-container elementor-column-gap-extended\">\n\t\t\t\t\t\t\t<div class=\"elementor-row\">\n\t\t\t\t\t<div class=\"elementor-column elementor-col-100 elementor-top-column elementor-element elementor-element-82e9ea0 sc_inner_width_none sc_content_align_inherit sc_layouts_column_icons_position_left sc_fly_static\" data-id=\"82e9ea0\" data-element_type=\"column\">\n\t\t\t<div class=\"elementor-column-wrap elementor-element-populated\">\n\t\t\t\t\t\t\t<div class=\"elementor-widget-wrap\">\n\t\t\t\t\t\t<div class=\"elementor-element elementor-element-a3e2099 animation_type_block sc_fly_static elementor-widget elementor-widget-text-editor\" data-id=\"a3e2099\" data-element_type=\"widget\" data-widget_type=\"text-editor.default\">\n\t\t\t\t<div class=\"elementor-widget-container\">\n\t\t\t\t\t\t\t\t<div class=\"elementor-text-editor elementor-clearfix\">\n\t\t\t\t<p>Autour d\u2019eux, menuisiers, sculpteurs, doreurs et autres artistes avaient \u00e9tabli leurs ateliers et con\u00e7u une large partie du mobilier des \u00e9glises de la r\u00e9gion.<\/p>\t\t\t\t\t<\/div>\n\t\t\t\t\t\t<\/div>\n\t\t\t\t<\/div>\n\t\t\t\t<div class=\"elementor-element elementor-element-101dea3 animation_type_block sc_fly_static elementor-widget elementor-widget-spacer\" data-id=\"101dea3\" data-element_type=\"widget\" data-widget_type=\"spacer.default\">\n\t\t\t\t<div class=\"elementor-widget-container\">\n\t\t\t\t\t<div class=\"elementor-spacer\">\n\t\t\t<div class=\"elementor-spacer-inner\"><\/div>\n\t\t<\/div>\n\t\t\t\t<\/div>\n\t\t\t\t<\/div>\n\t\t\t\t<div class=\"elementor-element elementor-element-c511632 animation_type_block sc_fly_static elementor-widget elementor-widget-text-editor\" data-id=\"c511632\" data-element_type=\"widget\" data-widget_type=\"text-editor.default\">\n\t\t\t\t<div class=\"elementor-widget-container\">\n\t\t\t\t\t\t\t\t<div class=\"elementor-text-editor elementor-clearfix\">\n\t\t\t\t<p style=\"text-align: justify;\"><span style=\"color: #ff8ca6; font-size: 20px; letter-spacing: 0px;\">Leurs \u0153uvres connaissent alors un grand succ\u00e8s, faisaient vivre les ateliers pendant environ 150 ans !<\/span><\/p>\t\t\t\t\t<\/div>\n\t\t\t\t\t\t<\/div>\n\t\t\t\t<\/div>\n\t\t\t\t<div class=\"elementor-element elementor-element-40f7dbb animation_type_block sc_fly_static elementor-widget elementor-widget-spacer\" data-id=\"40f7dbb\" data-element_type=\"widget\" data-widget_type=\"spacer.default\">\n\t\t\t\t<div class=\"elementor-widget-container\">\n\t\t\t\t\t<div class=\"elementor-spacer\">\n\t\t\t<div class=\"elementor-spacer-inner\"><\/div>\n\t\t<\/div>\n\t\t\t\t<\/div>\n\t\t\t\t<\/div>\n\t\t\t\t<div class=\"elementor-element elementor-element-c5ddd32 animation_type_block sc_fly_static elementor-widget elementor-widget-text-editor\" data-id=\"c5ddd32\" data-element_type=\"widget\" data-widget_type=\"text-editor.default\">\n\t\t\t\t<div class=\"elementor-widget-container\">\n\t\t\t\t\t\t\t\t<div class=\"elementor-text-editor elementor-clearfix\">\n\t\t\t\t<p>La Maison des Ferr\u00e8re et du Baroque Pyr\u00e9n\u00e9en est consacr\u00e9e \u00e0 la d\u00e9couverte de ce riche patrimoine mais est aussi le point de d\u00e9part des visites guid\u00e9es des \u00e9glises locales abritant des tr\u00e9sors.<\/p><p>Tout au long de l\u2019ann\u00e9e, des conf\u00e9rences, sorties et voyages sont \u00e9galement organis\u00e9s.<\/p>\t\t\t\t\t<\/div>\n\t\t\t\t\t\t<\/div>\n\t\t\t\t<\/div>\n\t\t\t\t<div class=\"elementor-element elementor-element-6891f75 animation_type_block sc_fly_static elementor-widget elementor-widget-spacer\" data-id=\"6891f75\" data-element_type=\"widget\" data-widget_type=\"spacer.default\">\n\t\t\t\t<div class=\"elementor-widget-container\">\n\t\t\t\t\t<div class=\"elementor-spacer\">\n\t\t\t<div class=\"elementor-spacer-inner\"><\/div>\n\t\t<\/div>\n\t\t\t\t<\/div>\n\t\t\t\t<\/div>\n\t\t\t\t\t\t<\/div>\n\t\t\t\t\t<\/div>\n\t\t<\/div>\n\t\t\t\t\t\t\t\t<\/div>\n\t\t\t\t\t<\/div>\n\t\t<\/section>\n\t\t\t\t<section class=\"elementor-section elementor-top-section elementor-element elementor-element-ec00eab elementor-section-boxed elementor-section-height-default elementor-section-height-default sc_fly_static\" data-id=\"ec00eab\" data-element_type=\"section\">\n\t\t\t\t\t\t<div class=\"elementor-container elementor-column-gap-extended\">\n\t\t\t\t\t\t\t<div class=\"elementor-row\">\n\t\t\t\t\t<div class=\"elementor-column elementor-col-100 elementor-top-column elementor-element elementor-element-1007ba6 sc_inner_width_none sc_content_align_inherit sc_layouts_column_icons_position_left sc_fly_static\" data-id=\"1007ba6\" data-element_type=\"column\">\n\t\t\t<div class=\"elementor-column-wrap elementor-element-populated\">\n\t\t\t\t\t\t\t<div class=\"elementor-widget-wrap\">\n\t\t\t\t\t\t<div class=\"elementor-element elementor-element-e769018 elementor-widget-divider--view-line animation_type_block sc_fly_static elementor-widget elementor-widget-divider\" data-id=\"e769018\" data-element_type=\"widget\" data-widget_type=\"divider.default\">\n\t\t\t\t<div class=\"elementor-widget-container\">\n\t\t\t\t\t<div class=\"elementor-divider\">\n\t\t\t<span class=\"elementor-divider-separator\">\n\t\t\t\t\t\t<\/span>\n\t\t<\/div>\n\t\t\t\t<\/div>\n\t\t\t\t<\/div>\n\t\t\t\t\t\t<\/div>\n\t\t\t\t\t<\/div>\n\t\t<\/div>\n\t\t\t\t\t\t\t\t<\/div>\n\t\t\t\t\t<\/div>\n\t\t<\/section>\n\t\t\t\t<section class=\"elementor-section elementor-top-section elementor-element elementor-element-d0183a5 elementor-section-boxed elementor-section-height-default elementor-section-height-default sc_fly_static\" data-id=\"d0183a5\" data-element_type=\"section\">\n\t\t\t\t\t\t<div class=\"elementor-container elementor-column-gap-extended\">\n\t\t\t\t\t\t\t<div class=\"elementor-row\">\n\t\t\t\t\t<div class=\"elementor-column elementor-col-100 elementor-top-column elementor-element elementor-element-ee65525 sc_inner_width_none sc_content_align_inherit sc_layouts_column_icons_position_left sc_fly_static\" data-id=\"ee65525\" data-element_type=\"column\">\n\t\t\t<div class=\"elementor-column-wrap elementor-element-populated\">\n\t\t\t\t\t\t\t<div class=\"elementor-widget-wrap\">\n\t\t\t\t\t\t<div class=\"elementor-element elementor-element-14a49ec gallery-spacing-custom animation_type_block sc_fly_static elementor-widget elementor-widget-image-gallery\" data-id=\"14a49ec\" data-element_type=\"widget\" data-widget_type=\"image-gallery.default\">\n\t\t\t\t<div class=\"elementor-widget-container\">\n\t\t\t\t\t<div class=\"elementor-image-gallery\">\n\t\t\t<div id='gallery-1' class='gallery galleryid-3363 gallery-columns-2 gallery-size-large'><figure class='gallery-item'>\n\t\t\t<div class='gallery-icon landscape'>\n\t\t\t\t<a data-elementor-open-lightbox=\"yes\" data-elementor-lightbox-slideshow=\"14a49ec\" data-elementor-lightbox-title=\"statue\" e-action-hash=\"#elementor-action%3Aaction%3Dlightbox%26settings%3DeyJpZCI6NDA4NCwidXJsIjoiaHR0cHM6XC9cL2NhcnJlZm91cmRlc3BhdHJpbW9pbmVzLmZyXC93cC1jb250ZW50XC91cGxvYWRzXC8yMDIxXC8xMVwvc3RhdHVlLmpwZyIsInNsaWRlc2hvdyI6IjE0YTQ5ZWMifQ%3D%3D\" href='https:\/\/carrefourdespatrimoines.fr\/wp-content\/uploads\/2021\/11\/statue.jpg'><img loading=\"lazy\" decoding=\"async\" width=\"800\" height=\"600\" src=\"https:\/\/carrefourdespatrimoines.fr\/wp-content\/uploads\/2021\/11\/statue.jpg\" class=\"attachment-large size-large\" alt=\"\" srcset=\"https:\/\/carrefourdespatrimoines.fr\/wp-content\/uploads\/2021\/11\/statue.jpg 800w, https:\/\/carrefourdespatrimoines.fr\/wp-content\/uploads\/2021\/11\/statue-300x225.jpg 300w, https:\/\/carrefourdespatrimoines.fr\/wp-content\/uploads\/2021\/11\/statue-768x576.jpg 768w, https:\/\/carrefourdespatrimoines.fr\/wp-content\/uploads\/2021\/11\/statue-370x278.jpg 370w, https:\/\/carrefourdespatrimoines.fr\/wp-content\/uploads\/2021\/11\/statue-520x390.jpg 520w, https:\/\/carrefourdespatrimoines.fr\/wp-content\/uploads\/2021\/11\/statue-760x570.jpg 760w, https:\/\/carrefourdespatrimoines.fr\/wp-content\/uploads\/2021\/11\/statue-600x450.jpg 600w\" sizes=\"auto, (max-width: 800px) 100vw, 800px\" \/><\/a>\n\t\t\t<\/div><\/figure><figure class='gallery-item'>\n\t\t\t<div class='gallery-icon landscape'>\n\t\t\t\t<a data-elementor-open-lightbox=\"yes\" data-elementor-lightbox-slideshow=\"14a49ec\" data-elementor-lightbox-title=\"musee\" e-action-hash=\"#elementor-action%3Aaction%3Dlightbox%26settings%3DeyJpZCI6NDA4MSwidXJsIjoiaHR0cHM6XC9cL2NhcnJlZm91cmRlc3BhdHJpbW9pbmVzLmZyXC93cC1jb250ZW50XC91cGxvYWRzXC8yMDIxXC8xMVwvbXVzZWUuanBnIiwic2xpZGVzaG93IjoiMTRhNDllYyJ9\" href='https:\/\/carrefourdespatrimoines.fr\/wp-content\/uploads\/2021\/11\/musee.jpg'><img loading=\"lazy\" decoding=\"async\" width=\"800\" height=\"600\" src=\"https:\/\/carrefourdespatrimoines.fr\/wp-content\/uploads\/2021\/11\/musee.jpg\" class=\"attachment-large size-large\" alt=\"\" srcset=\"https:\/\/carrefourdespatrimoines.fr\/wp-content\/uploads\/2021\/11\/musee.jpg 800w, https:\/\/carrefourdespatrimoines.fr\/wp-content\/uploads\/2021\/11\/musee-300x225.jpg 300w, https:\/\/carrefourdespatrimoines.fr\/wp-content\/uploads\/2021\/11\/musee-768x576.jpg 768w, https:\/\/carrefourdespatrimoines.fr\/wp-content\/uploads\/2021\/11\/musee-370x278.jpg 370w, https:\/\/carrefourdespatrimoines.fr\/wp-content\/uploads\/2021\/11\/musee-520x390.jpg 520w, https:\/\/carrefourdespatrimoines.fr\/wp-content\/uploads\/2021\/11\/musee-760x570.jpg 760w, https:\/\/carrefourdespatrimoines.fr\/wp-content\/uploads\/2021\/11\/musee-600x450.jpg 600w\" sizes=\"auto, (max-width: 800px) 100vw, 800px\" \/><\/a>\n\t\t\t<\/div><\/figure>\n\t\t<\/div>\n\t\t<\/div>\n\t\t\t\t<\/div>\n\t\t\t\t<\/div>\n\t\t\t\t<div class=\"elementor-element elementor-element-604fbd2 animation_type_block sc_fly_static elementor-widget elementor-widget-text-editor\" data-id=\"604fbd2\" data-element_type=\"widget\" data-widget_type=\"text-editor.default\">\n\t\t\t\t<div class=\"elementor-widget-container\">\n\t\t\t\t\t\t\t\t<div class=\"elementor-text-editor elementor-clearfix\">\n\t\t\t\t<p><span style=\"color: #333333; font-family: inpiregular, Helvetica, Arial, sans-serif; font-size: 10px; font-style: normal; font-weight: 400; letter-spacing: normal;\">\u00a9 Maison des Ferrere et du baroque pyr\u00e9n\u00e9en<\/span><\/p>\t\t\t\t\t<\/div>\n\t\t\t\t\t\t<\/div>\n\t\t\t\t<\/div>\n\t\t\t\t\t\t<\/div>\n\t\t\t\t\t<\/div>\n\t\t<\/div>\n\t\t\t\t\t\t\t\t<\/div>\n\t\t\t\t\t<\/div>\n\t\t<\/section>\n\t\t\t\t\t\t\t\t\t<\/div>\n\t\t\t<\/div>\n\t\t\t\t\t<\/div>\n\t\t","protected":false},"excerpt":{"rendered":"<p>En haute vall\u00e9e de l\u2019Adour s\u2019est \u00e9tablie la \u00ab\u00a0dynastie des Ferr\u00e8re\u00a0\u00bb, sculpteurs de g\u00e9n\u00e9rations en g\u00e9n\u00e9rations, faisant de leur village d\u2019adoption, Ast\u00e9, un centre de cr\u00e9ation artistique rayonnant au XVIIIe&hellip;<\/p>\n","protected":false},"author":1,"featured_media":3364,"comment_status":"closed","ping_status":"closed","template":"","cpt_portfolio_group":[36],"class_list":["post-3363","cpt_portfolio","type-cpt_portfolio","status-publish","has-post-thumbnail","hentry","cpt_portfolio_group-amis"],"_links":{"self":[{"href":"https:\/\/carrefourdespatrimoines.fr\/index.php?rest_route=\/wp\/v2\/cpt_portfolio\/3363","targetHints":{"allow":["GET"]}}],"collection":[{"href":"https:\/\/carrefourdespatrimoines.fr\/index.php?rest_route=\/wp\/v2\/cpt_portfolio"}],"about":[{"href":"https:\/\/carrefourdespatrimoines.fr\/index.php?rest_route=\/wp\/v2\/types\/cpt_portfolio"}],"author":[{"embeddable":true,"href":"https:\/\/carrefourdespatrimoines.fr\/index.php?rest_route=\/wp\/v2\/users\/1"}],"replies":[{"embeddable":true,"href":"https:\/\/carrefourdespatrimoines.fr\/index.php?rest_route=%2Fwp%2Fv2%2Fcomments&post=3363"}],"version-history":[{"count":15,"href":"https:\/\/carrefourdespatrimoines.fr\/index.php?rest_route=\/wp\/v2\/cpt_portfolio\/3363\/revisions"}],"predecessor-version":[{"id":4091,"href":"https:\/\/carrefourdespatrimoines.fr\/index.php?rest_route=\/wp\/v2\/cpt_portfolio\/3363\/revisions\/4091"}],"wp:featuredmedia":[{"embeddable":true,"href":"https:\/\/carrefourdespatrimoines.fr\/index.php?rest_route=\/wp\/v2\/media\/3364"}],"wp:attachment":[{"href":"https:\/\/carrefourdespatrimoines.fr\/index.php?rest_route=%2Fwp%2Fv2%2Fmedia&parent=3363"}],"wp:term":[{"taxonomy":"cpt_portfolio_group","embeddable":true,"href":"https:\/\/carrefourdespatrimoines.fr\/index.php?rest_route=%2Fwp%2Fv2%2Fcpt_portfolio_group&post=3363"}],"curies":[{"name":"wp","href":"https:\/\/api.w.org\/{rel}","templated":true}]}}