{"id":3038,"date":"2021-11-10T10:21:33","date_gmt":"2021-11-10T09:21:33","guid":{"rendered":"http:\/\/carrefourdespatrimoines.fr\/?post_type=cpt_portfolio&#038;p=3038"},"modified":"2021-11-26T10:48:28","modified_gmt":"2021-11-26T09:48:28","slug":"le-pic-du-midi","status":"publish","type":"cpt_portfolio","link":"https:\/\/carrefourdespatrimoines.fr\/?cpt_portfolio=le-pic-du-midi","title":{"rendered":"Le Pic du Midi"},"content":{"rendered":"\t\t<div data-elementor-type=\"wp-post\" data-elementor-id=\"3038\" class=\"elementor elementor-3038\">\n\t\t\t\t\t\t<div class=\"elementor-inner\">\n\t\t\t\t<div class=\"elementor-section-wrap\">\n\t\t\t\t\t\t\t\t\t<section class=\"elementor-section elementor-top-section elementor-element elementor-element-90c7d59 elementor-section-boxed elementor-section-height-default elementor-section-height-default sc_fly_static\" data-id=\"90c7d59\" data-element_type=\"section\">\n\t\t\t\t\t\t<div class=\"elementor-container elementor-column-gap-no\">\n\t\t\t\t\t\t\t<div class=\"elementor-row\">\n\t\t\t\t\t<div class=\"elementor-column elementor-col-100 elementor-top-column elementor-element elementor-element-780285d sc_inner_width_none sc_content_align_inherit sc_layouts_column_icons_position_left sc_fly_static\" data-id=\"780285d\" data-element_type=\"column\">\n\t\t\t<div class=\"elementor-column-wrap elementor-element-populated\">\n\t\t\t\t\t\t\t<div class=\"elementor-widget-wrap\">\n\t\t\t\t\t\t<div class=\"elementor-element elementor-element-93ad52f animation_type_block sc_fly_static elementor-widget elementor-widget-text-editor\" data-id=\"93ad52f\" data-element_type=\"widget\" data-widget_type=\"text-editor.default\">\n\t\t\t\t<div class=\"elementor-widget-container\">\n\t\t\t\t\t\t\t\t<div class=\"elementor-text-editor elementor-clearfix\">\n\t\t\t\t<p>Sommet situ\u00e9 en avant de la cha\u00eene des Pyr\u00e9n\u00e9es, il impressionne depuis plusieurs si\u00e8cles ; de nombreux Campanois, les \u00ab\u00a0porteurs du Pic\u00a0\u00bb, ont particip\u00e9 \u00e0 la construction de son Observatoire ; et il est aujourd\u2019hui un \u00ab\u00a0Grand Site de Midi-Pyr\u00e9n\u00e9es\u00a0\u00bb connu dans le monde entier\u2026. le Pic du Midi de Bigorre.<\/p>\t\t\t\t\t<\/div>\n\t\t\t\t\t\t<\/div>\n\t\t\t\t<\/div>\n\t\t\t\t\t\t<\/div>\n\t\t\t\t\t<\/div>\n\t\t<\/div>\n\t\t\t\t\t\t\t\t<\/div>\n\t\t\t\t\t<\/div>\n\t\t<\/section>\n\t\t\t\t<section class=\"elementor-section elementor-top-section elementor-element elementor-element-f8915b8 elementor-section-boxed elementor-section-height-default elementor-section-height-default sc_fly_static\" data-id=\"f8915b8\" data-element_type=\"section\">\n\t\t\t\t\t\t<div class=\"elementor-container elementor-column-gap-no\">\n\t\t\t\t\t\t\t<div class=\"elementor-row\">\n\t\t\t\t\t<div class=\"elementor-column elementor-col-100 elementor-top-column elementor-element elementor-element-42dbf47 sc_inner_width_none sc_content_align_inherit sc_layouts_column_icons_position_left sc_fly_static\" data-id=\"42dbf47\" data-element_type=\"column\">\n\t\t\t<div class=\"elementor-column-wrap elementor-element-populated\">\n\t\t\t\t\t\t\t<div class=\"elementor-widget-wrap\">\n\t\t\t\t\t\t<div class=\"elementor-element elementor-element-5249825 sc_height_medium animation_type_block sc_fly_static elementor-widget elementor-widget-spacer\" data-id=\"5249825\" data-element_type=\"widget\" data-widget_type=\"spacer.default\">\n\t\t\t\t<div class=\"elementor-widget-container\">\n\t\t\t\t\t<div class=\"elementor-spacer\">\n\t\t\t<div class=\"elementor-spacer-inner\"><\/div>\n\t\t<\/div>\n\t\t\t\t<\/div>\n\t\t\t\t<\/div>\n\t\t\t\t<div class=\"elementor-element elementor-element-00f86dc gallery-spacing-custom animation_type_block sc_fly_static elementor-widget elementor-widget-image-gallery\" data-id=\"00f86dc\" data-element_type=\"widget\" data-widget_type=\"image-gallery.default\">\n\t\t\t\t<div class=\"elementor-widget-container\">\n\t\t\t\t\t<div class=\"elementor-image-gallery\">\n\t\t\t<div id='gallery-1' class='gallery galleryid-3038 gallery-columns-2 gallery-size-large'><figure class='gallery-item'>\n\t\t\t<div class='gallery-icon landscape'>\n\t\t\t\t<a data-elementor-open-lightbox=\"yes\" data-elementor-lightbox-slideshow=\"00f86dc\" data-elementor-lightbox-title=\"tourmalet\" e-action-hash=\"#elementor-action%3Aaction%3Dlightbox%26settings%3DeyJpZCI6NDA0NiwidXJsIjoiaHR0cHM6XC9cL2NhcnJlZm91cmRlc3BhdHJpbW9pbmVzLmZyXC93cC1jb250ZW50XC91cGxvYWRzXC8yMDIxXC8xMVwvdG91cm1hbGV0LmpwZyIsInNsaWRlc2hvdyI6IjAwZjg2ZGMifQ%3D%3D\" href='https:\/\/carrefourdespatrimoines.fr\/wp-content\/uploads\/2021\/11\/tourmalet.jpg'><img loading=\"lazy\" decoding=\"async\" width=\"800\" height=\"600\" src=\"https:\/\/carrefourdespatrimoines.fr\/wp-content\/uploads\/2021\/11\/tourmalet.jpg\" class=\"attachment-large size-large\" alt=\"\" srcset=\"https:\/\/carrefourdespatrimoines.fr\/wp-content\/uploads\/2021\/11\/tourmalet.jpg 800w, https:\/\/carrefourdespatrimoines.fr\/wp-content\/uploads\/2021\/11\/tourmalet-300x225.jpg 300w, https:\/\/carrefourdespatrimoines.fr\/wp-content\/uploads\/2021\/11\/tourmalet-768x576.jpg 768w, https:\/\/carrefourdespatrimoines.fr\/wp-content\/uploads\/2021\/11\/tourmalet-370x278.jpg 370w, https:\/\/carrefourdespatrimoines.fr\/wp-content\/uploads\/2021\/11\/tourmalet-520x390.jpg 520w, https:\/\/carrefourdespatrimoines.fr\/wp-content\/uploads\/2021\/11\/tourmalet-760x570.jpg 760w, https:\/\/carrefourdespatrimoines.fr\/wp-content\/uploads\/2021\/11\/tourmalet-600x450.jpg 600w\" sizes=\"auto, (max-width: 800px) 100vw, 800px\" \/><\/a>\n\t\t\t<\/div><\/figure><figure class='gallery-item'>\n\t\t\t<div class='gallery-icon landscape'>\n\t\t\t\t<a data-elementor-open-lightbox=\"yes\" data-elementor-lightbox-slideshow=\"00f86dc\" data-elementor-lightbox-title=\"pic-sunset\" e-action-hash=\"#elementor-action%3Aaction%3Dlightbox%26settings%3DeyJpZCI6NDA0NSwidXJsIjoiaHR0cHM6XC9cL2NhcnJlZm91cmRlc3BhdHJpbW9pbmVzLmZyXC93cC1jb250ZW50XC91cGxvYWRzXC8yMDIxXC8xMVwvcGljLXN1bnNldC5qcGciLCJzbGlkZXNob3ciOiIwMGY4NmRjIn0%3D\" href='https:\/\/carrefourdespatrimoines.fr\/wp-content\/uploads\/2021\/11\/pic-sunset.jpg'><img loading=\"lazy\" decoding=\"async\" width=\"800\" height=\"600\" src=\"https:\/\/carrefourdespatrimoines.fr\/wp-content\/uploads\/2021\/11\/pic-sunset.jpg\" class=\"attachment-large size-large\" alt=\"\" srcset=\"https:\/\/carrefourdespatrimoines.fr\/wp-content\/uploads\/2021\/11\/pic-sunset.jpg 800w, https:\/\/carrefourdespatrimoines.fr\/wp-content\/uploads\/2021\/11\/pic-sunset-300x225.jpg 300w, https:\/\/carrefourdespatrimoines.fr\/wp-content\/uploads\/2021\/11\/pic-sunset-768x576.jpg 768w, https:\/\/carrefourdespatrimoines.fr\/wp-content\/uploads\/2021\/11\/pic-sunset-370x278.jpg 370w, https:\/\/carrefourdespatrimoines.fr\/wp-content\/uploads\/2021\/11\/pic-sunset-520x390.jpg 520w, https:\/\/carrefourdespatrimoines.fr\/wp-content\/uploads\/2021\/11\/pic-sunset-760x570.jpg 760w, https:\/\/carrefourdespatrimoines.fr\/wp-content\/uploads\/2021\/11\/pic-sunset-600x450.jpg 600w\" sizes=\"auto, (max-width: 800px) 100vw, 800px\" \/><\/a>\n\t\t\t<\/div><\/figure><figure class='gallery-item'>\n\t\t\t<div class='gallery-icon landscape'>\n\t\t\t\t<a data-elementor-open-lightbox=\"yes\" data-elementor-lightbox-slideshow=\"00f86dc\" data-elementor-lightbox-title=\"pic-observatoire\" e-action-hash=\"#elementor-action%3Aaction%3Dlightbox%26settings%3DeyJpZCI6NDA0MywidXJsIjoiaHR0cHM6XC9cL2NhcnJlZm91cmRlc3BhdHJpbW9pbmVzLmZyXC93cC1jb250ZW50XC91cGxvYWRzXC8yMDIxXC8xMVwvcGljLW9ic2VydmF0b2lyZS5qcGciLCJzbGlkZXNob3ciOiIwMGY4NmRjIn0%3D\" href='https:\/\/carrefourdespatrimoines.fr\/wp-content\/uploads\/2021\/11\/pic-observatoire.jpg'><img loading=\"lazy\" decoding=\"async\" width=\"800\" height=\"600\" src=\"https:\/\/carrefourdespatrimoines.fr\/wp-content\/uploads\/2021\/11\/pic-observatoire.jpg\" class=\"attachment-large size-large\" alt=\"\" srcset=\"https:\/\/carrefourdespatrimoines.fr\/wp-content\/uploads\/2021\/11\/pic-observatoire.jpg 800w, https:\/\/carrefourdespatrimoines.fr\/wp-content\/uploads\/2021\/11\/pic-observatoire-300x225.jpg 300w, https:\/\/carrefourdespatrimoines.fr\/wp-content\/uploads\/2021\/11\/pic-observatoire-768x576.jpg 768w, https:\/\/carrefourdespatrimoines.fr\/wp-content\/uploads\/2021\/11\/pic-observatoire-370x278.jpg 370w, https:\/\/carrefourdespatrimoines.fr\/wp-content\/uploads\/2021\/11\/pic-observatoire-520x390.jpg 520w, https:\/\/carrefourdespatrimoines.fr\/wp-content\/uploads\/2021\/11\/pic-observatoire-760x570.jpg 760w, https:\/\/carrefourdespatrimoines.fr\/wp-content\/uploads\/2021\/11\/pic-observatoire-600x450.jpg 600w\" sizes=\"auto, (max-width: 800px) 100vw, 800px\" \/><\/a>\n\t\t\t<\/div><\/figure><figure class='gallery-item'>\n\t\t\t<div class='gallery-icon landscape'>\n\t\t\t\t<a data-elementor-open-lightbox=\"yes\" data-elementor-lightbox-slideshow=\"00f86dc\" data-elementor-lightbox-title=\"pic-ponton\" e-action-hash=\"#elementor-action%3Aaction%3Dlightbox%26settings%3DeyJpZCI6NDA0NCwidXJsIjoiaHR0cHM6XC9cL2NhcnJlZm91cmRlc3BhdHJpbW9pbmVzLmZyXC93cC1jb250ZW50XC91cGxvYWRzXC8yMDIxXC8xMVwvcGljLXBvbnRvbi5qcGciLCJzbGlkZXNob3ciOiIwMGY4NmRjIn0%3D\" href='https:\/\/carrefourdespatrimoines.fr\/wp-content\/uploads\/2021\/11\/pic-ponton.jpg'><img loading=\"lazy\" decoding=\"async\" width=\"800\" height=\"600\" src=\"https:\/\/carrefourdespatrimoines.fr\/wp-content\/uploads\/2021\/11\/pic-ponton.jpg\" class=\"attachment-large size-large\" alt=\"\" srcset=\"https:\/\/carrefourdespatrimoines.fr\/wp-content\/uploads\/2021\/11\/pic-ponton.jpg 800w, https:\/\/carrefourdespatrimoines.fr\/wp-content\/uploads\/2021\/11\/pic-ponton-300x225.jpg 300w, https:\/\/carrefourdespatrimoines.fr\/wp-content\/uploads\/2021\/11\/pic-ponton-768x576.jpg 768w, https:\/\/carrefourdespatrimoines.fr\/wp-content\/uploads\/2021\/11\/pic-ponton-370x278.jpg 370w, https:\/\/carrefourdespatrimoines.fr\/wp-content\/uploads\/2021\/11\/pic-ponton-520x390.jpg 520w, https:\/\/carrefourdespatrimoines.fr\/wp-content\/uploads\/2021\/11\/pic-ponton-760x570.jpg 760w, https:\/\/carrefourdespatrimoines.fr\/wp-content\/uploads\/2021\/11\/pic-ponton-600x450.jpg 600w\" sizes=\"auto, (max-width: 800px) 100vw, 800px\" \/><\/a>\n\t\t\t<\/div><\/figure>\n\t\t<\/div>\n\t\t<\/div>\n\t\t\t\t<\/div>\n\t\t\t\t<\/div>\n\t\t\t\t<div class=\"elementor-element elementor-element-d40b0eb animation_type_block sc_fly_static elementor-widget elementor-widget-text-editor\" data-id=\"d40b0eb\" data-element_type=\"widget\" data-widget_type=\"text-editor.default\">\n\t\t\t\t<div class=\"elementor-widget-container\">\n\t\t\t\t\t\t\t\t<div class=\"elementor-text-editor elementor-clearfix\">\n\t\t\t\t<p><span style=\"color: #333333; font-family: inpiregular, Helvetica, Arial, sans-serif; font-size: 10px; font-style: normal; font-weight: 400; letter-spacing: normal;\">\u00a9 wikipedia commons \/ gettyimages<br \/><\/span><\/p>\t\t\t\t\t<\/div>\n\t\t\t\t\t\t<\/div>\n\t\t\t\t<\/div>\n\t\t\t\t<div class=\"elementor-element elementor-element-985c6dc sc_height_medium animation_type_block sc_fly_static elementor-widget elementor-widget-spacer\" data-id=\"985c6dc\" data-element_type=\"widget\" data-widget_type=\"spacer.default\">\n\t\t\t\t<div class=\"elementor-widget-container\">\n\t\t\t\t\t<div class=\"elementor-spacer\">\n\t\t\t<div class=\"elementor-spacer-inner\"><\/div>\n\t\t<\/div>\n\t\t\t\t<\/div>\n\t\t\t\t<\/div>\n\t\t\t\t\t\t<\/div>\n\t\t\t\t\t<\/div>\n\t\t<\/div>\n\t\t\t\t\t\t\t\t<\/div>\n\t\t\t\t\t<\/div>\n\t\t<\/section>\n\t\t\t\t<section class=\"elementor-section elementor-top-section elementor-element elementor-element-e7a3bc3 elementor-section-boxed elementor-section-height-default elementor-section-height-default sc_fly_static\" data-id=\"e7a3bc3\" data-element_type=\"section\">\n\t\t\t\t\t\t<div class=\"elementor-container elementor-column-gap-no\">\n\t\t\t\t\t\t\t<div class=\"elementor-row\">\n\t\t\t\t\t<div class=\"elementor-column elementor-col-100 elementor-top-column elementor-element elementor-element-ce481d9 sc_inner_width_none sc_content_align_inherit sc_layouts_column_icons_position_left sc_fly_static\" data-id=\"ce481d9\" data-element_type=\"column\">\n\t\t\t<div class=\"elementor-column-wrap elementor-element-populated\">\n\t\t\t\t\t\t\t<div class=\"elementor-widget-wrap\">\n\t\t\t\t\t\t<div class=\"elementor-element elementor-element-5021e8f animation_type_block sc_fly_static elementor-widget elementor-widget-text-editor\" data-id=\"5021e8f\" data-element_type=\"widget\" data-widget_type=\"text-editor.default\">\n\t\t\t\t<div class=\"elementor-widget-container\">\n\t\t\t\t\t\t\t\t<div class=\"elementor-text-editor elementor-clearfix\">\n\t\t\t\t<p>Accessible \u00e0 tous gr\u00e2ce au t\u00e9l\u00e9ph\u00e9rique, c\u2019est une \u00e9tape incontournable de votre s\u00e9jour dans la haute vall\u00e9e de l\u2019Adour. A l\u2019arriv\u00e9e au sommet, on est d\u2019abord subjugu\u00e9s par le panorama exceptionnel sur la cha\u00eene des Pyr\u00e9n\u00e9es.<\/p>\t\t\t\t\t<\/div>\n\t\t\t\t\t\t<\/div>\n\t\t\t\t<\/div>\n\t\t\t\t<div class=\"elementor-element elementor-element-e21a5d3 animation_type_block sc_fly_static elementor-widget elementor-widget-spacer\" data-id=\"e21a5d3\" data-element_type=\"widget\" data-widget_type=\"spacer.default\">\n\t\t\t\t<div class=\"elementor-widget-container\">\n\t\t\t\t\t<div class=\"elementor-spacer\">\n\t\t\t<div class=\"elementor-spacer-inner\"><\/div>\n\t\t<\/div>\n\t\t\t\t<\/div>\n\t\t\t\t<\/div>\n\t\t\t\t<div class=\"elementor-element elementor-element-5f7f52d animation_type_block sc_fly_static elementor-widget elementor-widget-text-editor\" data-id=\"5f7f52d\" data-element_type=\"widget\" data-widget_type=\"text-editor.default\">\n\t\t\t\t<div class=\"elementor-widget-container\">\n\t\t\t\t\t\t\t\t<div class=\"elementor-text-editor elementor-clearfix\">\n\t\t\t\t<p>Mais le Pic, c&#8217;est aussi une formidable aventure humaine !<\/p>\t\t\t\t\t<\/div>\n\t\t\t\t\t\t<\/div>\n\t\t\t\t<\/div>\n\t\t\t\t<div class=\"elementor-element elementor-element-44981f5 animation_type_block sc_fly_static elementor-widget elementor-widget-spacer\" data-id=\"44981f5\" data-element_type=\"widget\" data-widget_type=\"spacer.default\">\n\t\t\t\t<div class=\"elementor-widget-container\">\n\t\t\t\t\t<div class=\"elementor-spacer\">\n\t\t\t<div class=\"elementor-spacer-inner\"><\/div>\n\t\t<\/div>\n\t\t\t\t<\/div>\n\t\t\t\t<\/div>\n\t\t\t\t<div class=\"elementor-element elementor-element-7ad4510 animation_type_block sc_fly_static elementor-widget elementor-widget-text-editor\" data-id=\"7ad4510\" data-element_type=\"widget\" data-widget_type=\"text-editor.default\">\n\t\t\t\t<div class=\"elementor-widget-container\">\n\t\t\t\t\t\t\t\t<div class=\"elementor-text-editor elementor-clearfix\">\n\t\t\t\t<p style=\"font-family: Archivo, sans-serif; font-size: 16px; line-height: inherit; font-weight: 400; font-style: normal; letter-spacing: 0.64px;\">La construction de l\u2019Observatoire y est cont\u00e9e dans son mus\u00e9e d\u2019altitude. Aujourd\u2019hui lieu d\u2019observation astronomique r\u00e9put\u00e9, on d\u00e9couvre aussi les principales recherches men\u00e9es depuis cet incontournable sommet pyr\u00e9n\u00e9en.<\/p><p style=\"font-family: Archivo, sans-serif; font-size: 16px; line-height: inherit; font-weight: 400; font-style: normal; letter-spacing: 0.64px;\">Depuis peu R\u00e9serve Internationale de Ciel Etoil\u00e9, le Pic du Midi est aussi un espace de pr\u00e9servation de la qualit\u00e9 de la nuit. En plus, il est d\u00e9sormais possible de r\u00e9server pour y passer une nuit\u2026<\/p>\t\t\t\t\t<\/div>\n\t\t\t\t\t\t<\/div>\n\t\t\t\t<\/div>\n\t\t\t\t<div class=\"elementor-element elementor-element-df04584 sc_height_medium animation_type_block sc_fly_static elementor-widget elementor-widget-spacer\" data-id=\"df04584\" data-element_type=\"widget\" data-widget_type=\"spacer.default\">\n\t\t\t\t<div class=\"elementor-widget-container\">\n\t\t\t\t\t<div class=\"elementor-spacer\">\n\t\t\t<div class=\"elementor-spacer-inner\"><\/div>\n\t\t<\/div>\n\t\t\t\t<\/div>\n\t\t\t\t<\/div>\n\t\t\t\t<div class=\"elementor-element elementor-element-43abc1c elementor-widget-divider--view-line animation_type_block sc_fly_static elementor-widget elementor-widget-divider\" data-id=\"43abc1c\" data-element_type=\"widget\" data-widget_type=\"divider.default\">\n\t\t\t\t<div class=\"elementor-widget-container\">\n\t\t\t\t\t<div class=\"elementor-divider\">\n\t\t\t<span class=\"elementor-divider-separator\">\n\t\t\t\t\t\t<\/span>\n\t\t<\/div>\n\t\t\t\t<\/div>\n\t\t\t\t<\/div>\n\t\t\t\t<div class=\"elementor-element elementor-element-d8af48c animation_type_block sc_fly_static elementor-widget elementor-widget-image\" data-id=\"d8af48c\" data-element_type=\"widget\" data-widget_type=\"image.default\">\n\t\t\t\t<div class=\"elementor-widget-container\">\n\t\t\t\t\t\t\t\t<div class=\"elementor-image\">\n\t\t\t\t\t\t\t\t\t\t\t\t<img loading=\"lazy\" decoding=\"async\" width=\"800\" height=\"600\" src=\"https:\/\/carrefourdespatrimoines.fr\/wp-content\/uploads\/2021\/11\/pic-nuit.jpg\" class=\"attachment-full size-full wp-image-4042\" alt=\"\" srcset=\"https:\/\/carrefourdespatrimoines.fr\/wp-content\/uploads\/2021\/11\/pic-nuit.jpg 800w, https:\/\/carrefourdespatrimoines.fr\/wp-content\/uploads\/2021\/11\/pic-nuit-300x225.jpg 300w, https:\/\/carrefourdespatrimoines.fr\/wp-content\/uploads\/2021\/11\/pic-nuit-768x576.jpg 768w, https:\/\/carrefourdespatrimoines.fr\/wp-content\/uploads\/2021\/11\/pic-nuit-370x278.jpg 370w, https:\/\/carrefourdespatrimoines.fr\/wp-content\/uploads\/2021\/11\/pic-nuit-520x390.jpg 520w, https:\/\/carrefourdespatrimoines.fr\/wp-content\/uploads\/2021\/11\/pic-nuit-760x570.jpg 760w, https:\/\/carrefourdespatrimoines.fr\/wp-content\/uploads\/2021\/11\/pic-nuit-600x450.jpg 600w\" sizes=\"auto, (max-width: 800px) 100vw, 800px\" \/>\t\t\t\t\t\t\t\t\t\t\t\t\t\t<\/div>\n\t\t\t\t\t\t<\/div>\n\t\t\t\t<\/div>\n\t\t\t\t\t\t<\/div>\n\t\t\t\t\t<\/div>\n\t\t<\/div>\n\t\t\t\t\t\t\t\t<\/div>\n\t\t\t\t\t<\/div>\n\t\t<\/section>\n\t\t\t\t<section class=\"elementor-section elementor-top-section elementor-element elementor-element-7f32898 elementor-section-boxed elementor-section-height-default elementor-section-height-default sc_fly_static\" data-id=\"7f32898\" data-element_type=\"section\">\n\t\t\t\t\t\t<div class=\"elementor-container elementor-column-gap-extended\">\n\t\t\t\t\t\t\t<div class=\"elementor-row\">\n\t\t\t\t\t<div class=\"elementor-column elementor-col-100 elementor-top-column elementor-element elementor-element-0a6fab6 sc_inner_width_none sc_content_align_inherit sc_layouts_column_icons_position_left sc_fly_static\" data-id=\"0a6fab6\" data-element_type=\"column\">\n\t\t\t<div class=\"elementor-column-wrap elementor-element-populated\">\n\t\t\t\t\t\t\t<div class=\"elementor-widget-wrap\">\n\t\t\t\t\t\t<div class=\"elementor-element elementor-element-957fe8e animation_type_block sc_fly_static elementor-widget elementor-widget-text-editor\" data-id=\"957fe8e\" data-element_type=\"widget\" data-widget_type=\"text-editor.default\">\n\t\t\t\t<div class=\"elementor-widget-container\">\n\t\t\t\t\t\t\t\t<div class=\"elementor-text-editor elementor-clearfix\">\n\t\t\t\t<p><span style=\"color: #333333; font-family: inpiregular, Helvetica, Arial, sans-serif; font-size: 10px; font-style: normal; font-weight: 400; letter-spacing: normal;\">\u00a9 valleesdegavarnie.com<br \/><\/span><\/p>\t\t\t\t\t<\/div>\n\t\t\t\t\t\t<\/div>\n\t\t\t\t<\/div>\n\t\t\t\t\t\t<\/div>\n\t\t\t\t\t<\/div>\n\t\t<\/div>\n\t\t\t\t\t\t\t\t<\/div>\n\t\t\t\t\t<\/div>\n\t\t<\/section>\n\t\t\t\t\t\t\t\t\t<\/div>\n\t\t\t<\/div>\n\t\t\t\t\t<\/div>\n\t\t","protected":false},"excerpt":{"rendered":"<p>Sommet situ\u00e9 en avant de la cha\u00eene des Pyr\u00e9n\u00e9es, il impressionne depuis plusieurs si\u00e8cles ; de nombreux Campanois, les \u00ab\u00a0porteurs du Pic\u00a0\u00bb, ont particip\u00e9 \u00e0 la construction de son Observatoire&hellip;<\/p>\n","protected":false},"author":1,"featured_media":3041,"comment_status":"closed","ping_status":"closed","template":"","cpt_portfolio_group":[36],"class_list":["post-3038","cpt_portfolio","type-cpt_portfolio","status-publish","has-post-thumbnail","hentry","cpt_portfolio_group-amis"],"_links":{"self":[{"href":"https:\/\/carrefourdespatrimoines.fr\/index.php?rest_route=\/wp\/v2\/cpt_portfolio\/3038","targetHints":{"allow":["GET"]}}],"collection":[{"href":"https:\/\/carrefourdespatrimoines.fr\/index.php?rest_route=\/wp\/v2\/cpt_portfolio"}],"about":[{"href":"https:\/\/carrefourdespatrimoines.fr\/index.php?rest_route=\/wp\/v2\/types\/cpt_portfolio"}],"author":[{"embeddable":true,"href":"https:\/\/carrefourdespatrimoines.fr\/index.php?rest_route=\/wp\/v2\/users\/1"}],"replies":[{"embeddable":true,"href":"https:\/\/carrefourdespatrimoines.fr\/index.php?rest_route=%2Fwp%2Fv2%2Fcomments&post=3038"}],"version-history":[{"count":26,"href":"https:\/\/carrefourdespatrimoines.fr\/index.php?rest_route=\/wp\/v2\/cpt_portfolio\/3038\/revisions"}],"predecessor-version":[{"id":4049,"href":"https:\/\/carrefourdespatrimoines.fr\/index.php?rest_route=\/wp\/v2\/cpt_portfolio\/3038\/revisions\/4049"}],"wp:featuredmedia":[{"embeddable":true,"href":"https:\/\/carrefourdespatrimoines.fr\/index.php?rest_route=\/wp\/v2\/media\/3041"}],"wp:attachment":[{"href":"https:\/\/carrefourdespatrimoines.fr\/index.php?rest_route=%2Fwp%2Fv2%2Fmedia&parent=3038"}],"wp:term":[{"taxonomy":"cpt_portfolio_group","embeddable":true,"href":"https:\/\/carrefourdespatrimoines.fr\/index.php?rest_route=%2Fwp%2Fv2%2Fcpt_portfolio_group&post=3038"}],"curies":[{"name":"wp","href":"https:\/\/api.w.org\/{rel}","templated":true}]}}